{"id":719,"date":"2022-12-02T22:17:09","date_gmt":"2022-12-02T22:17:09","guid":{"rendered":"http:\/\/investinalentejo.pt\/en\/?page_id=719"},"modified":"2023-08-29T12:24:03","modified_gmt":"2023-08-29T12:24:03","slug":"eventos","status":"publish","type":"page","link":"https:\/\/investinalentejo.pt\/en\/noticias-e-eventos\/eventos\/","title":{"rendered":"Events"},"content":{"rendered":"\t\t<div data-elementor-type=\"wp-page\" data-elementor-id=\"719\" class=\"elementor elementor-719\">\n\t\t\t\t\t\t\t\t\t<section class=\"elementor-section elementor-top-section elementor-element elementor-element-1216352 elementor-section-boxed elementor-section-height-default elementor-section-height-default\" data-id=\"1216352\" data-element_type=\"section\">\n\t\t\t\t\t\t<div class=\"elementor-container elementor-column-gap-default\">\n\t\t\t\t\t<div class=\"elementor-column elementor-col-100 elementor-top-column elementor-element elementor-element-694cbb0\" data-id=\"694cbb0\" data-element_type=\"column\">\n\t\t\t<div class=\"elementor-widget-wrap elementor-element-populated\">\n\t\t\t\t\t\t\t\t<div class=\"elementor-element elementor-element-6ca03dc elementor-widget elementor-widget-heading\" data-id=\"6ca03dc\" data-element_type=\"widget\" data-widget_type=\"heading.default\">\n\t\t\t\t<div class=\"elementor-widget-container\">\n\t\t\t<style>\/*! elementor - v3.16.0 - 12-09-2023 *\/\n.elementor-heading-title{padding:0;margin:0;line-height:1}.elementor-widget-heading .elementor-heading-title[class*=elementor-size-]>a{color:inherit;font-size:inherit;line-height:inherit}.elementor-widget-heading .elementor-heading-title.elementor-size-small{font-size:15px}.elementor-widget-heading .elementor-heading-title.elementor-size-medium{font-size:19px}.elementor-widget-heading .elementor-heading-title.elementor-size-large{font-size:29px}.elementor-widget-heading .elementor-heading-title.elementor-size-xl{font-size:39px}.elementor-widget-heading .elementor-heading-title.elementor-size-xxl{font-size:59px}<\/style><h3 class=\"elementor-heading-title elementor-size-default\">Join this mission<\/h3>\t\t<\/div>\n\t\t\t\t<\/div>\n\t\t\t\t\t<\/div>\n\t\t<\/div>\n\t\t\t\t\t\t\t<\/div>\n\t\t<\/section>\n\t\t\t\t<section class=\"elementor-section elementor-top-section elementor-element elementor-element-8559b8f elementor-section-boxed elementor-section-height-default elementor-section-height-default\" data-id=\"8559b8f\" data-element_type=\"section\">\n\t\t\t\t\t\t<div class=\"elementor-container elementor-column-gap-default\">\n\t\t\t\t\t<div class=\"elementor-column elementor-col-100 elementor-top-column elementor-element elementor-element-aa38098\" data-id=\"aa38098\" data-element_type=\"column\">\n\t\t\t<div class=\"elementor-widget-wrap elementor-element-populated\">\n\t\t\t\t\t\t\t\t<div class=\"elementor-element elementor-element-0bead00 elementor-widget elementor-widget-heading\" data-id=\"0bead00\" data-element_type=\"widget\" data-widget_type=\"heading.default\">\n\t\t\t\t<div class=\"elementor-widget-container\">\n\t\t\t<h3 class=\"elementor-heading-title elementor-size-default\">Previous missions<\/h3>\t\t<\/div>\n\t\t\t\t<\/div>\n\t\t\t\t<div class=\"elementor-element elementor-element-f903666 elementor-widget elementor-widget-shortcode\" data-id=\"f903666\" data-element_type=\"widget\" data-widget_type=\"shortcode.default\">\n\t\t\t\t<div class=\"elementor-widget-container\">\n\t\t\t\t\t<div class=\"elementor-shortcode\">\n\t<div class=\"row\">\n\n\n\t\t<div class=\"col-xs-12 col-sm-12 col-md-4 col-lg-4\">\n\t\t\t<div class=\"card mb-3 card-event\">\n\t\t\t\t\t\t\t\t\t<img loading=\"lazy\" decoding=\"async\" width=\"917\" height=\"543\" src=\"https:\/\/investinalentejo.pt\/en\/wp-content\/uploads\/2022\/12\/1-european-industry-energy-summit.png\" class=\"card-img-top mb-3 wp-post-image\" alt=\"European Industry &#038; Energy Summit\" \/>\t\t\t\t\n\t\t\t\t<div class=\"card-body\">\n\t\t\t\t\t<h3>European Industry &#038; Energy Summit<\/h3>\n\t\t\t\t\t<p class=\"local\">Brightlands Chemelot Campus, <\/p>\n\t\t\t\t\t<p>We attended the European Industry &amp; Energy Summit, with partner aicep Global Parques, as a consequence of our visit to the Chemelot Industrial Park in October.<\/p>\n\t\t\t\t\t<p class=\"url\">\n\t\t\t\t\t\t<a href=\"https:\/\/www.industryandenergy.eu\/\" target=\"_blank\" class=\"btn btn-inverse\">Learn more<\/a>\n\t\t\t\t\t<\/p>\n\t\t\t\t<\/div>\n\t\t\t<\/div>\n\t\t<\/div>\n\n\n\t\t<div class=\"col-xs-12 col-sm-12 col-md-4 col-lg-4\">\n\t\t\t<div class=\"card mb-3 card-event\">\n\t\t\t\t\t\t\t\t\t<img loading=\"lazy\" decoding=\"async\" width=\"917\" height=\"543\" src=\"https:\/\/investinalentejo.pt\/en\/wp-content\/uploads\/2022\/12\/2-roadshow-turismo.png\" class=\"card-img-top mb-3 wp-post-image\" alt=\"Roadshow through Brazil\" \/>\t\t\t\t\n\t\t\t\t<div class=\"card-body\">\n\t\t\t\t\t<h3>Roadshow through Brazil<\/h3>\n\t\t\t\t\t<p class=\"local\">Brasil, <\/p>\n\t\t\t\t\t<p>Showcasing Alentejo\u2019s tourist offer on a roadshow through S\u00e3o Paulo and Rio de Janeiro, with ARPTA &#8211; Turismo do Alentejo.<\/p>\n\t\t\t\t\t<p class=\"url\">\n\t\t\t\t\t\t<a href=\"https:\/\/www.linkedin.com\/company\/invest-in-alentejo\/\" target=\"_blank\" class=\"btn btn-inverse\">Learn more<\/a>\n\t\t\t\t\t<\/p>\n\t\t\t\t<\/div>\n\t\t\t<\/div>\n\t\t<\/div>\n\n\n\t\t<div class=\"col-xs-12 col-sm-12 col-md-4 col-lg-4\">\n\t\t\t<div class=\"card mb-3 card-event\">\n\t\t\t\t\t\t\t\t\t<img loading=\"lazy\" decoding=\"async\" width=\"917\" height=\"542\" src=\"https:\/\/investinalentejo.pt\/en\/wp-content\/uploads\/2022\/12\/3-capacity-europe-2022.png\" class=\"card-img-top mb-3 wp-post-image\" alt=\"Capacity Europe 2022\" \/>\t\t\t\t\n\t\t\t\t<div class=\"card-body\">\n\t\t\t\t\t<h3>Capacity Europe 2022<\/h3>\n\t\t\t\t\t<p class=\"local\">Londres, <\/p>\n\t\t\t\t\t<p>We attended Europe\u2019s largest telecoms networking conference with aicep Global Parques to promote Sines Tech.<\/p>\n\t\t\t\t\t<p class=\"url\">\n\t\t\t\t\t\t<a href=\"https:\/\/www.capacitymedia.com\/\" target=\"_blank\" class=\"btn btn-inverse\">Learn more<\/a>\n\t\t\t\t\t<\/p>\n\t\t\t\t<\/div>\n\t\t\t<\/div>\n\t\t<\/div>\n\n\n\t\t<div class=\"col-xs-12 col-sm-12 col-md-4 col-lg-4\">\n\t\t\t<div class=\"card mb-3 card-event\">\n\t\t\t\t\t\t\t\t\t<img loading=\"lazy\" decoding=\"async\" width=\"917\" height=\"543\" src=\"https:\/\/investinalentejo.pt\/en\/wp-content\/uploads\/2022\/12\/4-visit-to-the-chemelot-park.png\" class=\"card-img-top mb-3 wp-post-image\" alt=\"Visit to the Chemelot Industrial Park\" \/>\t\t\t\t\n\t\t\t\t<div class=\"card-body\">\n\t\t\t\t\t<h3>Visit to the Chemelot Industrial Park<\/h3>\n\t\t\t\t\t<p class=\"local\">Chemelot Industrial Park, <\/p>\n\t\t\t\t\t<p>Visit to Chemelot Industrial Park, with aicep Global Parques, for a knowledge exchange experience on management practices and models between both clusters.<\/p>\n\t\t\t\t\t<p class=\"url\">\n\t\t\t\t\t\t<a href=\"https:\/\/www.linkedin.com\/company\/invest-in-alentejo\/\" target=\"_blank\" class=\"btn btn-inverse\">Learn more<\/a>\n\t\t\t\t\t<\/p>\n\t\t\t\t<\/div>\n\t\t\t<\/div>\n\t\t<\/div>\n\n\n\t\t<div class=\"col-xs-12 col-sm-12 col-md-4 col-lg-4\">\n\t\t\t<div class=\"card mb-3 card-event\">\n\t\t\t\t\t\t\t\t\t<img loading=\"lazy\" decoding=\"async\" width=\"917\" height=\"542\" src=\"https:\/\/investinalentejo.pt\/en\/wp-content\/uploads\/2022\/12\/5-portugal-air-summit-2022.png\" class=\"card-img-top mb-3 wp-post-image\" alt=\"Portugal Air Summit 2022\" \/>\t\t\t\t\n\t\t\t\t<div class=\"card-body\">\n\t\t\t\t\t<h3>Portugal Air Summit 2022<\/h3>\n\t\t\t\t\t<p class=\"local\">Ponte de Sor, <\/p>\n\t\t\t\t\t<p>Attended Portugal Air Summit 2022, the biggest aeronautical summit on the Iberian Peninsula, organized by our partner Ponte de Sor Municipality.<\/p>\n\t\t\t\t\t<p class=\"url\">\n\t\t\t\t\t\t<a href=\"https:\/\/portugalairsummit.pt\/\" target=\"_blank\" class=\"btn btn-inverse\">Learn more<\/a>\n\t\t\t\t\t<\/p>\n\t\t\t\t<\/div>\n\t\t\t<\/div>\n\t\t<\/div>\n\n\n\t\t<div class=\"col-xs-12 col-sm-12 col-md-4 col-lg-4\">\n\t\t\t<div class=\"card mb-3 card-event\">\n\t\t\t\t\t\t\t\t\t<img loading=\"lazy\" decoding=\"async\" width=\"917\" height=\"543\" src=\"https:\/\/investinalentejo.pt\/en\/wp-content\/uploads\/2022\/12\/6-gastech-milan.png\" class=\"card-img-top mb-3 wp-post-image\" alt=\"Gastech\" \/>\t\t\t\t\n\t\t\t\t<div class=\"card-body\">\n\t\t\t\t\t<h3>Gastech<\/h3>\n\t\t\t\t\t<p class=\"local\">Milan, <\/p>\n\t\t\t\t\t<p>Attended Gastech 2022, with aicep Global Parques, to present Sines Hydrogen Valley.<\/p>\n\t\t\t\t\t<p class=\"url\">\n\t\t\t\t\t\t<a href=\"https:\/\/www.gastechevent.com\/\" target=\"_blank\" class=\"btn btn-inverse\">Learn more<\/a>\n\t\t\t\t\t<\/p>\n\t\t\t\t<\/div>\n\t\t\t<\/div>\n\t\t<\/div>\n\n\n\t\t<div class=\"col-xs-12 col-sm-12 col-md-4 col-lg-4\">\n\t\t\t<div class=\"card mb-3 card-event\">\n\t\t\t\t\t\t\t\t\t<img loading=\"lazy\" decoding=\"async\" width=\"917\" height=\"543\" src=\"https:\/\/investinalentejo.pt\/en\/wp-content\/uploads\/2022\/12\/7-japan-energy-summit.png\" class=\"card-img-top mb-3 wp-post-image\" alt=\"Japan Energy Summit\" \/>\t\t\t\t\n\t\t\t\t<div class=\"card-body\">\n\t\t\t\t\t<h3>Japan Energy Summit<\/h3>\n\t\t\t\t\t<p class=\"local\">Tokyo, <\/p>\n\t\t\t\t\t<p>Presenting Sines Hydrogen Valley at Japan Energy Summit with aicep Global Parques<\/p>\n\t\t\t\t\t<p class=\"url\">\n\t\t\t\t\t\t<a href=\"https:\/\/www.japanenergyevent.com\/\" target=\"_blank\" class=\"btn btn-inverse\">Learn more<\/a>\n\t\t\t\t\t<\/p>\n\t\t\t\t<\/div>\n\t\t\t<\/div>\n\t\t<\/div>\n\n\n\t\t<div class=\"col-xs-12 col-sm-12 col-md-4 col-lg-4\">\n\t\t\t<div class=\"card mb-3 card-event\">\n\t\t\t\t\t\t\t\t\t<img loading=\"lazy\" decoding=\"async\" width=\"917\" height=\"543\" src=\"https:\/\/investinalentejo.pt\/en\/wp-content\/uploads\/2022\/12\/8-farnborough-international-airshow.png\" class=\"card-img-top mb-3 wp-post-image\" alt=\"Farnborough International Airshow\" \/>\t\t\t\t\n\t\t\t\t<div class=\"card-body\">\n\t\t\t\t\t<h3>Farnborough International Airshow<\/h3>\n\t\t\t\t\t<p class=\"local\">London, <\/p>\n\t\t\t\t\t<p>Attended Farnborough International Airshow, with Ponte de Sor Municipality, to promote its aeronautical cluster and Portugal Air Summit, taking place in October.<\/p>\n\t\t\t\t\t<p class=\"url\">\n\t\t\t\t\t\t<a href=\"https:\/\/www.farnboroughairshow.com\/\" target=\"_blank\" class=\"btn btn-inverse\">Learn more<\/a>\n\t\t\t\t\t<\/p>\n\t\t\t\t<\/div>\n\t\t\t<\/div>\n\t\t<\/div>\n\n\n\t\t<div class=\"col-xs-12 col-sm-12 col-md-4 col-lg-4\">\n\t\t\t<div class=\"card mb-3 card-event\">\n\t\t\t\t\t\t\t\t\t<img loading=\"lazy\" decoding=\"async\" width=\"917\" height=\"543\" src=\"https:\/\/investinalentejo.pt\/en\/wp-content\/uploads\/2022\/12\/9-connecting-europe-days.png\" class=\"card-img-top mb-3 wp-post-image\" alt=\"ConnectingEurope Days\" \/>\t\t\t\t\n\t\t\t\t<div class=\"card-body\">\n\t\t\t\t\t<h3>ConnectingEurope Days<\/h3>\n\t\t\t\t\t<p class=\"local\">Lyon, <\/p>\n\t\t\t\t\t<p>Attended Europe\u2019s mobility flagship event with aicep Global Parques.<\/p>\n\t\t\t\t\t<p class=\"url\">\n\t\t\t\t\t\t<a href=\"https:\/\/transport.ec.europa.eu\/connectingeuropedays_en\" target=\"_blank\" class=\"btn btn-inverse\">Learn more<\/a>\n\t\t\t\t\t<\/p>\n\t\t\t\t<\/div>\n\t\t\t<\/div>\n\t\t<\/div>\n\n\n\t\t<div class=\"col-xs-12 col-sm-12 col-md-4 col-lg-4\">\n\t\t\t<div class=\"card mb-3 card-event\">\n\t\t\t\t\t\t\t\t\t<img loading=\"lazy\" decoding=\"async\" width=\"917\" height=\"542\" src=\"https:\/\/investinalentejo.pt\/en\/wp-content\/uploads\/2022\/12\/10-cc-submarine-summit-2022.png\" class=\"card-img-top mb-3 wp-post-image\" alt=\"CC-SubMarine Summit 2022\" \/>\t\t\t\t\n\t\t\t\t<div class=\"card-body\">\n\t\t\t\t\t<h3>CC-SubMarine Summit 2022<\/h3>\n\t\t\t\t\t<p class=\"local\">Lisbon, <\/p>\n\t\t\t\t\t<p>Presenting Sines Tech &#8211; Innovation &amp; Data Center Hub, at CC-SubMarine Summit, in Lisbon, with aicep Global Parques.<\/p>\n\t\t\t\t\t<p class=\"url\">\n\t\t\t\t\t\t<a href=\"https:\/\/www.linkedin.com\/company\/invest-in-alentejo\/\" target=\"_blank\" class=\"btn btn-inverse\">Learn more<\/a>\n\t\t\t\t\t<\/p>\n\t\t\t\t<\/div>\n\t\t\t<\/div>\n\t\t<\/div>\n\n\n\t\t<div class=\"col-xs-12 col-sm-12 col-md-4 col-lg-4\">\n\t\t\t<div class=\"card mb-3 card-event\">\n\t\t\t\t\t\t\t\t\t<img loading=\"lazy\" decoding=\"async\" width=\"917\" height=\"543\" src=\"https:\/\/investinalentejo.pt\/en\/wp-content\/uploads\/2022\/12\/11-submarine-networks-emea.png\" class=\"card-img-top mb-3 wp-post-image\" alt=\"SubMarine Networks EMEA\" \/>\t\t\t\t\n\t\t\t\t<div class=\"card-body\">\n\t\t\t\t\t<h3>SubMarine Networks EMEA<\/h3>\n\t\t\t\t\t<p class=\"local\">Londres, <\/p>\n\t\t\t\t\t<p>Presen\u00e7a na SubMarine Networks EMEA, atrav\u00e9s do parceiro aicep Global Parques, para promo\u00e7\u00e3o do Sines Tech &#8211; Innovation &amp;amp; Data Center Hub.<\/p>\n\t\t\t\t\t<p class=\"url\">\n\t\t\t\t\t\t<a href=\"https:\/\/www.terrapinn.com\/conference\/submarine-networks-world-europe\/index.stm\" target=\"_blank\" class=\"btn btn-inverse\">Learn more<\/a>\n\t\t\t\t\t<\/p>\n\t\t\t\t<\/div>\n\t\t\t<\/div>\n\t\t<\/div>\n\n\n\t\t<div class=\"col-xs-12 col-sm-12 col-md-4 col-lg-4\">\n\t\t\t<div class=\"card mb-3 card-event\">\n\t\t\t\t\t\t\t\t\t<img loading=\"lazy\" decoding=\"async\" width=\"917\" height=\"543\" src=\"https:\/\/investinalentejo.pt\/en\/wp-content\/uploads\/2022\/12\/12-green-hydrogen-summit.png\" class=\"card-img-top mb-3 wp-post-image\" alt=\"Green Hydrogen Summit\" \/>\t\t\t\t\n\t\t\t\t<div class=\"card-body\">\n\t\t\t\t\t<h3>Green Hydrogen Summit<\/h3>\n\t\t\t\t\t<p class=\"local\">Lisbon, <\/p>\n\t\t\t\t\t<p>Presenting Sines\u2019 energetic hub at the Green Hydrogen Summit with aicep Global Parques.<\/p>\n\t\t\t\t\t<p class=\"url\">\n\t\t\t\t\t\t<a href=\"https:\/\/greenhydrogen.solarenergyevents.com\/\" target=\"_blank\" class=\"btn btn-inverse\">Learn more<\/a>\n\t\t\t\t\t<\/p>\n\t\t\t\t<\/div>\n\t\t\t<\/div>\n\t\t<\/div>\n\n\n\t\t<div class=\"col-xs-12 col-sm-12 col-md-4 col-lg-4\">\n\t\t\t<div class=\"card mb-3 card-event\">\n\t\t\t\t\t\t\t\t\t<img loading=\"lazy\" decoding=\"async\" width=\"1024\" height=\"533\" src=\"https:\/\/investinalentejo.pt\/en\/wp-content\/uploads\/2022\/12\/news_events_13-1024x533.png\" class=\"card-img-top mb-3 wp-post-image\" alt=\"Agro-industry international mission\" srcset=\"https:\/\/investinalentejo.pt\/en\/wp-content\/uploads\/2022\/12\/news_events_13-1024x533.png 1024w, https:\/\/investinalentejo.pt\/en\/wp-content\/uploads\/2022\/12\/news_events_13-300x156.png 300w, https:\/\/investinalentejo.pt\/en\/wp-content\/uploads\/2022\/12\/news_events_13-768x400.png 768w, https:\/\/investinalentejo.pt\/en\/wp-content\/uploads\/2022\/12\/news_events_13.png 1084w\" sizes=\"auto, (max-width: 1024px) 100vw, 1024px\" \/>\t\t\t\t\n\t\t\t\t<div class=\"card-body\">\n\t\t\t\t\t<h3>Agro-industry international mission<\/h3>\n\t\t\t\t\t<p class=\"local\">Netherlands, <\/p>\n\t\t\t\t\t<p>Traveled to the Netherlands with our partner EDIA &#8211; Empresa de Desenvolvimento e Infra-estruturas do Alqueva, S.A., to promote the Alqueva and Alentejo\u2019s potential to welcome agribusinesses, through strategic visits and meetings.<\/p>\n\t\t\t\t\t<p class=\"url\">\n\t\t\t\t\t\t<a href=\"https:\/\/www.linkedin.com\/company\/invest-in-alentejo\/\" target=\"_blank\" class=\"btn btn-inverse\">Learn more<\/a>\n\t\t\t\t\t<\/p>\n\t\t\t\t<\/div>\n\t\t\t<\/div>\n\t\t<\/div>\n\n\n\t\t<div class=\"col-xs-12 col-sm-12 col-md-4 col-lg-4\">\n\t\t\t<div class=\"card mb-3 card-event\">\n\t\t\t\t\t\t\t\t\t<img loading=\"lazy\" decoding=\"async\" width=\"917\" height=\"543\" src=\"https:\/\/investinalentejo.pt\/en\/wp-content\/uploads\/2022\/12\/13-us-and-canada-international-mission.png\" class=\"card-img-top mb-3 wp-post-image\" alt=\"US and Canada International Mission\" \/>\t\t\t\t\n\t\t\t\t<div class=\"card-body\">\n\t\t\t\t\t<h3>US and Canada International Mission<\/h3>\n\t\t\t\t\t<p class=\"local\">US and Canada, <\/p>\n\t\t\t\t\t<p>Roadshow through US and Canada to showcase Alentejo\u2019s touristic offer to a strategic market for the region, partnering with ARPTA &#8211; Turismo do Alentejo.<\/p>\n\t\t\t\t\t<p class=\"url\">\n\t\t\t\t\t\t<a href=\"https:\/\/www.linkedin.com\/company\/invest-in-alentejo\/\" target=\"_blank\" class=\"btn btn-inverse\">Learn more<\/a>\n\t\t\t\t\t<\/p>\n\t\t\t\t<\/div>\n\t\t\t<\/div>\n\t\t<\/div>\n\n\n\t\t<div class=\"col-xs-12 col-sm-12 col-md-4 col-lg-4\">\n\t\t\t<div class=\"card mb-3 card-event\">\n\t\t\t\t\t\t\t\t\t<img loading=\"lazy\" decoding=\"async\" width=\"917\" height=\"543\" src=\"https:\/\/investinalentejo.pt\/en\/wp-content\/uploads\/2022\/12\/14-intermodal-sao-paulo.png\" class=\"card-img-top mb-3 wp-post-image\" alt=\"Intermodal South America 2022\" \/>\t\t\t\t\n\t\t\t\t<div class=\"card-body\">\n\t\t\t\t\t<h3>Intermodal South America 2022<\/h3>\n\t\t\t\t\t<p class=\"local\">S\u00e3o Paulo, <\/p>\n\t\t\t\t\t<p>Presenting the Port of Sines as a strategic gateway to Europe in one of the largest events for the logistics sector, with APS &#8211; Administra\u00e7\u00e3o dos Portos de Sines e do Algarve and aicep Global Parques.<\/p>\n\t\t\t\t\t<p class=\"url\">\n\t\t\t\t\t\t<a href=\"https:\/\/www.intermodal.com.br\/pt\/home.html\" target=\"_blank\" class=\"btn btn-inverse\">Learn more<\/a>\n\t\t\t\t\t<\/p>\n\t\t\t\t<\/div>\n\t\t\t<\/div>\n\t\t<\/div>\n\n\n\t\t<div class=\"col-xs-12 col-sm-12 col-md-4 col-lg-4\">\n\t\t\t<div class=\"card mb-3 card-event\">\n\t\t\t\t\t\t\t\t\t<img loading=\"lazy\" decoding=\"async\" width=\"917\" height=\"543\" src=\"https:\/\/investinalentejo.pt\/en\/wp-content\/uploads\/2022\/12\/15-expo-dubai.png\" class=\"card-img-top mb-3 wp-post-image\" alt=\"Expo Dubai\" \/>\t\t\t\t\n\t\t\t\t<div class=\"card-body\">\n\t\t\t\t\t<h3>Expo Dubai<\/h3>\n\t\t\t\t\t<p class=\"local\">Dubai, <\/p>\n\t\t\t\t\t<p>Alentejo\u2019s biggest internationalization mission united all of our partners to promote the region\u2019s economic potential and advantages to the attraction of foreign investment. During this week the partners had several presentations and strategic meetings to promote themselves and Alentejo.<\/p>\n\t\t\t\t\t<p class=\"url\">\n\t\t\t\t\t\t<a href=\"https:\/\/www.linkedin.com\/company\/invest-in-alentejo\/\" target=\"_blank\" class=\"btn btn-inverse\">Learn more<\/a>\n\t\t\t\t\t<\/p>\n\t\t\t\t<\/div>\n\t\t\t<\/div>\n\t\t<\/div>\n\n\n\t\t<div class=\"col-xs-12 col-sm-12 col-md-4 col-lg-4\">\n\t\t\t<div class=\"card mb-3 card-event\">\n\t\t\t\t\t\t\t\t\t<img loading=\"lazy\" decoding=\"async\" width=\"917\" height=\"543\" src=\"https:\/\/investinalentejo.pt\/en\/wp-content\/uploads\/2022\/12\/16-sines-tech.png\" class=\"card-img-top mb-3 wp-post-image\" alt=\"Encontros na ZILS: Sines Tech, EU-Atlantic Data Gateway Platform\" \/>\t\t\t\t\n\t\t\t\t<div class=\"card-body\">\n\t\t\t\t\t<h3>Encontros na ZILS: Sines Tech, EU-Atlantic Data Gateway Platform<\/h3>\n\t\t\t\t\t<p class=\"local\">Sines, <\/p>\n\t\t\t\t\t<p>Conference promoted by aicep Global Parques and ADRAL &#8211; Alentejo Regional Development Agency, to announce a number of projects being installed in Sines for the digital sector.<\/p>\n\t\t\t\t\t<p class=\"url\">\n\t\t\t\t\t\t<a href=\"https:\/\/globalparques.pt\/noticias\/encontros-na-zils-sines-tech-eu-atlantic-data-gateway-platform\/\" target=\"_blank\" class=\"btn btn-inverse\">Learn more<\/a>\n\t\t\t\t\t<\/p>\n\t\t\t\t<\/div>\n\t\t\t<\/div>\n\t\t<\/div>\n\n\n\t\t<div class=\"col-xs-12 col-sm-12 col-md-4 col-lg-4\">\n\t\t\t<div class=\"card mb-3 card-event\">\n\t\t\t\t\t\t\t\t\t<img loading=\"lazy\" decoding=\"async\" width=\"917\" height=\"542\" src=\"https:\/\/investinalentejo.pt\/en\/wp-content\/uploads\/2022\/12\/17-energia-sul.png\" class=\"card-img-top mb-3 wp-post-image\" alt=\"Encontros na ZILS: Energia Sul\" \/>\t\t\t\t\n\t\t\t\t<div class=\"card-body\">\n\t\t\t\t\t<h3>Encontros na ZILS: Energia Sul<\/h3>\n\t\t\t\t\t<p class=\"local\">Sines, <\/p>\n\t\t\t\t\t<p>Promotion of a conference, with aicep Global Parques, to present Sines\u2019 competitive advantages as Portugal\u2019s energetic hub.<\/p>\n\t\t\t\t\t<p class=\"url\">\n\t\t\t\t\t\t<a href=\"https:\/\/www.linkedin.com\/company\/invest-in-alentejo\/\" target=\"_blank\" class=\"btn btn-inverse\">Learn more<\/a>\n\t\t\t\t\t<\/p>\n\t\t\t\t<\/div>\n\t\t\t<\/div>\n\t\t<\/div>\n\n\n\t\t<div class=\"col-xs-12 col-sm-12 col-md-4 col-lg-4\">\n\t\t\t<div class=\"card mb-3 card-event\">\n\t\t\t\t\t\t\t\t\t<img loading=\"lazy\" decoding=\"async\" width=\"917\" height=\"543\" src=\"https:\/\/investinalentejo.pt\/en\/wp-content\/uploads\/2022\/12\/18-dubai-air-show-2021.png\" class=\"card-img-top mb-3 wp-post-image\" alt=\"Dubai Air Show\" \/>\t\t\t\t\n\t\t\t\t<div class=\"card-body\">\n\t\t\t\t\t<h3>Dubai Air Show<\/h3>\n\t\t\t\t\t<p class=\"local\">Dubai, <\/p>\n\t\t\t\t\t<p>Promoting Ponte de Sor\u2019s aeronautical cluster at Dubai Air Show, with Ponte de Sor Municipality.<\/p>\n\t\t\t\t\t<p class=\"url\">\n\t\t\t\t\t\t<a href=\"https:\/\/www.dubaiairshow.aero\/\" target=\"_blank\" class=\"btn btn-inverse\">Learn more<\/a>\n\t\t\t\t\t<\/p>\n\t\t\t\t<\/div>\n\t\t\t<\/div>\n\t\t<\/div>\n\n\n\t\t<div class=\"col-xs-12 col-sm-12 col-md-4 col-lg-4\">\n\t\t\t<div class=\"card mb-3 card-event\">\n\t\t\t\t\t\t\t\t\t<img loading=\"lazy\" decoding=\"async\" width=\"917\" height=\"543\" src=\"https:\/\/investinalentejo.pt\/en\/wp-content\/uploads\/2022\/12\/19-capacity-europe-2021.png\" class=\"card-img-top mb-3 wp-post-image\" alt=\"Capacity Europe 2021\" \/>\t\t\t\t\n\t\t\t\t<div class=\"card-body\">\n\t\t\t\t\t<h3>Capacity Europe 2021<\/h3>\n\t\t\t\t\t<p class=\"local\">Londres, <\/p>\n\t\t\t\t\t<p>We attended Europe\u2019s largest telecoms networking conference with aicep Global Parques to promote Sines.<\/p>\n\t\t\t\t\t<p class=\"url\">\n\t\t\t\t\t\t<a href=\"https:\/\/www.capacitymedia.com\/\" target=\"_blank\" class=\"btn btn-inverse\">Learn more<\/a>\n\t\t\t\t\t<\/p>\n\t\t\t\t<\/div>\n\t\t\t<\/div>\n\t\t<\/div>\n\n\n\t\t<div class=\"col-xs-12 col-sm-12 col-md-4 col-lg-4\">\n\t\t\t<div class=\"card mb-3 card-event\">\n\t\t\t\t\t\t\t\t\t<img loading=\"lazy\" decoding=\"async\" width=\"917\" height=\"542\" src=\"https:\/\/investinalentejo.pt\/en\/wp-content\/uploads\/2022\/12\/20-portugal-air-summit-2021.png\" class=\"card-img-top mb-3 wp-post-image\" alt=\"Portugal Air Summit 2021\" \/>\t\t\t\t\n\t\t\t\t<div class=\"card-body\">\n\t\t\t\t\t<h3>Portugal Air Summit 2021<\/h3>\n\t\t\t\t\t<p class=\"local\">Ponte de Sor, <\/p>\n\t\t\t\t\t<p>Attended the largest aeronautical summit on the Iberian Peninsula, organized by our partner Ponte de Sor Municipality, reuniting the main players of the sector and promoting the region\u2019s cluster.<\/p>\n\t\t\t\t\t<p class=\"url\">\n\t\t\t\t\t\t<a href=\"https:\/\/portugalairsummit.pt\/\" target=\"_blank\" class=\"btn btn-inverse\">Learn more<\/a>\n\t\t\t\t\t<\/p>\n\t\t\t\t<\/div>\n\t\t\t<\/div>\n\t\t<\/div>\n\n\n\t\t<div class=\"col-xs-12 col-sm-12 col-md-4 col-lg-4\">\n\t\t\t<div class=\"card mb-3 card-event\">\n\t\t\t\t\t\t\t\t\t<img loading=\"lazy\" decoding=\"async\" width=\"917\" height=\"542\" src=\"https:\/\/investinalentejo.pt\/en\/wp-content\/uploads\/2022\/12\/21-submarine-networks.png\" class=\"card-img-top mb-3 wp-post-image\" alt=\"SubMarine Networks 2021\" \/>\t\t\t\t\n\t\t\t\t<div class=\"card-body\">\n\t\t\t\t\t<h3>SubMarine Networks 2021<\/h3>\n\t\t\t\t\t<p class=\"local\">Londres, <\/p>\n\t\t\t\t\t<p>Attended SubMarine Networks 2021, through our partner aicep Global Parques, to promote Sines as a strategic location for the digital sector.<\/p>\n\t\t\t\t\t<p class=\"url\">\n\t\t\t\t\t\t<a href=\"https:\/\/www.terrapinn.com\/conference\/submarine-networks-world-europe\/index.stm\" target=\"_blank\" class=\"btn btn-inverse\">Learn more<\/a>\n\t\t\t\t\t<\/p>\n\t\t\t\t<\/div>\n\t\t\t<\/div>\n\t\t<\/div>\n\n\n\t\t<div class=\"col-xs-12 col-sm-12 col-md-4 col-lg-4\">\n\t\t\t<div class=\"card mb-3 card-event\">\n\t\t\t\t\t\t\t\t\t<img loading=\"lazy\" decoding=\"async\" width=\"917\" height=\"543\" src=\"https:\/\/investinalentejo.pt\/en\/wp-content\/uploads\/2022\/12\/22-fitur.png\" class=\"card-img-top mb-3 wp-post-image\" alt=\"FITUR 2021\" \/>\t\t\t\t\n\t\t\t\t<div class=\"card-body\">\n\t\t\t\t\t<h3>FITUR 2021<\/h3>\n\t\t\t\t\t<p class=\"local\">Madrid, <\/p>\n\t\t\t\t\t<p>Attended one of the world\u2019s biggest events in the tourism sector to promote Alentejo\u2019s touristic offer with ARPTA.<\/p>\n\t\t\t\t\t<p class=\"url\">\n\t\t\t\t\t\t<a href=\"https:\/\/www.ifema.es\/en\/fitur\" target=\"_blank\" class=\"btn btn-inverse\">Learn more<\/a>\n\t\t\t\t\t<\/p>\n\t\t\t\t<\/div>\n\t\t\t<\/div>\n\t\t<\/div>\n\n\n\t\t<div class=\"col-xs-12 col-sm-12 col-md-4 col-lg-4\">\n\t\t\t<div class=\"card mb-3 card-event\">\n\t\t\t\t\t\t\t\t\t<img loading=\"lazy\" decoding=\"async\" width=\"917\" height=\"543\" src=\"https:\/\/investinalentejo.pt\/en\/wp-content\/uploads\/2022\/12\/23-futuro-paris-air-show.png\" class=\"card-img-top mb-3 wp-post-image\" alt=\"Paris Air Show 2023\" \/>\t\t\t\t\n\t\t\t\t<div class=\"card-body\">\n\t\t\t\t\t<h3>Paris Air Show 2023<\/h3>\n\t\t\t\t\t<p class=\"local\">Paris, <\/p>\n\t\t\t\t\t\t\t\t\t\t<p class=\"url\">\n\t\t\t\t\t\t<a href=\"https:\/\/www.siae.fr\/\" target=\"_blank\" class=\"btn btn-inverse\">Learn more<\/a>\n\t\t\t\t\t<\/p>\n\t\t\t\t<\/div>\n\t\t\t<\/div>\n\t\t<\/div>\n\n\n\t\t<div class=\"col-xs-12 col-sm-12 col-md-4 col-lg-4\">\n\t\t\t<div class=\"card mb-3 card-event\">\n\t\t\t\t\t\t\t\t\t<img loading=\"lazy\" decoding=\"async\" width=\"1024\" height=\"768\" src=\"https:\/\/investinalentejo.pt\/en\/wp-content\/uploads\/2023\/08\/1--bruxelas.jpg\" class=\"card-img-top mb-3 wp-post-image\" alt=\"STRENGTHENING THE PRESENCE OF ALENTEJO IN THE HEART OF THE EUROPEAN UNION: 1st MISSION IN BRUSSELS\" srcset=\"https:\/\/investinalentejo.pt\/en\/wp-content\/uploads\/2023\/08\/1--bruxelas.jpg 1024w, https:\/\/investinalentejo.pt\/en\/wp-content\/uploads\/2023\/08\/1--bruxelas-300x225.jpg 300w, https:\/\/investinalentejo.pt\/en\/wp-content\/uploads\/2023\/08\/1--bruxelas-768x576.jpg 768w\" sizes=\"auto, (max-width: 1024px) 100vw, 1024px\" \/>\t\t\t\t\n\t\t\t\t<div class=\"card-body\">\n\t\t\t\t\t<h3>STRENGTHENING THE PRESENCE OF ALENTEJO IN THE HEART OF THE EUROPEAN UNION: 1st MISSION IN BRUSSELS<\/h3>\n\t\t\t\t\t<p class=\"local\">Bruxelas, <\/p>\n\t\t\t\t\t<p>\ud835\uddd7\ud835\uddee\ud835\uddfb\ud835\uddf6\ud835\uddf2\ud835\uddf9 \ud835\udddd\ud835\uddee\ud835\uddfb\ud835\uddf2\ud835\uddf6\ud835\uddff\ud835\uddfc, Coordinator of the Invest in Alentejo Project, concluded the first mission of preparatory work in order to reinforce the presence of Alentejo in the heart of the European Union, together with Portuguese Embassy in Brussels and aicep Portugal Global.<\/p>\n\t\t\t\t\t<p class=\"url\">\n\t\t\t\t\t\t<a href=\"https:\/\/www.facebook.com\/investinalentejobyadral\/posts\/pfbid0eDJDsNo85nJrv4LwfxcXwWk7o2YnM2y3wWJffeZp5At2te5BVDjy1dgjdDXmxGbTl\" target=\"_blank\" class=\"btn btn-inverse\">Learn more<\/a>\n\t\t\t\t\t<\/p>\n\t\t\t\t<\/div>\n\t\t\t<\/div>\n\t\t<\/div>\n\n\n\t\t<div class=\"col-xs-12 col-sm-12 col-md-4 col-lg-4\">\n\t\t\t<div class=\"card mb-3 card-event\">\n\t\t\t\t\t\t\t\t\t<img loading=\"lazy\" decoding=\"async\" width=\"1024\" height=\"768\" src=\"https:\/\/investinalentejo.pt\/en\/wp-content\/uploads\/2023\/08\/2--submarine-networks-1024x768.jpg\" class=\"card-img-top mb-3 wp-post-image\" alt=\"Submarine Networks EMEA\" srcset=\"https:\/\/investinalentejo.pt\/en\/wp-content\/uploads\/2023\/08\/2--submarine-networks-1024x768.jpg 1024w, https:\/\/investinalentejo.pt\/en\/wp-content\/uploads\/2023\/08\/2--submarine-networks-300x225.jpg 300w, https:\/\/investinalentejo.pt\/en\/wp-content\/uploads\/2023\/08\/2--submarine-networks-768x576.jpg 768w, https:\/\/investinalentejo.pt\/en\/wp-content\/uploads\/2023\/08\/2--submarine-networks-1536x1152.jpg 1536w, https:\/\/investinalentejo.pt\/en\/wp-content\/uploads\/2023\/08\/2--submarine-networks.jpg 1600w\" sizes=\"auto, (max-width: 1024px) 100vw, 1024px\" \/>\t\t\t\t\n\t\t\t\t<div class=\"card-body\">\n\t\t\t\t\t<h3>Submarine Networks EMEA<\/h3>\n\t\t\t\t\t<p class=\"local\">London, <\/p>\n\t\t\t\t\t<p>Promoting Sines Tech \u2013 Innovation &amp; Data Center Hub among the main technology companies in the world, in partnership with aicep Global Parques, EllaLink and Start Campus.<\/p>\n\t\t\t\t\t<p class=\"url\">\n\t\t\t\t\t\t<a href=\"https:\/\/www.submarinenetworks.com\/en\/events\/submarine-networks-emea\" target=\"_blank\" class=\"btn btn-inverse\">Learn more<\/a>\n\t\t\t\t\t<\/p>\n\t\t\t\t<\/div>\n\t\t\t<\/div>\n\t\t<\/div>\n\n\n\t\t<div class=\"col-xs-12 col-sm-12 col-md-4 col-lg-4\">\n\t\t\t<div class=\"card mb-3 card-event\">\n\t\t\t\t\t\t\t\t\t<img loading=\"lazy\" decoding=\"async\" width=\"1024\" height=\"768\" src=\"https:\/\/investinalentejo.pt\/en\/wp-content\/uploads\/2023\/08\/3--transport-logistic-1024x768.jpg\" class=\"card-img-top mb-3 wp-post-image\" alt=\"Transport Logistic 2023\" srcset=\"https:\/\/investinalentejo.pt\/en\/wp-content\/uploads\/2023\/08\/3--transport-logistic-1024x768.jpg 1024w, https:\/\/investinalentejo.pt\/en\/wp-content\/uploads\/2023\/08\/3--transport-logistic-300x225.jpg 300w, https:\/\/investinalentejo.pt\/en\/wp-content\/uploads\/2023\/08\/3--transport-logistic-768x576.jpg 768w, https:\/\/investinalentejo.pt\/en\/wp-content\/uploads\/2023\/08\/3--transport-logistic-1536x1152.jpg 1536w, https:\/\/investinalentejo.pt\/en\/wp-content\/uploads\/2023\/08\/3--transport-logistic.jpg 1600w\" sizes=\"auto, (max-width: 1024px) 100vw, 1024px\" \/>\t\t\t\t\n\t\t\t\t<div class=\"card-body\">\n\t\t\t\t\t<h3>Transport Logistic 2023<\/h3>\n\t\t\t\t\t<p class=\"local\">Munique, <\/p>\n\t\t\t\t\t<p>Promotion of ZILS\u2019 and the Alentejo\u2019s strategic advantages for hosting companies in the logistics sector, in partnership with aicep Global Parques.<\/p>\n\t\t\t\t\t<p class=\"url\">\n\t\t\t\t\t\t<a href=\"https:\/\/transportlogistic.de\/en\" target=\"_blank\" class=\"btn btn-inverse\">Learn more<\/a>\n\t\t\t\t\t<\/p>\n\t\t\t\t<\/div>\n\t\t\t<\/div>\n\t\t<\/div>\n\n\n\t\t<div class=\"col-xs-12 col-sm-12 col-md-4 col-lg-4\">\n\t\t\t<div class=\"card mb-3 card-event\">\n\t\t\t\t\t\t\t\t\t<img loading=\"lazy\" decoding=\"async\" width=\"1024\" height=\"768\" src=\"https:\/\/investinalentejo.pt\/en\/wp-content\/uploads\/2023\/08\/4--intermodal.jpg\" class=\"card-img-top mb-3 wp-post-image\" alt=\"Intermodal South America 2023\" srcset=\"https:\/\/investinalentejo.pt\/en\/wp-content\/uploads\/2023\/08\/4--intermodal.jpg 1024w, https:\/\/investinalentejo.pt\/en\/wp-content\/uploads\/2023\/08\/4--intermodal-300x225.jpg 300w, https:\/\/investinalentejo.pt\/en\/wp-content\/uploads\/2023\/08\/4--intermodal-768x576.jpg 768w\" sizes=\"auto, (max-width: 1024px) 100vw, 1024px\" \/>\t\t\t\t\n\t\t\t\t<div class=\"card-body\">\n\t\t\t\t\t<h3>Intermodal South America 2023<\/h3>\n\t\t\t\t\t<p class=\"local\">S\u00e3o Paulo, <\/p>\n\t\t\t\t\t<p>Participation in one of the most important events for the logistics, foreign trade and transport sector worldwide, in partnership with aicep Global Parques and APS \u2013 Administration of the Ports of Sines and the Algarve.<\/p>\n\t\t\t\t\t<p class=\"url\">\n\t\t\t\t\t\t<a href=\"https:\/\/www.intermodal.com.br\/en\/home.html\" target=\"_blank\" class=\"btn btn-inverse\">Learn more<\/a>\n\t\t\t\t\t<\/p>\n\t\t\t\t<\/div>\n\t\t\t<\/div>\n\t\t<\/div>\n\n\n\t\t<div class=\"col-xs-12 col-sm-12 col-md-4 col-lg-4\">\n\t\t\t<div class=\"card mb-3 card-event\">\n\t\t\t\t\t\t\t\t\t<img loading=\"lazy\" decoding=\"async\" width=\"1024\" height=\"1024\" src=\"https:\/\/investinalentejo.pt\/en\/wp-content\/uploads\/2023\/08\/5--fruit-logistica-1024x1024.jpg\" class=\"card-img-top mb-3 wp-post-image\" alt=\"Fruit Logistica 2023\" srcset=\"https:\/\/investinalentejo.pt\/en\/wp-content\/uploads\/2023\/08\/5--fruit-logistica-1024x1024.jpg 1024w, https:\/\/investinalentejo.pt\/en\/wp-content\/uploads\/2023\/08\/5--fruit-logistica-300x300.jpg 300w, https:\/\/investinalentejo.pt\/en\/wp-content\/uploads\/2023\/08\/5--fruit-logistica-150x150.jpg 150w, https:\/\/investinalentejo.pt\/en\/wp-content\/uploads\/2023\/08\/5--fruit-logistica-768x768.jpg 768w, https:\/\/investinalentejo.pt\/en\/wp-content\/uploads\/2023\/08\/5--fruit-logistica-125x125.jpg 125w, https:\/\/investinalentejo.pt\/en\/wp-content\/uploads\/2023\/08\/5--fruit-logistica.jpg 1200w\" sizes=\"auto, (max-width: 1024px) 100vw, 1024px\" \/>\t\t\t\t\n\t\t\t\t<div class=\"card-body\">\n\t\t\t\t\t<h3>Fruit Logistica 2023<\/h3>\n\t\t\t\t\t<p class=\"local\">Berlim, <\/p>\n\t\t\t\t\t<p>Promoting Sines\u2019 advantages for the export of fruit products and benchmarking of competing ports in this cargo segment, in partnership with APS \u2013 Administration of the Ports of Sines and the Algarve and with CPLS \u2013 Comunidade Portu\u00e1ria e Log\u00edstica de Sines.<\/p>\n\t\t\t\t\t<p class=\"url\">\n\t\t\t\t\t\t<a href=\"https:\/\/www.fruitlogistica.com\/en\/\" target=\"_blank\" class=\"btn btn-inverse\">Learn more<\/a>\n\t\t\t\t\t<\/p>\n\t\t\t\t<\/div>\n\t\t\t<\/div>\n\t\t<\/div>\n\n\t<\/div>\n\n<\/div>\n\t\t\t\t<\/div>\n\t\t\t\t<\/div>\n\t\t\t\t\t<\/div>\n\t\t<\/div>\n\t\t\t\t\t\t\t<\/div>\n\t\t<\/section>\n\t\t\t\t<section class=\"elementor-section elementor-top-section elementor-element elementor-element-d8384d9 elementor-section-stretched elementor-section-boxed elementor-section-height-default elementor-section-height-default\" data-id=\"d8384d9\" data-element_type=\"section\" data-settings=\"{&quot;stretch_section&quot;:&quot;section-stretched&quot;,&quot;background_background&quot;:&quot;classic&quot;}\">\n\t\t\t\t\t\t<div class=\"elementor-container elementor-column-gap-default\">\n\t\t\t\t\t<div class=\"elementor-column elementor-col-100 elementor-top-column elementor-element elementor-element-11a2857\" data-id=\"11a2857\" data-element_type=\"column\">\n\t\t\t<div class=\"elementor-widget-wrap elementor-element-populated\">\n\t\t\t\t\t\t\t\t<div class=\"elementor-element elementor-element-746d5a5 elementor-widget elementor-widget-heading\" data-id=\"746d5a5\" data-element_type=\"widget\" data-widget_type=\"heading.default\">\n\t\t\t\t<div class=\"elementor-widget-container\">\n\t\t\t<h3 class=\"elementor-heading-title elementor-size-default\">Pr\u00f3ximas miss\u00f5es<\/h3>\t\t<\/div>\n\t\t\t\t<\/div>\n\t\t\t\t<div class=\"elementor-element elementor-element-a469d96 elementor-widget elementor-widget-shortcode\" data-id=\"a469d96\" data-element_type=\"widget\" data-widget_type=\"shortcode.default\">\n\t\t\t\t<div class=\"elementor-widget-container\">\n\t\t\t\t\t<div class=\"elementor-shortcode\">\n\t<div class=\"row\">\n\n\t<\/div>\n\n<\/div>\n\t\t\t\t<\/div>\n\t\t\t\t<\/div>\n\t\t\t\t\t<\/div>\n\t\t<\/div>\n\t\t\t\t\t\t\t<\/div>\n\t\t<\/section>\n\t\t\t\t\t\t\t<\/div>\n\t\t","protected":false},"excerpt":{"rendered":"<p>Join this mission Previous missions Pr\u00f3ximas miss\u00f5es<\/p>\n","protected":false},"author":1,"featured_media":720,"parent":218,"menu_order":1,"comment_status":"closed","ping_status":"closed","template":"","meta":{"footnotes":""},"class_list":["post-719","page","type-page","status-publish","has-post-thumbnail","hentry"],"acf":[],"_links":{"self":[{"href":"https:\/\/investinalentejo.pt\/en\/wp-json\/wp\/v2\/pages\/719","targetHints":{"allow":["GET"]}}],"collection":[{"href":"https:\/\/investinalentejo.pt\/en\/wp-json\/wp\/v2\/pages"}],"about":[{"href":"https:\/\/investinalentejo.pt\/en\/wp-json\/wp\/v2\/types\/page"}],"author":[{"embeddable":true,"href":"https:\/\/investinalentejo.pt\/en\/wp-json\/wp\/v2\/users\/1"}],"replies":[{"embeddable":true,"href":"https:\/\/investinalentejo.pt\/en\/wp-json\/wp\/v2\/comments?post=719"}],"version-history":[{"count":26,"href":"https:\/\/investinalentejo.pt\/en\/wp-json\/wp\/v2\/pages\/719\/revisions"}],"predecessor-version":[{"id":2048,"href":"https:\/\/investinalentejo.pt\/en\/wp-json\/wp\/v2\/pages\/719\/revisions\/2048"}],"up":[{"embeddable":true,"href":"https:\/\/investinalentejo.pt\/en\/wp-json\/wp\/v2\/pages\/218"}],"wp:featuredmedia":[{"embeddable":true,"href":"https:\/\/investinalentejo.pt\/en\/wp-json\/wp\/v2\/media\/720"}],"wp:attachment":[{"href":"https:\/\/investinalentejo.pt\/en\/wp-json\/wp\/v2\/media?parent=719"}],"curies":[{"name":"wp","href":"https:\/\/api.w.org\/{rel}","templated":true}]}}