{"id":418,"date":"2022-11-29T21:56:10","date_gmt":"2022-11-29T21:56:10","guid":{"rendered":"http:\/\/investinalentejo.pt\/pt\/?page_id=418"},"modified":"2023-09-06T09:03:08","modified_gmt":"2023-09-06T09:03:08","slug":"rede-de-incubadoras-do-alentejo","status":"publish","type":"page","link":"https:\/\/investinalentejo.pt\/pt\/apoio-ao-investimento\/rede-de-incubadoras-do-alentejo\/","title":{"rendered":"Rede de Incubadoras do Alentejo"},"content":{"rendered":"\t\t<div data-elementor-type=\"wp-page\" data-elementor-id=\"418\" class=\"elementor elementor-418\">\n\t\t\t\t\t\t\t\t\t<section class=\"elementor-section elementor-top-section elementor-element elementor-element-b8b3158 elementor-section-boxed elementor-section-height-default elementor-section-height-default\" data-id=\"b8b3158\" data-element_type=\"section\">\n\t\t\t\t\t\t<div class=\"elementor-container elementor-column-gap-default\">\n\t\t\t\t\t<div class=\"elementor-column elementor-col-100 elementor-top-column elementor-element elementor-element-8826aa1\" data-id=\"8826aa1\" data-element_type=\"column\">\n\t\t\t<div class=\"elementor-widget-wrap elementor-element-populated\">\n\t\t\t\t\t\t\t\t<div class=\"elementor-element elementor-element-6dcbac9 elementor-widget elementor-widget-heading\" data-id=\"6dcbac9\" data-element_type=\"widget\" data-widget_type=\"heading.default\">\n\t\t\t\t<div class=\"elementor-widget-container\">\n\t\t\t<style>\/*! elementor - v3.16.0 - 12-09-2023 *\/\n.elementor-heading-title{padding:0;margin:0;line-height:1}.elementor-widget-heading .elementor-heading-title[class*=elementor-size-]>a{color:inherit;font-size:inherit;line-height:inherit}.elementor-widget-heading .elementor-heading-title.elementor-size-small{font-size:15px}.elementor-widget-heading .elementor-heading-title.elementor-size-medium{font-size:19px}.elementor-widget-heading .elementor-heading-title.elementor-size-large{font-size:29px}.elementor-widget-heading .elementor-heading-title.elementor-size-xl{font-size:39px}.elementor-widget-heading .elementor-heading-title.elementor-size-xxl{font-size:59px}<\/style><h3 class=\"elementor-heading-title elementor-size-default\">Rede de Incubadoras do Alentejo<\/h3>\t\t<\/div>\n\t\t\t\t<\/div>\n\t\t\t\t\t<\/div>\n\t\t<\/div>\n\t\t\t\t\t\t\t<\/div>\n\t\t<\/section>\n\t\t\t\t<section class=\"elementor-section elementor-top-section elementor-element elementor-element-0a12679 elementor-section-boxed elementor-section-height-default elementor-section-height-default\" data-id=\"0a12679\" data-element_type=\"section\">\n\t\t\t\t\t\t<div class=\"elementor-container elementor-column-gap-default\">\n\t\t\t\t\t<div class=\"elementor-column elementor-col-100 elementor-top-column elementor-element elementor-element-d6a4807\" data-id=\"d6a4807\" data-element_type=\"column\">\n\t\t\t<div class=\"elementor-widget-wrap elementor-element-populated\">\n\t\t\t\t\t\t\t\t<div class=\"elementor-element elementor-element-e1a8925 text-with-columns elementor-widget elementor-widget-text-editor\" data-id=\"e1a8925\" data-element_type=\"widget\" data-widget_type=\"text-editor.default\">\n\t\t\t\t<div class=\"elementor-widget-container\">\n\t\t\t<style>\/*! elementor - v3.16.0 - 12-09-2023 *\/\n.elementor-widget-text-editor.elementor-drop-cap-view-stacked .elementor-drop-cap{background-color:#69727d;color:#fff}.elementor-widget-text-editor.elementor-drop-cap-view-framed .elementor-drop-cap{color:#69727d;border:3px solid;background-color:transparent}.elementor-widget-text-editor:not(.elementor-drop-cap-view-default) .elementor-drop-cap{margin-top:8px}.elementor-widget-text-editor:not(.elementor-drop-cap-view-default) .elementor-drop-cap-letter{width:1em;height:1em}.elementor-widget-text-editor .elementor-drop-cap{float:left;text-align:center;line-height:1;font-size:50px}.elementor-widget-text-editor .elementor-drop-cap-letter{display:inline-block}<\/style>\t\t\t\t<p><span style=\"font-weight: 400;\">A ADRAL gere a Rede de Incubadoras do Alentejo. Atualmente, somos respons\u00e1veis pela gest\u00e3o de 4 incubadoras na regi\u00e3o do Alentejo, mas, num futuro pr\u00f3ximo, este n\u00famero ser\u00e1 maior. Dito isto, esta rede est\u00e1 dispon\u00edvel para acolher startups oriundas do Alentejo, de Portugal e do mundo inteiro.\u00a0<\/span><\/p><p><span style=\"font-weight: 400;\">A Rede de Incubadoras do Alentejo, gerida pela ADRAL, \u00e9 membro da Rede Nacional de Incubadoras e integra programas como o StartUp Visa, que permite que empreendedores de pa\u00edses fora do Espa\u00e7o Schengen desenvolvam os seus projetos em Portugal, e do programa FIT &#8211; Fostering Innovation in Tourism, do Turismo de Portugal.<\/span><\/p>\t\t\t\t\t\t<\/div>\n\t\t\t\t<\/div>\n\t\t\t\t\t<\/div>\n\t\t<\/div>\n\t\t\t\t\t\t\t<\/div>\n\t\t<\/section>\n\t\t\t\t<section class=\"elementor-section elementor-top-section elementor-element elementor-element-052b8af elementor-section-stretched elementor-section-boxed elementor-section-height-default elementor-section-height-default\" data-id=\"052b8af\" data-element_type=\"section\" data-settings=\"{&quot;stretch_section&quot;:&quot;section-stretched&quot;,&quot;background_background&quot;:&quot;classic&quot;}\">\n\t\t\t\t\t\t<div class=\"elementor-container elementor-column-gap-default\">\n\t\t\t\t\t<div class=\"elementor-column elementor-col-100 elementor-top-column elementor-element elementor-element-7226ad2\" data-id=\"7226ad2\" data-element_type=\"column\">\n\t\t\t<div class=\"elementor-widget-wrap elementor-element-populated\">\n\t\t\t\t\t\t\t\t<section class=\"elementor-section elementor-inner-section elementor-element elementor-element-fb0b69e elementor-section-boxed elementor-section-height-default elementor-section-height-default\" data-id=\"fb0b69e\" data-element_type=\"section\" data-settings=\"{&quot;background_background&quot;:&quot;classic&quot;}\">\n\t\t\t\t\t\t<div class=\"elementor-container elementor-column-gap-default\">\n\t\t\t\t\t<div class=\"elementor-column elementor-col-100 elementor-inner-column elementor-element elementor-element-8d1d252\" data-id=\"8d1d252\" data-element_type=\"column\" data-settings=\"{&quot;background_background&quot;:&quot;classic&quot;}\">\n\t\t\t<div class=\"elementor-widget-wrap elementor-element-populated\">\n\t\t\t\t\t\t\t\t<div class=\"elementor-element elementor-element-d5208ce elementor-widget elementor-widget-image\" data-id=\"d5208ce\" data-element_type=\"widget\" data-widget_type=\"image.default\">\n\t\t\t\t<div class=\"elementor-widget-container\">\n\t\t\t<style>\/*! elementor - v3.16.0 - 12-09-2023 *\/\n.elementor-widget-image{text-align:center}.elementor-widget-image a{display:inline-block}.elementor-widget-image a img[src$=\".svg\"]{width:48px}.elementor-widget-image img{vertical-align:middle;display:inline-block}<\/style>\t\t\t\t\t\t\t\t\t\t\t\t<img loading=\"lazy\" decoding=\"async\" width=\"1024\" height=\"176\" src=\"https:\/\/investinalentejo.pt\/pt\/wp-content\/uploads\/2022\/11\/networking1.png\" class=\"attachment-large size-large wp-image-470\" alt=\"\" \/>\t\t\t\t\t\t\t\t\t\t\t\t\t\t\t<\/div>\n\t\t\t\t<\/div>\n\t\t\t\t\t<\/div>\n\t\t<\/div>\n\t\t\t\t\t\t\t<\/div>\n\t\t<\/section>\n\t\t\t\t<div class=\"elementor-element elementor-element-12f87b0 elementor-widget elementor-widget-heading\" data-id=\"12f87b0\" data-element_type=\"widget\" data-widget_type=\"heading.default\">\n\t\t\t\t<div class=\"elementor-widget-container\">\n\t\t\t<h3 class=\"elementor-heading-title elementor-size-default\">\u00c9voraTech \u2013 Incubadora de Empresas de Base Tecnol\u00f3gica<\/h3>\t\t<\/div>\n\t\t\t\t<\/div>\n\t\t\t\t<div class=\"elementor-element elementor-element-b17ec98 text-with-columns elementor-widget elementor-widget-text-editor\" data-id=\"b17ec98\" data-element_type=\"widget\" data-widget_type=\"text-editor.default\">\n\t\t\t\t<div class=\"elementor-widget-container\">\n\t\t\t\t\t\t\t<p><span style=\"font-weight: 400;\">A \u00c9voraTech \u2013 Incubadora de Empresas de Base Tecnol\u00f3gica de \u00c9vora \u00e9 uma estrutura gerida pela Ag\u00eancia de Desenvolvimento Regional do Alentejo (ADRAL) em estreita colabora\u00e7\u00e3o com o Munic\u00edpio de \u00c9vora, propriet\u00e1rio do edif\u00edcio, <\/span><span style=\"font-weight: 400;\">fundada a 27 de novembro de 2014, no \u00e2mbito da \u201cRede Urbana para a Competitividade e a Inova\u00e7\u00e3o do Corredor Azul\u201d, criada com o prop\u00f3sito de \u201cdinamizar a atividade econ\u00f3mica de base tecnol\u00f3gica atrav\u00e9s do apoio \u00e0 constitui\u00e7\u00e3o, instala\u00e7\u00e3o e desenvolvimento de ideias de empreendedores, micro e pequenas empresas na sua fase embrion\u00e1ria e de consolida\u00e7\u00e3o, proporcionando-lhes condi\u00e7\u00f5es f\u00edsicas e t\u00e9cnicas para o seu crescimento e reafirma\u00e7\u00e3o no territ\u00f3rio.\u201d\u00a0<\/span><\/p><p><span style=\"font-weight: 400;\">Desde a sua inaugura\u00e7\u00e3o, a ADRAL tem vindo a implementar uma estrat\u00e9gia para a \u00c9voraTech de promo\u00e7\u00e3o de rotatividade a n\u00edvel de empresas incubadas, de forma a atrair novos projetos, startups, e empresas que tenham inten\u00e7\u00e3o de se instalar n\u00e3o s\u00f3 na Incubadora, mas tamb\u00e9m na regi\u00e3o Alentejo.<\/span><span style=\"font-weight: 400;\"> Possui uma \u00e1rea de 705 m2, disponibilizando \u00e1reas individualizadas e um conjunto de servi\u00e7os comuns com o objetivo de promover e acolher ideias, projetos e empresas, especialmente os que revelem natureza inovadora, de base tecnol\u00f3gica e elevado potencial de crescimento.<\/span><\/p><p><span style=\"font-weight: 400;\">Procura manter o envolvimento com diversas entidades que concertam esfor\u00e7os no sentido de afirmar este projeto de dinamiza\u00e7\u00e3o da inova\u00e7\u00e3o e do empreendedorismo, visando a concretiza\u00e7\u00e3o de projetos articulados com a investiga\u00e7\u00e3o e que resultem no crescimento da realidade empresarial da Regi\u00e3o. Durante o ano 2022 ser\u00e3o desenvolvidos projetos em que a \u00c9voraTech e todo o ecossistema empreendedor regional ter\u00e3o um papel central e constituem um recurso para a alavancagem da capacidade de interven\u00e7\u00e3o das entidades envolvidas<\/span><\/p><p><span style=\"font-weight: 400;\">O objetivo principal da \u00c9voraTech \u00e9 capacitar os novos empreendedores para que por meio de apoio estrat\u00e9gico durante os primeiros anos de empreendimento, tenham a prepara\u00e7\u00e3o necess\u00e1ria para se manter no mercado de competitividade. Al\u00e9m disso, pretende-se garantir o esp\u00edrito de empreendedor, apoiar a introdu\u00e7\u00e3o de novos produtos, processos e servi\u00e7os no mercado, facilitar o acesso \u00e0 tecnologia, bem como, reduzir a taxa de insucesso das novas micro e pequenas empresas, disponibilizando servi\u00e7os de incuba\u00e7\u00e3o ou de consultoria no \u00e2mbito das medidas de incentivo e outros apoios existente<\/span><\/p>\t\t\t\t\t\t<\/div>\n\t\t\t\t<\/div>\n\t\t\t\t<div class=\"elementor-element elementor-element-51019ef hr elementor-widget-divider--view-line elementor-widget elementor-widget-divider\" data-id=\"51019ef\" data-element_type=\"widget\" data-widget_type=\"divider.default\">\n\t\t\t\t<div class=\"elementor-widget-container\">\n\t\t\t<style>\/*! elementor - v3.16.0 - 12-09-2023 *\/\n.elementor-widget-divider{--divider-border-style:none;--divider-border-width:1px;--divider-color:#0c0d0e;--divider-icon-size:20px;--divider-element-spacing:10px;--divider-pattern-height:24px;--divider-pattern-size:20px;--divider-pattern-url:none;--divider-pattern-repeat:repeat-x}.elementor-widget-divider .elementor-divider{display:flex}.elementor-widget-divider .elementor-divider__text{font-size:15px;line-height:1;max-width:95%}.elementor-widget-divider .elementor-divider__element{margin:0 var(--divider-element-spacing);flex-shrink:0}.elementor-widget-divider .elementor-icon{font-size:var(--divider-icon-size)}.elementor-widget-divider .elementor-divider-separator{display:flex;margin:0;direction:ltr}.elementor-widget-divider--view-line_icon .elementor-divider-separator,.elementor-widget-divider--view-line_text .elementor-divider-separator{align-items:center}.elementor-widget-divider--view-line_icon .elementor-divider-separator:after,.elementor-widget-divider--view-line_icon .elementor-divider-separator:before,.elementor-widget-divider--view-line_text .elementor-divider-separator:after,.elementor-widget-divider--view-line_text .elementor-divider-separator:before{display:block;content:\"\";border-bottom:0;flex-grow:1;border-top:var(--divider-border-width) var(--divider-border-style) var(--divider-color)}.elementor-widget-divider--element-align-left .elementor-divider .elementor-divider-separator>.elementor-divider__svg:first-of-type{flex-grow:0;flex-shrink:100}.elementor-widget-divider--element-align-left .elementor-divider-separator:before{content:none}.elementor-widget-divider--element-align-left .elementor-divider__element{margin-left:0}.elementor-widget-divider--element-align-right .elementor-divider .elementor-divider-separator>.elementor-divider__svg:last-of-type{flex-grow:0;flex-shrink:100}.elementor-widget-divider--element-align-right .elementor-divider-separator:after{content:none}.elementor-widget-divider--element-align-right .elementor-divider__element{margin-right:0}.elementor-widget-divider:not(.elementor-widget-divider--view-line_text):not(.elementor-widget-divider--view-line_icon) .elementor-divider-separator{border-top:var(--divider-border-width) var(--divider-border-style) var(--divider-color)}.elementor-widget-divider--separator-type-pattern{--divider-border-style:none}.elementor-widget-divider--separator-type-pattern.elementor-widget-divider--view-line .elementor-divider-separator,.elementor-widget-divider--separator-type-pattern:not(.elementor-widget-divider--view-line) .elementor-divider-separator:after,.elementor-widget-divider--separator-type-pattern:not(.elementor-widget-divider--view-line) .elementor-divider-separator:before,.elementor-widget-divider--separator-type-pattern:not([class*=elementor-widget-divider--view]) .elementor-divider-separator{width:100%;min-height:var(--divider-pattern-height);-webkit-mask-size:var(--divider-pattern-size) 100%;mask-size:var(--divider-pattern-size) 100%;-webkit-mask-repeat:var(--divider-pattern-repeat);mask-repeat:var(--divider-pattern-repeat);background-color:var(--divider-color);-webkit-mask-image:var(--divider-pattern-url);mask-image:var(--divider-pattern-url)}.elementor-widget-divider--no-spacing{--divider-pattern-size:auto}.elementor-widget-divider--bg-round{--divider-pattern-repeat:round}.rtl .elementor-widget-divider .elementor-divider__text{direction:rtl}.e-con-inner>.elementor-widget-divider,.e-con>.elementor-widget-divider{width:var(--container-widget-width,100%);--flex-grow:var(--container-widget-flex-grow)}<\/style>\t\t<div class=\"elementor-divider\">\n\t\t\t<span class=\"elementor-divider-separator\">\n\t\t\t\t\t\t<\/span>\n\t\t<\/div>\n\t\t\t\t<\/div>\n\t\t\t\t<\/div>\n\t\t\t\t<section class=\"elementor-section elementor-inner-section elementor-element elementor-element-d8353f5 elementor-section-boxed elementor-section-height-default elementor-section-height-default\" data-id=\"d8353f5\" data-element_type=\"section\">\n\t\t\t\t\t\t<div class=\"elementor-container elementor-column-gap-default\">\n\t\t\t\t\t<div class=\"elementor-column elementor-col-100 elementor-inner-column elementor-element elementor-element-6e860e6\" data-id=\"6e860e6\" data-element_type=\"column\">\n\t\t\t<div class=\"elementor-widget-wrap elementor-element-populated\">\n\t\t\t\t\t\t\t\t<div class=\"elementor-element elementor-element-2f1ccde elementor-widget elementor-widget-text-editor\" data-id=\"2f1ccde\" data-element_type=\"widget\" data-widget_type=\"text-editor.default\">\n\t\t\t\t<div class=\"elementor-widget-container\">\n\t\t\t\t\t\t\t<p><span style=\"font-weight: 400;\">A \u00c9voraTech pode contar com as seguintes acredita\u00e7\u00f5es que valorizam a sua atividade e os recursos disponibilizados aos empreendedores<\/span><span style=\"font-weight: 400;\"> e empres\u00e1rios<\/span><span style=\"font-weight: 400;\">:&nbsp;<\/span><\/p>\n<ul>\n<li style=\"\" aria-level=\"1\"><b>Vale Incuba\u00e7\u00e3o<\/b><span style=\"font-weight: 400;\"> (a \u00c9voraTech est\u00e1 integrada na RNI \u2013 Rede Nacional de Incubadoras)<\/span><\/li>\n<li style=\"\" aria-level=\"1\"><b>Vale Empreendedorismo&nbsp;<\/b><\/li>\n<li style=\"\" aria-level=\"1\"><b>Vale Oportunidades de Investiga\u00e7\u00e3o&nbsp;<\/b><\/li>\n<li style=\"\" aria-level=\"1\"><b>Vale I&amp;D&nbsp;<\/b><\/li>\n<li style=\"\" aria-level=\"1\"><b>Vale Oportunidades de Internacionaliza\u00e7\u00e3o&nbsp;<\/b><\/li>\n<li style=\"\" aria-level=\"1\"><b>Vale Internacionaliza\u00e7\u00e3o&nbsp;<\/b><\/li>\n<li style=\"\" aria-level=\"1\"><b>Vale Inova\u00e7\u00e3o&nbsp;<\/b><\/li>\n<li style=\"\" aria-level=\"1\"><b>Turismo de Portugal \u2013 Incubadora da Rede Nacional de Incubadoras que apoiam projetos inovadores na \u00e1rea do turismo&nbsp;<\/b><\/li>\n<li style=\"\" aria-level=\"1\"><b>Entidade acreditada no \u00e2mbito da forma\u00e7\u00e3o profissional para qualquer \u00e1rea e\/ou sector<\/b><\/li>\n<\/ul>\t\t\t\t\t\t<\/div>\n\t\t\t\t<\/div>\n\t\t\t\t\t<\/div>\n\t\t<\/div>\n\t\t\t\t\t\t\t<\/div>\n\t\t<\/section>\n\t\t\t\t<div class=\"elementor-element elementor-element-6d30e1a elementor-widget elementor-widget-google_maps\" data-id=\"6d30e1a\" data-element_type=\"widget\" data-widget_type=\"google_maps.default\">\n\t\t\t\t<div class=\"elementor-widget-container\">\n\t\t\t<style>\/*! elementor - v3.16.0 - 12-09-2023 *\/\n.elementor-widget-google_maps .elementor-widget-container{overflow:hidden}.elementor-widget-google_maps .elementor-custom-embed{line-height:0}.elementor-widget-google_maps iframe{height:300px}<\/style>\t\t<div class=\"elementor-custom-embed\">\n\t\t\t<iframe loading=\"lazy\"\n\t\t\t\t\tsrc=\"https:\/\/maps.google.com\/maps?q=R.%20Circular%20Norte%20do%20Parque%20Industrial%2035%2C%207005-841%20%C3%89vora&#038;t=m&#038;z=10&#038;output=embed&#038;iwloc=near\"\n\t\t\t\t\ttitle=\"R. Circular Norte do Parque Industrial 35, 7005-841 \u00c9vora\"\n\t\t\t\t\taria-label=\"R. Circular Norte do Parque Industrial 35, 7005-841 \u00c9vora\"\n\t\t\t><\/iframe>\n\t\t<\/div>\n\t\t\t\t<\/div>\n\t\t\t\t<\/div>\n\t\t\t\t\t<\/div>\n\t\t<\/div>\n\t\t\t\t\t\t\t<\/div>\n\t\t<\/section>\n\t\t\t\t<section class=\"elementor-section elementor-top-section elementor-element elementor-element-411bfc8 elementor-section-stretched elementor-section-boxed elementor-section-height-default elementor-section-height-default\" data-id=\"411bfc8\" data-element_type=\"section\" data-settings=\"{&quot;stretch_section&quot;:&quot;section-stretched&quot;,&quot;background_background&quot;:&quot;classic&quot;}\">\n\t\t\t\t\t\t<div class=\"elementor-container elementor-column-gap-default\">\n\t\t\t\t\t<div class=\"elementor-column elementor-col-100 elementor-top-column elementor-element elementor-element-fbb1b04\" data-id=\"fbb1b04\" data-element_type=\"column\">\n\t\t\t<div class=\"elementor-widget-wrap elementor-element-populated\">\n\t\t\t\t\t\t\t\t<section class=\"elementor-section elementor-inner-section elementor-element elementor-element-178cdd5 elementor-section-boxed elementor-section-height-default elementor-section-height-default\" data-id=\"178cdd5\" data-element_type=\"section\" data-settings=\"{&quot;background_background&quot;:&quot;classic&quot;}\">\n\t\t\t\t\t\t<div class=\"elementor-container elementor-column-gap-default\">\n\t\t\t\t\t<div class=\"elementor-column elementor-col-100 elementor-inner-column elementor-element elementor-element-9d7096e\" data-id=\"9d7096e\" data-element_type=\"column\" data-settings=\"{&quot;background_background&quot;:&quot;classic&quot;}\">\n\t\t\t<div class=\"elementor-widget-wrap elementor-element-populated\">\n\t\t\t\t\t\t\t\t<div class=\"elementor-element elementor-element-2b6ee54 elementor-widget elementor-widget-image\" data-id=\"2b6ee54\" data-element_type=\"widget\" data-widget_type=\"image.default\">\n\t\t\t\t<div class=\"elementor-widget-container\">\n\t\t\t\t\t\t\t\t\t\t\t\t\t\t\t<img loading=\"lazy\" decoding=\"async\" width=\"1024\" height=\"176\" src=\"https:\/\/investinalentejo.pt\/pt\/wp-content\/uploads\/2022\/11\/networking2.png\" class=\"attachment-large size-large wp-image-471\" alt=\"\" \/>\t\t\t\t\t\t\t\t\t\t\t\t\t\t\t<\/div>\n\t\t\t\t<\/div>\n\t\t\t\t\t<\/div>\n\t\t<\/div>\n\t\t\t\t\t\t\t<\/div>\n\t\t<\/section>\n\t\t\t\t<div class=\"elementor-element elementor-element-1ddd3b5 elementor-widget elementor-widget-heading\" data-id=\"1ddd3b5\" data-element_type=\"widget\" data-widget_type=\"heading.default\">\n\t\t\t\t<div class=\"elementor-widget-container\">\n\t\t\t<h3 class=\"elementor-heading-title elementor-size-default\">Centro de Apoio \u00e0s Empresas de Santiago do Cac\u00e9m (CAESC)<\/h3>\t\t<\/div>\n\t\t\t\t<\/div>\n\t\t\t\t<div class=\"elementor-element elementor-element-48bc48f text-with-columns elementor-widget elementor-widget-text-editor\" data-id=\"48bc48f\" data-element_type=\"widget\" data-widget_type=\"text-editor.default\">\n\t\t\t\t<div class=\"elementor-widget-container\">\n\t\t\t\t\t\t\t<p><span style=\"font-weight: 400;\">A Ag\u00eancia de Desenvolvimento Regional do Alentejo (ADRAL) e o Munic\u00edpio de Santiago do Cac\u00e9m promoveram, com efeito, a certifica\u00e7\u00e3o do Centro de Apoio \u00e0s Empresas de Santiago do Cac\u00e9m (CAESC), em Vila Nova de Santo Andr\u00e9, situado no edif\u00edcio do Gabinete Municipal. No \u00e2mbito da estrat\u00e9gia nacional para o empreendedorismo, designada de StartUP Portugal, foi inclu\u00edda a medida \u201cVale Incuba\u00e7\u00e3o\u201d, que visa dinamizar a capacidade empreendedora e fomentar as condi\u00e7\u00f5es para a acelera\u00e7\u00e3o e sucesso de novas empresas, apoiando o desenvolvimento do neg\u00f3cio por via da contrata\u00e7\u00e3o de servi\u00e7os de Incuba\u00e7\u00e3o a incubadoras previamente acreditadas.<\/span><\/p><p><span style=\"font-weight: 400;\">A incubadora tem duas salas destinadas para os empreendedores e microempresas em regime de cowork e uma sala individual, com todos os equipamentos necess\u00e1rios para o in\u00edcio da atividade das futuras empresas, nomeadamente, computadores port\u00e1teis, workstation, fotocopiadora, impressora, internet, etc. Em complemento, as empresas poder\u00e3o usufruir do apoio administrativo e t\u00e9cnico dos colaboradores da ADRAL.<\/span><\/p>\t\t\t\t\t\t<\/div>\n\t\t\t\t<\/div>\n\t\t\t\t<div class=\"elementor-element elementor-element-e32162f elementor-widget elementor-widget-google_maps\" data-id=\"e32162f\" data-element_type=\"widget\" data-widget_type=\"google_maps.default\">\n\t\t\t\t<div class=\"elementor-widget-container\">\n\t\t\t\t\t<div class=\"elementor-custom-embed\">\n\t\t\t<iframe loading=\"lazy\"\n\t\t\t\t\tsrc=\"https:\/\/maps.google.com\/maps?q=38.05986241248433%2C%20-8.786560856488919&#038;t=m&#038;z=10&#038;output=embed&#038;iwloc=near\"\n\t\t\t\t\ttitle=\"38.05986241248433, -8.786560856488919\"\n\t\t\t\t\taria-label=\"38.05986241248433, -8.786560856488919\"\n\t\t\t><\/iframe>\n\t\t<\/div>\n\t\t\t\t<\/div>\n\t\t\t\t<\/div>\n\t\t\t\t\t<\/div>\n\t\t<\/div>\n\t\t\t\t\t\t\t<\/div>\n\t\t<\/section>\n\t\t\t\t<section class=\"elementor-section elementor-top-section elementor-element elementor-element-66e5b5b elementor-section-stretched elementor-section-boxed elementor-section-height-default elementor-section-height-default\" data-id=\"66e5b5b\" data-element_type=\"section\" data-settings=\"{&quot;stretch_section&quot;:&quot;section-stretched&quot;,&quot;background_background&quot;:&quot;classic&quot;}\">\n\t\t\t\t\t\t<div class=\"elementor-container elementor-column-gap-default\">\n\t\t\t\t\t<div class=\"elementor-column elementor-col-100 elementor-top-column elementor-element elementor-element-d3437c8\" data-id=\"d3437c8\" data-element_type=\"column\">\n\t\t\t<div class=\"elementor-widget-wrap elementor-element-populated\">\n\t\t\t\t\t\t\t\t<section class=\"elementor-section elementor-inner-section elementor-element elementor-element-54e4a9c elementor-section-boxed elementor-section-height-default elementor-section-height-default\" data-id=\"54e4a9c\" data-element_type=\"section\" data-settings=\"{&quot;background_background&quot;:&quot;classic&quot;}\">\n\t\t\t\t\t\t<div class=\"elementor-container elementor-column-gap-default\">\n\t\t\t\t\t<div class=\"elementor-column elementor-col-100 elementor-inner-column elementor-element elementor-element-af2a6c5\" data-id=\"af2a6c5\" data-element_type=\"column\" data-settings=\"{&quot;background_background&quot;:&quot;classic&quot;}\">\n\t\t\t<div class=\"elementor-widget-wrap elementor-element-populated\">\n\t\t\t\t\t\t\t\t<div class=\"elementor-element elementor-element-942362d elementor-widget elementor-widget-image\" data-id=\"942362d\" data-element_type=\"widget\" data-widget_type=\"image.default\">\n\t\t\t\t<div class=\"elementor-widget-container\">\n\t\t\t\t\t\t\t\t\t\t\t\t\t\t\t<img loading=\"lazy\" decoding=\"async\" width=\"1024\" height=\"176\" src=\"https:\/\/investinalentejo.pt\/pt\/wp-content\/uploads\/2022\/11\/networking3.png\" class=\"attachment-large size-large wp-image-469\" alt=\"\" \/>\t\t\t\t\t\t\t\t\t\t\t\t\t\t\t<\/div>\n\t\t\t\t<\/div>\n\t\t\t\t\t<\/div>\n\t\t<\/div>\n\t\t\t\t\t\t\t<\/div>\n\t\t<\/section>\n\t\t\t\t<div class=\"elementor-element elementor-element-44ef54f elementor-widget elementor-widget-heading\" data-id=\"44ef54f\" data-element_type=\"widget\" data-widget_type=\"heading.default\">\n\t\t\t\t<div class=\"elementor-widget-container\">\n\t\t\t<h3 class=\"elementor-heading-title elementor-size-default\">Incubadora de Novas Empresas de Nisa<\/h3>\t\t<\/div>\n\t\t\t\t<\/div>\n\t\t\t\t<div class=\"elementor-element elementor-element-fce67c5 text-with-columns elementor-widget elementor-widget-text-editor\" data-id=\"fce67c5\" data-element_type=\"widget\" data-widget_type=\"text-editor.default\">\n\t\t\t\t<div class=\"elementor-widget-container\">\n\t\t\t\t\t\t\t<p><span style=\"font-weight: 400;\">A cria\u00e7\u00e3o da Incubadora de Novas Empresas de Nisa, teve por base as orienta\u00e7\u00f5es definidas pelo Munic\u00edpio, visando responder \u00e0s solicita\u00e7\u00f5es colocadas por v\u00e1rios agentes econ\u00f3micos para a implementa\u00e7\u00e3o e desenvolvimento dos seus neg\u00f3cios e empresas.<\/span><\/p><p><span style=\"font-weight: 400;\">Constitui-se enquanto infraestrutura de incuba\u00e7\u00e3o de empresas, destinado a estimular a atividade empreendedora no Munic\u00edpio, disponibilizando no mesmo espa\u00e7o f\u00edsico, \u00e1reas individualizadas e servi\u00e7os comuns, com o objetivo de promover e acolher empreendedores e empresas com projetos e ideias inovadoras, de base n\u00e3o tecnol\u00f3gica, com elevado potencial de crescimento.<\/span><\/p><p><span style=\"font-weight: 400;\">A Incubadora de Novas Empresas de Nisa, pretende a dinamiza\u00e7\u00e3o da atividade econ\u00f3mica atrav\u00e9s do apoio \u00e0 constitui\u00e7\u00e3o, instala\u00e7\u00e3o e desenvolvimento de ideias de empreendedores individuais, micro e pequenas empresas na sua fase embrion\u00e1ria e de consolida\u00e7\u00e3o, proporcionando-lhes condi\u00e7\u00f5es f\u00edsicas e t\u00e9cnicas para o seu crescimento e afirma\u00e7\u00e3o no territ\u00f3rio, bem como, incentivar empresas j\u00e1 constitu\u00eddas para desenvolvimento de novos produtos ou servi\u00e7os.\u00a0<\/span><\/p>\t\t\t\t\t\t<\/div>\n\t\t\t\t<\/div>\n\t\t\t\t<div class=\"elementor-element elementor-element-261a25b elementor-widget elementor-widget-google_maps\" data-id=\"261a25b\" data-element_type=\"widget\" data-widget_type=\"google_maps.default\">\n\t\t\t\t<div class=\"elementor-widget-container\">\n\t\t\t\t\t<div class=\"elementor-custom-embed\">\n\t\t\t<iframe loading=\"lazy\"\n\t\t\t\t\tsrc=\"https:\/\/maps.google.com\/maps?q=Pra%C3%A7a%20do%20Munic%C3%ADpio%205%2C%206050-358%20Nisa&#038;t=m&#038;z=10&#038;output=embed&#038;iwloc=near\"\n\t\t\t\t\ttitle=\"Pra\u00e7a do Munic\u00edpio 5, 6050-358 Nisa\"\n\t\t\t\t\taria-label=\"Pra\u00e7a do Munic\u00edpio 5, 6050-358 Nisa\"\n\t\t\t><\/iframe>\n\t\t<\/div>\n\t\t\t\t<\/div>\n\t\t\t\t<\/div>\n\t\t\t\t\t<\/div>\n\t\t<\/div>\n\t\t\t\t\t\t\t<\/div>\n\t\t<\/section>\n\t\t\t\t<section class=\"elementor-section elementor-top-section elementor-element elementor-element-2b732b4 elementor-section-stretched elementor-section-boxed elementor-section-height-default elementor-section-height-default\" data-id=\"2b732b4\" data-element_type=\"section\" data-settings=\"{&quot;stretch_section&quot;:&quot;section-stretched&quot;,&quot;background_background&quot;:&quot;classic&quot;}\">\n\t\t\t\t\t\t<div class=\"elementor-container elementor-column-gap-default\">\n\t\t\t\t\t<div class=\"elementor-column elementor-col-100 elementor-top-column elementor-element elementor-element-be334e4\" data-id=\"be334e4\" data-element_type=\"column\">\n\t\t\t<div class=\"elementor-widget-wrap elementor-element-populated\">\n\t\t\t\t\t\t\t\t<section class=\"elementor-section elementor-inner-section elementor-element elementor-element-a1c7aa6 elementor-section-boxed elementor-section-height-default elementor-section-height-default\" data-id=\"a1c7aa6\" data-element_type=\"section\" data-settings=\"{&quot;background_background&quot;:&quot;classic&quot;}\">\n\t\t\t\t\t\t<div class=\"elementor-container elementor-column-gap-default\">\n\t\t\t\t\t<div class=\"elementor-column elementor-col-100 elementor-inner-column elementor-element elementor-element-08324a2\" data-id=\"08324a2\" data-element_type=\"column\" data-settings=\"{&quot;background_background&quot;:&quot;classic&quot;}\">\n\t\t\t<div class=\"elementor-widget-wrap elementor-element-populated\">\n\t\t\t\t\t\t\t\t<div class=\"elementor-element elementor-element-806b765 elementor-widget elementor-widget-image\" data-id=\"806b765\" data-element_type=\"widget\" data-widget_type=\"image.default\">\n\t\t\t\t<div class=\"elementor-widget-container\">\n\t\t\t\t\t\t\t\t\t\t\t\t\t\t\t<img decoding=\"async\" src=\"https:\/\/investinalentejo.pt\/pt\/wp-content\/uploads\/elementor\/thumbs\/logo-cna-para-facebook-qb21df5pk97ueidtra702bbt2uai12eivmc3nhzd1s.jpg\" title=\"Logo CNA para facebook\" alt=\"Logo CNA para facebook\" loading=\"lazy\" \/>\t\t\t\t\t\t\t\t\t\t\t\t\t\t\t<\/div>\n\t\t\t\t<\/div>\n\t\t\t\t\t<\/div>\n\t\t<\/div>\n\t\t\t\t\t\t\t<\/div>\n\t\t<\/section>\n\t\t\t\t<div class=\"elementor-element elementor-element-4b31698 elementor-widget elementor-widget-heading\" data-id=\"4b31698\" data-element_type=\"widget\" data-widget_type=\"heading.default\">\n\t\t\t\t<div class=\"elementor-widget-container\">\n\t\t\t<h3 class=\"elementor-heading-title elementor-size-default\">Centro de Neg\u00f3cios de Alc\u00e1cer do Sal<\/h3>\t\t<\/div>\n\t\t\t\t<\/div>\n\t\t\t\t<div class=\"elementor-element elementor-element-a8779ec text-with-columns elementor-widget elementor-widget-text-editor\" data-id=\"a8779ec\" data-element_type=\"widget\" data-widget_type=\"text-editor.default\">\n\t\t\t\t<div class=\"elementor-widget-container\">\n\t\t\t\t\t\t\t<p>O Centro de Neg\u00f3cios de Alc\u00e1cer do Sal pretende dinamizar a atividade econ\u00f3mica atrav\u00e9s do apoio \u00e0 constitui\u00e7\u00e3o, instala\u00e7\u00e3o e desenvolvimento de ideias de empreendedores, micro e pequenas empresas na sua fase embrion\u00e1ria e de consolida\u00e7\u00e3o, proporcionando-lhes condi\u00e7\u00f5es f\u00edsicas e t\u00e9cnicas para o seu crescimento e reafirma\u00e7\u00e3o no territ\u00f3rio, bem como incentivar empresas j\u00e1 constitu\u00eddas para desenvolvimento de novos produtos ou servi\u00e7os.<\/p><p>Disponibiliza espa\u00e7os de cowork, com o objetivo de promover e acolher empreendedores e empresas com projetos e ideias inovadoras e com elevado potencial de crescimento. A gest\u00e3o estrat\u00e9gica do CNA \u00e9 assegurada pela Ag\u00eancia de Desenvolvimento Regional do Alentejo, S.A. \u2013 ADRAL, em parceria com o Munic\u00edpio de Alc\u00e1cer do Sal.<\/p>\t\t\t\t\t\t<\/div>\n\t\t\t\t<\/div>\n\t\t\t\t<div class=\"elementor-element elementor-element-fc24323 elementor-widget elementor-widget-google_maps\" data-id=\"fc24323\" data-element_type=\"widget\" data-widget_type=\"google_maps.default\">\n\t\t\t\t<div class=\"elementor-widget-container\">\n\t\t\t\t\t<div class=\"elementor-custom-embed\">\n\t\t\t<iframe loading=\"lazy\"\n\t\t\t\t\tsrc=\"https:\/\/maps.google.com\/maps?q=%20Edif%C3%ADcio%20Pomba%20Cupido%2C%20%20Alc%C3%A1cer%20do%20Sal&#038;t=m&#038;z=12&#038;output=embed&#038;iwloc=near\"\n\t\t\t\t\ttitle=\" Edif\u00edcio Pomba Cupido,  Alc\u00e1cer do Sal\"\n\t\t\t\t\taria-label=\" Edif\u00edcio Pomba Cupido,  Alc\u00e1cer do Sal\"\n\t\t\t><\/iframe>\n\t\t<\/div>\n\t\t\t\t<\/div>\n\t\t\t\t<\/div>\n\t\t\t\t\t<\/div>\n\t\t<\/div>\n\t\t\t\t\t\t\t<\/div>\n\t\t<\/section>\n\t\t\t\t\t\t\t<\/div>\n\t\t","protected":false},"excerpt":{"rendered":"<p>A ADRAL gere a Rede de Incubadoras do Alentejo. Atualmente, somos respons\u00e1veis pela gest\u00e3o de 4 incubadoras na regi\u00e3o do Alentejo, mas, num futuro pr\u00f3ximo, este n\u00famero ser\u00e1 maior. Dito isto, esta rede est\u00e1 dispon\u00edvel para acolher startups oriundas do Alentejo, de Portugal e do mundo inteiro.\u00a0 A Rede de Incubadoras do Alentejo, gerida pela [&hellip;]<\/p>\n","protected":false},"author":1,"featured_media":420,"parent":215,"menu_order":4,"comment_status":"closed","ping_status":"closed","template":"","meta":{"footnotes":""},"class_list":["post-418","page","type-page","status-publish","has-post-thumbnail","hentry"],"acf":[],"_links":{"self":[{"href":"https:\/\/investinalentejo.pt\/pt\/wp-json\/wp\/v2\/pages\/418","targetHints":{"allow":["GET"]}}],"collection":[{"href":"https:\/\/investinalentejo.pt\/pt\/wp-json\/wp\/v2\/pages"}],"about":[{"href":"https:\/\/investinalentejo.pt\/pt\/wp-json\/wp\/v2\/types\/page"}],"author":[{"embeddable":true,"href":"https:\/\/investinalentejo.pt\/pt\/wp-json\/wp\/v2\/users\/1"}],"replies":[{"embeddable":true,"href":"https:\/\/investinalentejo.pt\/pt\/wp-json\/wp\/v2\/comments?post=418"}],"version-history":[{"count":58,"href":"https:\/\/investinalentejo.pt\/pt\/wp-json\/wp\/v2\/pages\/418\/revisions"}],"predecessor-version":[{"id":1923,"href":"https:\/\/investinalentejo.pt\/pt\/wp-json\/wp\/v2\/pages\/418\/revisions\/1923"}],"up":[{"embeddable":true,"href":"https:\/\/investinalentejo.pt\/pt\/wp-json\/wp\/v2\/pages\/215"}],"wp:featuredmedia":[{"embeddable":true,"href":"https:\/\/investinalentejo.pt\/pt\/wp-json\/wp\/v2\/media\/420"}],"wp:attachment":[{"href":"https:\/\/investinalentejo.pt\/pt\/wp-json\/wp\/v2\/media?parent=418"}],"curies":[{"name":"wp","href":"https:\/\/api.w.org\/{rel}","templated":true}]}}