{"id":557,"date":"2022-12-01T17:59:56","date_gmt":"2022-12-01T17:59:56","guid":{"rendered":"http:\/\/investinalentejo.pt\/pt\/?page_id=557"},"modified":"2023-09-01T11:35:41","modified_gmt":"2023-09-01T11:35:41","slug":"casos-de-sucesso-e-testemunhos","status":"publish","type":"page","link":"https:\/\/investinalentejo.pt\/pt\/alentejo\/casos-de-sucesso-e-testemunhos\/","title":{"rendered":"Casos de Sucesso e Testemunhos"},"content":{"rendered":"\t\t<div data-elementor-type=\"wp-page\" data-elementor-id=\"557\" class=\"elementor elementor-557\">\n\t\t\t\t\t\t\t\t\t<section class=\"elementor-section elementor-top-section elementor-element elementor-element-b4ca47c elementor-section-boxed elementor-section-height-default elementor-section-height-default\" data-id=\"b4ca47c\" data-element_type=\"section\">\n\t\t\t\t\t\t<div class=\"elementor-container elementor-column-gap-default\">\n\t\t\t\t\t<div class=\"elementor-column elementor-col-100 elementor-top-column elementor-element elementor-element-bdb0f04\" data-id=\"bdb0f04\" data-element_type=\"column\">\n\t\t\t<div class=\"elementor-widget-wrap elementor-element-populated\">\n\t\t\t\t\t\t\t\t<div class=\"elementor-element elementor-element-04fabb3 elementor-widget elementor-widget-heading\" data-id=\"04fabb3\" data-element_type=\"widget\" data-widget_type=\"heading.default\">\n\t\t\t\t<div class=\"elementor-widget-container\">\n\t\t\t<style>\/*! elementor - v3.16.0 - 12-09-2023 *\/\n.elementor-heading-title{padding:0;margin:0;line-height:1}.elementor-widget-heading .elementor-heading-title[class*=elementor-size-]>a{color:inherit;font-size:inherit;line-height:inherit}.elementor-widget-heading .elementor-heading-title.elementor-size-small{font-size:15px}.elementor-widget-heading .elementor-heading-title.elementor-size-medium{font-size:19px}.elementor-widget-heading .elementor-heading-title.elementor-size-large{font-size:29px}.elementor-widget-heading .elementor-heading-title.elementor-size-xl{font-size:39px}.elementor-widget-heading .elementor-heading-title.elementor-size-xxl{font-size:59px}<\/style><h3 class=\"elementor-heading-title elementor-size-default\">Testemunhos<\/h3>\t\t<\/div>\n\t\t\t\t<\/div>\n\t\t\t\t\t<\/div>\n\t\t<\/div>\n\t\t\t\t\t\t\t<\/div>\n\t\t<\/section>\n\t\t\t\t<section class=\"elementor-section elementor-top-section elementor-element elementor-element-29f5573 elementor-section-stretched elementor-section-boxed elementor-section-height-default elementor-section-height-default\" data-id=\"29f5573\" data-element_type=\"section\" data-settings=\"{&quot;stretch_section&quot;:&quot;section-stretched&quot;,&quot;background_background&quot;:&quot;gradient&quot;}\">\n\t\t\t\t\t\t<div class=\"elementor-container elementor-column-gap-default\">\n\t\t\t\t\t<div class=\"elementor-column elementor-col-100 elementor-top-column elementor-element elementor-element-6fe4302\" data-id=\"6fe4302\" data-element_type=\"column\">\n\t\t\t<div class=\"elementor-widget-wrap elementor-element-populated\">\n\t\t\t\t\t\t\t\t<div class=\"elementor-element elementor-element-63ea08d elementor-testimonial--layout-image_above elementor-testimonial--skin-default elementor-testimonial--align-center elementor-arrows-yes elementor-pagination-type-bullets elementor-widget elementor-widget-testimonial-carousel\" data-id=\"63ea08d\" data-element_type=\"widget\" data-settings=\"{&quot;slides_per_view&quot;:&quot;2&quot;,&quot;lazyload&quot;:&quot;yes&quot;,&quot;space_between&quot;:{&quot;unit&quot;:&quot;px&quot;,&quot;size&quot;:15,&quot;sizes&quot;:[]},&quot;slides_to_scroll&quot;:&quot;1&quot;,&quot;show_arrows&quot;:&quot;yes&quot;,&quot;pagination&quot;:&quot;bullets&quot;,&quot;speed&quot;:500,&quot;loop&quot;:&quot;yes&quot;,&quot;space_between_tablet&quot;:{&quot;unit&quot;:&quot;px&quot;,&quot;size&quot;:10,&quot;sizes&quot;:[]},&quot;space_between_mobile&quot;:{&quot;unit&quot;:&quot;px&quot;,&quot;size&quot;:10,&quot;sizes&quot;:[]}}\" data-widget_type=\"testimonial-carousel.default\">\n\t\t\t\t<div class=\"elementor-widget-container\">\n\t\t\t<link rel=\"stylesheet\" href=\"https:\/\/investinalentejo.pt\/pt\/wp-content\/plugins\/elementor-pro\/assets\/css\/widget-carousel.min.css\">\t\t<div class=\"elementor-swiper\">\n\t\t\t<div class=\"elementor-main-swiper swiper-container\">\n\t\t\t\t<div class=\"swiper-wrapper\">\n\t\t\t\t\t\t\t\t\t\t\t<div class=\"swiper-slide\">\n\t\t\t\t\t\t\t\t\t<div class=\"elementor-testimonial\">\n\t\t\t\t\t\t\t<div class=\"elementor-testimonial__content\">\n\t\t\t\t\t<div class=\"elementor-testimonial__text\">\n\t\t\t\t\t\tO projeto Invest in Alentejo agrega um conjunto de entidades que t\u00eam capacidade de potenciar o desenvolvimento da regi\u00e3o Alentejo. O Porto de Sines tem todo o interesse em estar associado a esta iniciativa pelas oportunidades que se podem construir. Inserido nas principais cadeias log\u00edsticas internacionais, Sines \u00e9 a porta natural de entrada e sa\u00edda de mercadorias do seu hinterland. A nossa miss\u00e3o \u00e9 servir a economia do pa\u00eds e, naturalmente, da regi\u00e3o onde nos encontramos.\t\t\t\t\t<\/div>\n\t\t\t\t\t<cite class=\"elementor-testimonial__cite\"><span class=\"elementor-testimonial__name\">Jos\u00e9 Lu\u00eds Cacho<\/span><span class=\"elementor-testimonial__title\">Presidente do Porto de Sines<\/span><\/cite>\t\t\t\t<\/div>\n\t\t\t\t\t\t<div class=\"elementor-testimonial__footer\">\n\t\t\t\t\t\t\t\t\t<div class=\"elementor-testimonial__image\">\n\t\t\t\t\t\t<img class=\"swiper-lazy\" data-src=\"https:\/\/investinalentejo.pt\/pt\/wp-content\/uploads\/2023\/07\/jose-luis-cacho.png\" alt=\"Jos\u00e9 Lu\u00eds Cacho\">\n\t\t\t\t\t\t\t\t\t\t\t\t\t<div class=\"swiper-lazy-preloader\"><\/div>\n\t\t\t\t\t\t\t\t\t\t\t<\/div>\n\t\t\t\t\t\t\t\t\t\t\t<\/div>\n\t\t<\/div>\n\t\t\t\t\t\t\t\t<\/div>\n\t\t\t\t\t\t\t\t\t\t\t<div class=\"swiper-slide\">\n\t\t\t\t\t\t\t\t\t<div class=\"elementor-testimonial\">\n\t\t\t\t\t\t\t<div class=\"elementor-testimonial__content\">\n\t\t\t\t\t<div class=\"elementor-testimonial__text\">\n\t\t\t\t\t\tA atra\u00e7\u00e3o de investimento para o nosso territ\u00f3rio tem sido sempre encarada por este executivo como uma prioridade e como um dos motores de crescimento que temos assistido. Esse crescimento concretiza-se contactando com entidades, demonstrando as vantagens competitivas que as empresas t\u00eam de abrir unidades de produ\u00e7\u00e3o ou centros de desenvolvimento de conhecimento em Portugal, mais concretamente em p\u00f3los onde j\u00e1 existem empresas do setor, como, no setor da aeron\u00e1utica, o Cluster Aeron\u00e1utico de Ponte de Sor, beneficiando das sinergias que o territ\u00f3rio oferece.\t\t\t\t\t<\/div>\n\t\t\t\t\t<cite class=\"elementor-testimonial__cite\"><span class=\"elementor-testimonial__name\">Rog\u00e9rio Alves<\/span><span class=\"elementor-testimonial__title\">Vice-Presidente da C\u00e2mara Municipal de Ponte de Sor<\/span><\/cite>\t\t\t\t<\/div>\n\t\t\t\t\t\t<div class=\"elementor-testimonial__footer\">\n\t\t\t\t\t\t\t\t\t<div class=\"elementor-testimonial__image\">\n\t\t\t\t\t\t<img class=\"swiper-lazy\" data-src=\"https:\/\/investinalentejo.pt\/pt\/wp-content\/uploads\/2023\/07\/rogerio-alves.png\" alt=\"Rog\u00e9rio Alves\">\n\t\t\t\t\t\t\t\t\t\t\t\t\t<div class=\"swiper-lazy-preloader\"><\/div>\n\t\t\t\t\t\t\t\t\t\t\t<\/div>\n\t\t\t\t\t\t\t\t\t\t\t<\/div>\n\t\t<\/div>\n\t\t\t\t\t\t\t\t<\/div>\n\t\t\t\t\t\t\t\t\t\t\t<div class=\"swiper-slide\">\n\t\t\t\t\t\t\t\t\t<div class=\"elementor-testimonial\">\n\t\t\t\t\t\t\t<div class=\"elementor-testimonial__content\">\n\t\t\t\t\t<div class=\"elementor-testimonial__text\">\n\t\t\t\t\t\tO Sines Tech - Innovation & Data Center Hub est\u00e1 a infraestruturar uma nova economia digital em Portugal, atraindo investimentos, numa escala sem precedentes no nosso pa\u00eds, em conectividade, processamento e armazenamento de dados, com enorme valor acrescentado em territ\u00f3rio nacional. A vis\u00e3o da ADRAL - Ag\u00eancia de Desenvolvimento Regional do Alentejo, que est\u00e1 a ser implementada atrav\u00e9s do Invest in Alentejo, \u00e9 transformar a regi\u00e3o num hub log\u00edstico, energ\u00e9tico e digital europeu e global. Uma vis\u00e3o em linha com a prioridade nacional dada \u00e0 nossa inser\u00e7\u00e3o no com\u00e9rcio mundial de mercadorias, energia e dados, construindo uma sociedade de altos rendimentos decorrentes da lideran\u00e7a da dupla transi\u00e7\u00e3o energ\u00e9tica e digital.\t\t\t\t\t<\/div>\n\t\t\t\t\t<cite class=\"elementor-testimonial__cite\"><span class=\"elementor-testimonial__name\">Filipe Costa<\/span><span class=\"elementor-testimonial__title\">CEO da aicep Global Parques<\/span><\/cite>\t\t\t\t<\/div>\n\t\t\t\t\t\t<div class=\"elementor-testimonial__footer\">\n\t\t\t\t\t\t\t\t\t<div class=\"elementor-testimonial__image\">\n\t\t\t\t\t\t<img class=\"swiper-lazy\" data-src=\"https:\/\/investinalentejo.pt\/pt\/wp-content\/uploads\/2023\/07\/filipe-costa.png\" alt=\"Filipe Costa\">\n\t\t\t\t\t\t\t\t\t\t\t\t\t<div class=\"swiper-lazy-preloader\"><\/div>\n\t\t\t\t\t\t\t\t\t\t\t<\/div>\n\t\t\t\t\t\t\t\t\t\t\t<\/div>\n\t\t<\/div>\n\t\t\t\t\t\t\t\t<\/div>\n\t\t\t\t\t\t\t\t\t\t\t<div class=\"swiper-slide\">\n\t\t\t\t\t\t\t\t\t<div class=\"elementor-testimonial\">\n\t\t\t\t\t\t\t<div class=\"elementor-testimonial__content\">\n\t\t\t\t\t<div class=\"elementor-testimonial__text\">\n\t\t\t\t\t\tA participa\u00e7\u00e3o da Ag\u00eancia de Promo\u00e7\u00e3o Tur\u00edstica do Alentejo na Miss\u00e3o Empresarial que se realizou ao Dubai permitiu a sinaliza\u00e7\u00e3o de reais oportunidades de neg\u00f3cio para as empresas deste setor com interven\u00e7\u00e3o no Alentejo, tendo sido identificados os produtos, canais de venda e Operadores Tur\u00edsticos capazes de contribuir para a afirma\u00e7\u00e3o do Alentejo no Dubai. A composi\u00e7\u00e3o multisetorial da Miss\u00e3o Empresarial permitiu que se comunicasse um Alentejo competitivo em diferentes \u00e1reas econ\u00f3micas, num modelo disciplinar de capta\u00e7\u00e3o de oportunidades de neg\u00f3cio capaz de gerar sinergias entre setores de import\u00e2ncia estrat\u00e9gica para o desenvolvimento da regi\u00e3o.\t\t\t\t\t<\/div>\n\t\t\t\t\t<cite class=\"elementor-testimonial__cite\"><span class=\"elementor-testimonial__name\">Ant\u00f3nio Lacerda<\/span><span class=\"elementor-testimonial__title\">Diretor Executivo do Turismo do Alentejo<\/span><\/cite>\t\t\t\t<\/div>\n\t\t\t\t\t\t<div class=\"elementor-testimonial__footer\">\n\t\t\t\t\t\t\t\t\t<div class=\"elementor-testimonial__image\">\n\t\t\t\t\t\t<img class=\"swiper-lazy\" data-src=\"https:\/\/investinalentejo.pt\/pt\/wp-content\/uploads\/2023\/07\/antonio-lacerda.png\" alt=\"Ant\u00f3nio Lacerda\">\n\t\t\t\t\t\t\t\t\t\t\t\t\t<div class=\"swiper-lazy-preloader\"><\/div>\n\t\t\t\t\t\t\t\t\t\t\t<\/div>\n\t\t\t\t\t\t\t\t\t\t\t<\/div>\n\t\t<\/div>\n\t\t\t\t\t\t\t\t<\/div>\n\t\t\t\t\t\t\t\t\t\t\t<div class=\"swiper-slide\">\n\t\t\t\t\t\t\t\t\t<div class=\"elementor-testimonial\">\n\t\t\t\t\t\t\t<div class=\"elementor-testimonial__content\">\n\t\t\t\t\t<div class=\"elementor-testimonial__text\">\n\t\t\t\t\t\tA miss\u00e3o internacional do eixo da agroind\u00fastria aos Pa\u00edses Baixos refletiu-se numa semana intensa de aprendizagem e contactos bilaterais. Tivemos oportunidade de conhecer um pouco da sofisticada agricultura holandesa e debatemos desafios comuns associados \u00e0 sustentabilidade, \u00e0 gest\u00e3o eficiente dos recursos e \u00e0s altera\u00e7\u00f5es clim\u00e1ticas. Perspectiv\u00e1mos oportunidades de investimento e desenvolvimento da agroind\u00fastria do Alentejo, em conjunto com v\u00e1rias empresas visitadas, tendo estas demonstrado grande interesse em conhecer a nossa regi\u00e3o.\t\t\t\t\t<\/div>\n\t\t\t\t\t<cite class=\"elementor-testimonial__cite\"><span class=\"elementor-testimonial__name\">Jos\u00e9 Pedro Salema<\/span><span class=\"elementor-testimonial__title\">Presidente do Conselho de Administra\u00e7\u00e3o da EDIA<\/span><\/cite>\t\t\t\t<\/div>\n\t\t\t\t\t\t<div class=\"elementor-testimonial__footer\">\n\t\t\t\t\t\t\t\t\t<div class=\"elementor-testimonial__image\">\n\t\t\t\t\t\t<img class=\"swiper-lazy\" data-src=\"https:\/\/investinalentejo.pt\/pt\/wp-content\/uploads\/2023\/07\/jose-pedro-salema.png\" alt=\"Jos\u00e9 Pedro Salema\">\n\t\t\t\t\t\t\t\t\t\t\t\t\t<div class=\"swiper-lazy-preloader\"><\/div>\n\t\t\t\t\t\t\t\t\t\t\t<\/div>\n\t\t\t\t\t\t\t\t\t\t\t<\/div>\n\t\t<\/div>\n\t\t\t\t\t\t\t\t<\/div>\n\t\t\t\t\t\t\t\t\t\t\t<div class=\"swiper-slide\">\n\t\t\t\t\t\t\t\t\t<div class=\"elementor-testimonial\">\n\t\t\t\t\t\t\t<div class=\"elementor-testimonial__content\">\n\t\t\t\t\t<div class=\"elementor-testimonial__text\">\n\t\t\t\t\t\tA participa\u00e7\u00e3o na miss\u00e3o Expo Dubai, promovida pelo Invest in Alentejo, constituiu uma frutuosa oportunidade de promover o Complexo Portu\u00e1rio e Industrial de Sines num contexto transversal dos diversos eixos nos quais estamos a apostar: energia, log\u00edstica e transi\u00e7\u00e3o energ\u00e9tica.\nA promo\u00e7\u00e3o conjunta da regi\u00e3o Alentejo potencia sinergias, beneficiando a capta\u00e7\u00e3o de mais investimento. Uma palavra de apre\u00e7o pelo empenho e profissionalismo da ADRAL na organiza\u00e7\u00e3o desta miss\u00e3o.\n\t\t\t\t\t<\/div>\n\t\t\t\t\t<cite class=\"elementor-testimonial__cite\"><span class=\"elementor-testimonial__name\">Isabel Caldeira Cardoso<\/span><span class=\"elementor-testimonial__title\">Vice-Presidente da Comiss\u00e3o Executiva da aicep Global Parques<\/span><\/cite>\t\t\t\t<\/div>\n\t\t\t\t\t\t<div class=\"elementor-testimonial__footer\">\n\t\t\t\t\t\t\t\t\t<div class=\"elementor-testimonial__image\">\n\t\t\t\t\t\t<img class=\"swiper-lazy\" data-src=\"https:\/\/investinalentejo.pt\/pt\/wp-content\/uploads\/2023\/07\/isabel-caldeira-cardoso.png\" alt=\"Isabel Caldeira Cardoso\">\n\t\t\t\t\t\t\t\t\t\t\t\t\t<div class=\"swiper-lazy-preloader\"><\/div>\n\t\t\t\t\t\t\t\t\t\t\t<\/div>\n\t\t\t\t\t\t\t\t\t\t\t<\/div>\n\t\t<\/div>\n\t\t\t\t\t\t\t\t<\/div>\n\t\t\t\t\t\t\t\t\t\t\t<div class=\"swiper-slide\">\n\t\t\t\t\t\t\t\t\t<div class=\"elementor-testimonial\">\n\t\t\t\t\t\t\t<div class=\"elementor-testimonial__content\">\n\t\t\t\t\t<div class=\"elementor-testimonial__text\">\n\t\t\t\t\t\tCom um patrim\u00f3nio cultural reconhecido mundialmente e uma das mais bem preservadas regi\u00f5es da Europa, o Alentejo re\u00fane, na sua imensid\u00e3o, um mundo de verdadeiras oportunidades por explorar.\n\u00c9vora, que ser\u00e1 Capital Europeia da Cultura em 2027, \u00e9 um destino tur\u00edstico diferenciado, tem na aeron\u00e1utica, eletr\u00f3nica e agroind\u00fastria setores emergentes ao n\u00edvel da especializa\u00e7\u00e3o tecnol\u00f3gica com assinal\u00e1vel potencial exportador. Investir no Alentejo \u00e9, pois, uma aposta segura com a garantia de qualidade que nos distingue.\t\t\t\t\t<\/div>\n\t\t\t\t\t<cite class=\"elementor-testimonial__cite\"><span class=\"elementor-testimonial__name\">Alexandre Varela<\/span><span class=\"elementor-testimonial__title\">Vice-Presidente da C\u00e2mara Municipal de \u00c9vora<\/span><\/cite>\t\t\t\t<\/div>\n\t\t\t\t\t\t<div class=\"elementor-testimonial__footer\">\n\t\t\t\t\t\t\t\t\t<div class=\"elementor-testimonial__image\">\n\t\t\t\t\t\t<img class=\"swiper-lazy\" data-src=\"https:\/\/investinalentejo.pt\/pt\/wp-content\/uploads\/2023\/07\/alexandre-varela.png\" alt=\"Alexandre Varela\">\n\t\t\t\t\t\t\t\t\t\t\t\t\t<div class=\"swiper-lazy-preloader\"><\/div>\n\t\t\t\t\t\t\t\t\t\t\t<\/div>\n\t\t\t\t\t\t\t\t\t\t\t<\/div>\n\t\t<\/div>\n\t\t\t\t\t\t\t\t<\/div>\n\t\t\t\t\t\t\t\t\t\t\t<div class=\"swiper-slide\">\n\t\t\t\t\t\t\t\t\t<div class=\"elementor-testimonial\">\n\t\t\t\t\t\t\t<div class=\"elementor-testimonial__content\">\n\t\t\t\t\t<div class=\"elementor-testimonial__text\">\n\t\t\t\t\t\tA participa\u00e7\u00e3o na miss\u00e3o Expo Dubai foi, sem d\u00favida, uma excelente oportunidade de promover e potenciar o nosso Alentejo, e naturalmente o Munic\u00edpio de Santiago do Cac\u00e9m, que nos permitiu afirmar o Alentejo enquanto destino de excel\u00eancia para o investimento direto estrangeiro. O contacto direto com agentes locais e internacionais, nas diversas \u00e1reas que pretendemos potenciar, que, no caso particular de Santiago do Cac\u00e9m, s\u00e3o o Turismo, Agroind\u00fastria e Energia, permitiu-nos estabelecer uma importante ponte que poder\u00e1 captar investimentos futuros relevantes para o desenvolvimento econ\u00f3mico e social da regi\u00e3o.\t\t\t\t\t<\/div>\n\t\t\t\t\t<cite class=\"elementor-testimonial__cite\"><span class=\"elementor-testimonial__name\">\u00c1lvaro Beijinha<\/span><span class=\"elementor-testimonial__title\">Presidente da C\u00e2mara Municipal de Santiago do Cac\u00e9m<\/span><\/cite>\t\t\t\t<\/div>\n\t\t\t\t\t\t<div class=\"elementor-testimonial__footer\">\n\t\t\t\t\t\t\t\t\t<div class=\"elementor-testimonial__image\">\n\t\t\t\t\t\t<img class=\"swiper-lazy\" data-src=\"https:\/\/investinalentejo.pt\/pt\/wp-content\/uploads\/2023\/07\/alvaro-beijinha.png\" alt=\"\u00c1lvaro Beijinha\">\n\t\t\t\t\t\t\t\t\t\t\t\t\t<div class=\"swiper-lazy-preloader\"><\/div>\n\t\t\t\t\t\t\t\t\t\t\t<\/div>\n\t\t\t\t\t\t\t\t\t\t\t<\/div>\n\t\t<\/div>\n\t\t\t\t\t\t\t\t<\/div>\n\t\t\t\t\t\t\t\t\t<\/div>\n\t\t\t\t\t\t\t\t\t\t\t\t\t\t\t<div class=\"swiper-pagination\"><\/div>\n\t\t\t\t\t\t\t\t\t\t\t\t\t\t\t\t<div class=\"elementor-swiper-button elementor-swiper-button-prev\">\n\t\t\t\t\t\t\t<i aria-hidden=\"true\" class=\"eicon-chevron-left\"><\/i>\t\t\t\t\t\t\t<span class=\"elementor-screen-only\">Previous<\/span>\n\t\t\t\t\t\t<\/div>\n\t\t\t\t\t\t<div class=\"elementor-swiper-button elementor-swiper-button-next\">\n\t\t\t\t\t\t\t<i aria-hidden=\"true\" class=\"eicon-chevron-right\"><\/i>\t\t\t\t\t\t\t<span class=\"elementor-screen-only\">Next<\/span>\n\t\t\t\t\t\t<\/div>\n\t\t\t\t\t\t\t\t\t\t\t\t<\/div>\n\t\t<\/div>\n\t\t\t\t<\/div>\n\t\t\t\t<\/div>\n\t\t\t\t\t<\/div>\n\t\t<\/div>\n\t\t\t\t\t\t\t<\/div>\n\t\t<\/section>\n\t\t\t\t<section class=\"elementor-section elementor-top-section elementor-element elementor-element-b637447 elementor-section-boxed elementor-section-height-default elementor-section-height-default\" data-id=\"b637447\" data-element_type=\"section\">\n\t\t\t\t\t\t<div class=\"elementor-container elementor-column-gap-default\">\n\t\t\t\t\t<div class=\"elementor-column elementor-col-100 elementor-top-column elementor-element elementor-element-b78b641\" data-id=\"b78b641\" data-element_type=\"column\">\n\t\t\t<div class=\"elementor-widget-wrap elementor-element-populated\">\n\t\t\t\t\t\t\t\t<div class=\"elementor-element elementor-element-dcf7fbb elementor-widget elementor-widget-heading\" data-id=\"dcf7fbb\" data-element_type=\"widget\" data-widget_type=\"heading.default\">\n\t\t\t\t<div class=\"elementor-widget-container\">\n\t\t\t<h3 class=\"elementor-heading-title elementor-size-default\">Casos de sucesso<\/h3>\t\t<\/div>\n\t\t\t\t<\/div>\n\t\t\t\t<section class=\"elementor-section elementor-inner-section elementor-element elementor-element-481fbd9 elementor-section-boxed elementor-section-height-default elementor-section-height-default\" data-id=\"481fbd9\" data-element_type=\"section\">\n\t\t\t\t\t\t<div class=\"elementor-container elementor-column-gap-default\">\n\t\t\t\t\t<div class=\"elementor-column elementor-col-25 elementor-inner-column elementor-element elementor-element-5418af8\" data-id=\"5418af8\" data-element_type=\"column\">\n\t\t\t<div class=\"elementor-widget-wrap elementor-element-populated\">\n\t\t\t\t\t\t\t\t<div class=\"elementor-element elementor-element-67db54c elementor-widget elementor-widget-image\" data-id=\"67db54c\" data-element_type=\"widget\" data-widget_type=\"image.default\">\n\t\t\t\t<div class=\"elementor-widget-container\">\n\t\t\t<style>\/*! elementor - v3.16.0 - 12-09-2023 *\/\n.elementor-widget-image{text-align:center}.elementor-widget-image a{display:inline-block}.elementor-widget-image a img[src$=\".svg\"]{width:48px}.elementor-widget-image img{vertical-align:middle;display:inline-block}<\/style>\t\t\t\t\t\t\t\t\t\t\t\t<img loading=\"lazy\" decoding=\"async\" width=\"917\" height=\"626\" src=\"https:\/\/investinalentejo.pt\/pt\/wp-content\/uploads\/2022\/12\/0-multinational-corporations.png\" class=\"attachment-large size-large wp-image-945\" alt=\"\" \/>\t\t\t\t\t\t\t\t\t\t\t\t\t\t\t<\/div>\n\t\t\t\t<\/div>\n\t\t\t\t<div class=\"elementor-element elementor-element-fd68e30 elementor-widget elementor-widget-heading\" data-id=\"fd68e30\" data-element_type=\"widget\" data-widget_type=\"heading.default\">\n\t\t\t\t<div class=\"elementor-widget-container\">\n\t\t\t<h2 class=\"elementor-heading-title elementor-size-default\">Empresas multinacionais<\/h2>\t\t<\/div>\n\t\t\t\t<\/div>\n\t\t\t\t<div class=\"elementor-element elementor-element-20b4f46 elementor-widget elementor-widget-button\" data-id=\"20b4f46\" data-element_type=\"widget\" data-widget_type=\"button.default\">\n\t\t\t\t<div class=\"elementor-widget-container\">\n\t\t\t\t\t<div class=\"elementor-button-wrapper\">\n\t\t\t<a class=\"elementor-button elementor-button-link elementor-size-sm\" href=\"#multinationals\" id=\"btn-mutinationals\">\n\t\t\t\t\t\t<span class=\"elementor-button-content-wrapper\">\n\t\t\t\t\t\t<span class=\"elementor-button-text\">Saiba mais<\/span>\n\t\t<\/span>\n\t\t\t\t\t<\/a>\n\t\t<\/div>\n\t\t\t\t<\/div>\n\t\t\t\t<\/div>\n\t\t\t\t\t<\/div>\n\t\t<\/div>\n\t\t\t\t<div class=\"elementor-column elementor-col-25 elementor-inner-column elementor-element elementor-element-875d683\" data-id=\"875d683\" data-element_type=\"column\">\n\t\t\t<div class=\"elementor-widget-wrap elementor-element-populated\">\n\t\t\t\t\t\t\t\t<div class=\"elementor-element elementor-element-5508337 elementor-widget elementor-widget-image\" data-id=\"5508337\" data-element_type=\"widget\" data-widget_type=\"image.default\">\n\t\t\t\t<div class=\"elementor-widget-container\">\n\t\t\t\t\t\t\t\t\t\t\t\t\t\t\t<img loading=\"lazy\" decoding=\"async\" width=\"917\" height=\"626\" src=\"https:\/\/investinalentejo.pt\/pt\/wp-content\/uploads\/2022\/12\/0-clusters.png\" class=\"attachment-large size-large wp-image-949\" alt=\"\" \/>\t\t\t\t\t\t\t\t\t\t\t\t\t\t\t<\/div>\n\t\t\t\t<\/div>\n\t\t\t\t<div class=\"elementor-element elementor-element-1a1b019 elementor-widget elementor-widget-heading\" data-id=\"1a1b019\" data-element_type=\"widget\" data-widget_type=\"heading.default\">\n\t\t\t\t<div class=\"elementor-widget-container\">\n\t\t\t<h2 class=\"elementor-heading-title elementor-size-default\">Clusters<\/h2>\t\t<\/div>\n\t\t\t\t<\/div>\n\t\t\t\t<div class=\"elementor-element elementor-element-6873524 elementor-widget elementor-widget-button\" data-id=\"6873524\" data-element_type=\"widget\" data-widget_type=\"button.default\">\n\t\t\t\t<div class=\"elementor-widget-container\">\n\t\t\t\t\t<div class=\"elementor-button-wrapper\">\n\t\t\t<a class=\"elementor-button elementor-button-link elementor-size-sm\" href=\"#clusters\" id=\"btn-clusters\">\n\t\t\t\t\t\t<span class=\"elementor-button-content-wrapper\">\n\t\t\t\t\t\t<span class=\"elementor-button-text\">Saiba mais<\/span>\n\t\t<\/span>\n\t\t\t\t\t<\/a>\n\t\t<\/div>\n\t\t\t\t<\/div>\n\t\t\t\t<\/div>\n\t\t\t\t\t<\/div>\n\t\t<\/div>\n\t\t\t\t<div class=\"elementor-column elementor-col-25 elementor-inner-column elementor-element elementor-element-a628c56\" data-id=\"a628c56\" data-element_type=\"column\">\n\t\t\t<div class=\"elementor-widget-wrap elementor-element-populated\">\n\t\t\t\t\t\t\t\t<div class=\"elementor-element elementor-element-1af62fc elementor-widget elementor-widget-image\" data-id=\"1af62fc\" data-element_type=\"widget\" data-widget_type=\"image.default\">\n\t\t\t\t<div class=\"elementor-widget-container\">\n\t\t\t\t\t\t\t\t\t\t\t\t\t\t\t<img loading=\"lazy\" decoding=\"async\" width=\"917\" height=\"626\" src=\"https:\/\/investinalentejo.pt\/pt\/wp-content\/uploads\/2022\/12\/0-knowledge-centers.png\" class=\"attachment-large size-large wp-image-950\" alt=\"\" \/>\t\t\t\t\t\t\t\t\t\t\t\t\t\t\t<\/div>\n\t\t\t\t<\/div>\n\t\t\t\t<div class=\"elementor-element elementor-element-e3362ab elementor-widget elementor-widget-heading\" data-id=\"e3362ab\" data-element_type=\"widget\" data-widget_type=\"heading.default\">\n\t\t\t\t<div class=\"elementor-widget-container\">\n\t\t\t<h2 class=\"elementor-heading-title elementor-size-default\">Centros de conhecimento<\/h2>\t\t<\/div>\n\t\t\t\t<\/div>\n\t\t\t\t<div class=\"elementor-element elementor-element-f784a01 elementor-widget elementor-widget-button\" data-id=\"f784a01\" data-element_type=\"widget\" data-widget_type=\"button.default\">\n\t\t\t\t<div class=\"elementor-widget-container\">\n\t\t\t\t\t<div class=\"elementor-button-wrapper\">\n\t\t\t<a class=\"elementor-button elementor-button-link elementor-size-sm\" href=\"#knowledgecenters\" id=\"btn-knowledgecenters\">\n\t\t\t\t\t\t<span class=\"elementor-button-content-wrapper\">\n\t\t\t\t\t\t<span class=\"elementor-button-text\">Saiba mais<\/span>\n\t\t<\/span>\n\t\t\t\t\t<\/a>\n\t\t<\/div>\n\t\t\t\t<\/div>\n\t\t\t\t<\/div>\n\t\t\t\t\t<\/div>\n\t\t<\/div>\n\t\t\t\t<div class=\"elementor-column elementor-col-25 elementor-inner-column elementor-element elementor-element-ba27704\" data-id=\"ba27704\" data-element_type=\"column\">\n\t\t\t<div class=\"elementor-widget-wrap elementor-element-populated\">\n\t\t\t\t\t\t\t\t<div class=\"elementor-element elementor-element-3d7239a elementor-widget elementor-widget-image\" data-id=\"3d7239a\" data-element_type=\"widget\" data-widget_type=\"image.default\">\n\t\t\t\t<div class=\"elementor-widget-container\">\n\t\t\t\t\t\t\t\t\t\t\t\t\t\t\t<img loading=\"lazy\" decoding=\"async\" width=\"917\" height=\"626\" src=\"https:\/\/investinalentejo.pt\/pt\/wp-content\/uploads\/2022\/12\/0-startups.png\" class=\"attachment-large size-large wp-image-951\" alt=\"\" \/>\t\t\t\t\t\t\t\t\t\t\t\t\t\t\t<\/div>\n\t\t\t\t<\/div>\n\t\t\t\t<div class=\"elementor-element elementor-element-46208b8 elementor-widget elementor-widget-heading\" data-id=\"46208b8\" data-element_type=\"widget\" data-widget_type=\"heading.default\">\n\t\t\t\t<div class=\"elementor-widget-container\">\n\t\t\t<h2 class=\"elementor-heading-title elementor-size-default\">STARTUPS<\/h2>\t\t<\/div>\n\t\t\t\t<\/div>\n\t\t\t\t<div class=\"elementor-element elementor-element-4a8eb06 elementor-widget elementor-widget-button\" data-id=\"4a8eb06\" data-element_type=\"widget\" data-widget_type=\"button.default\">\n\t\t\t\t<div class=\"elementor-widget-container\">\n\t\t\t\t\t<div class=\"elementor-button-wrapper\">\n\t\t\t<a class=\"elementor-button elementor-button-link elementor-size-sm\" href=\"#startups\" id=\"btn-startups\">\n\t\t\t\t\t\t<span class=\"elementor-button-content-wrapper\">\n\t\t\t\t\t\t<span class=\"elementor-button-text\">Saiba mais<\/span>\n\t\t<\/span>\n\t\t\t\t\t<\/a>\n\t\t<\/div>\n\t\t\t\t<\/div>\n\t\t\t\t<\/div>\n\t\t\t\t\t<\/div>\n\t\t<\/div>\n\t\t\t\t\t\t\t<\/div>\n\t\t<\/section>\n\t\t\t\t\t<\/div>\n\t\t<\/div>\n\t\t\t\t\t\t\t<\/div>\n\t\t<\/section>\n\t\t\t\t<section class=\"elementor-section elementor-top-section elementor-element elementor-element-11de714 case-studies elementor-section-boxed elementor-section-height-default elementor-section-height-default\" data-id=\"11de714\" data-element_type=\"section\" id=\"multinationals\">\n\t\t\t\t\t\t<div class=\"elementor-container elementor-column-gap-default\">\n\t\t\t\t\t<div class=\"elementor-column elementor-col-100 elementor-top-column elementor-element elementor-element-e6be4ad\" data-id=\"e6be4ad\" data-element_type=\"column\">\n\t\t\t<div class=\"elementor-widget-wrap elementor-element-populated\">\n\t\t\t\t\t\t\t\t<div class=\"elementor-element elementor-element-f29cf76 elementor-widget elementor-widget-heading\" data-id=\"f29cf76\" data-element_type=\"widget\" data-widget_type=\"heading.default\">\n\t\t\t\t<div class=\"elementor-widget-container\">\n\t\t\t<h3 class=\"elementor-heading-title elementor-size-default\">Empresas multinacionais<\/h3>\t\t<\/div>\n\t\t\t\t<\/div>\n\t\t\t\t<section class=\"elementor-section elementor-inner-section elementor-element elementor-element-0ddab9b elementor-section-boxed elementor-section-height-default elementor-section-height-default\" data-id=\"0ddab9b\" data-element_type=\"section\">\n\t\t\t\t\t\t<div class=\"elementor-container elementor-column-gap-default\">\n\t\t\t\t\t<div class=\"elementor-column elementor-col-50 elementor-inner-column elementor-element elementor-element-c8ec544\" data-id=\"c8ec544\" data-element_type=\"column\">\n\t\t\t<div class=\"elementor-widget-wrap elementor-element-populated\">\n\t\t\t\t\t\t\t\t<div class=\"elementor-element elementor-element-d1b5dc3 elementor-widget elementor-widget-image\" data-id=\"d1b5dc3\" data-element_type=\"widget\" data-widget_type=\"image.default\">\n\t\t\t\t<div class=\"elementor-widget-container\">\n\t\t\t\t\t\t\t\t\t\t\t\t\t\t\t<img loading=\"lazy\" decoding=\"async\" width=\"917\" height=\"626\" src=\"https:\/\/investinalentejo.pt\/pt\/wp-content\/uploads\/2022\/12\/1-aeromec.png\" class=\"attachment-large size-large wp-image-941\" alt=\"\" \/>\t\t\t\t\t\t\t\t\t\t\t\t\t\t\t<\/div>\n\t\t\t\t<\/div>\n\t\t\t\t\t<\/div>\n\t\t<\/div>\n\t\t\t\t<div class=\"elementor-column elementor-col-50 elementor-inner-column elementor-element elementor-element-f067e2e\" data-id=\"f067e2e\" data-element_type=\"column\">\n\t\t\t<div class=\"elementor-widget-wrap elementor-element-populated\">\n\t\t\t\t\t\t\t\t<div class=\"elementor-element elementor-element-e1629b2 elementor-widget elementor-widget-heading\" data-id=\"e1629b2\" data-element_type=\"widget\" data-widget_type=\"heading.default\">\n\t\t\t\t<div class=\"elementor-widget-container\">\n\t\t\t<h3 class=\"elementor-heading-title elementor-size-default\">Aeromec<\/h3>\t\t<\/div>\n\t\t\t\t<\/div>\n\t\t\t\t<div class=\"elementor-element elementor-element-9d3d13e elementor-widget elementor-widget-heading\" data-id=\"9d3d13e\" data-element_type=\"widget\" data-widget_type=\"heading.default\">\n\t\t\t\t<div class=\"elementor-widget-container\">\n\t\t\t<p class=\"elementor-heading-title elementor-size-default\">Ponte de Sor<\/p>\t\t<\/div>\n\t\t\t\t<\/div>\n\t\t\t\t<div class=\"elementor-element elementor-element-59f58b4 elementor-widget elementor-widget-text-editor\" data-id=\"59f58b4\" data-element_type=\"widget\" data-widget_type=\"text-editor.default\">\n\t\t\t\t<div class=\"elementor-widget-container\">\n\t\t\t<style>\/*! elementor - v3.16.0 - 12-09-2023 *\/\n.elementor-widget-text-editor.elementor-drop-cap-view-stacked .elementor-drop-cap{background-color:#69727d;color:#fff}.elementor-widget-text-editor.elementor-drop-cap-view-framed .elementor-drop-cap{color:#69727d;border:3px solid;background-color:transparent}.elementor-widget-text-editor:not(.elementor-drop-cap-view-default) .elementor-drop-cap{margin-top:8px}.elementor-widget-text-editor:not(.elementor-drop-cap-view-default) .elementor-drop-cap-letter{width:1em;height:1em}.elementor-widget-text-editor .elementor-drop-cap{float:left;text-align:center;line-height:1;font-size:50px}.elementor-widget-text-editor .elementor-drop-cap-letter{display:inline-block}<\/style>\t\t\t\t<p>\u201cFundada em 1991 como a empresa de manuten\u00e7\u00e3o de aeronaves do Grupo OMNI, a AEROMEC foi evoluindo ao longo dos anos, dando resposta aos exigentes requisitos da ind\u00fastria da avia\u00e7\u00e3o, construindo uma reputa\u00e7\u00e3o s\u00f3lida e oferecendo, hoje, solu\u00e7\u00f5es personalizadas de manuten\u00e7\u00e3o, repara\u00e7\u00e3o e revis\u00e3o para os diferentes mercados da avia\u00e7\u00e3o: Comercial, Executiva, Helic\u00f3pteros e Defesa, com especial foco no Apoio ao cliente, <i><span style=\"font-weight: 400;\">Compliance<\/span><\/i><span style=\"font-weight: 400;\">, Seguran\u00e7a, Inova\u00e7\u00e3o e progresso cont\u00ednuo.\u201d<\/span><\/p><p><span style=\"color: var( --e-global-color-text );\">Para saber mais sobre a <\/span><a style=\"font-weight: var( --e-global-typography-text-font-weight );\" href=\"https:\/\/www.aeromec.pt\">Aeromec<\/a><\/p>\t\t\t\t\t\t<\/div>\n\t\t\t\t<\/div>\n\t\t\t\t\t<\/div>\n\t\t<\/div>\n\t\t\t\t\t\t\t<\/div>\n\t\t<\/section>\n\t\t\t\t<section class=\"elementor-section elementor-inner-section elementor-element elementor-element-de62411 elementor-section-boxed elementor-section-height-default elementor-section-height-default\" data-id=\"de62411\" data-element_type=\"section\">\n\t\t\t\t\t\t<div class=\"elementor-container elementor-column-gap-default\">\n\t\t\t\t\t<div class=\"elementor-column elementor-col-50 elementor-inner-column elementor-element elementor-element-19eecea\" data-id=\"19eecea\" data-element_type=\"column\">\n\t\t\t<div class=\"elementor-widget-wrap elementor-element-populated\">\n\t\t\t\t\t\t\t\t<div class=\"elementor-element elementor-element-e47dc1e elementor-widget elementor-widget-image\" data-id=\"e47dc1e\" data-element_type=\"widget\" data-widget_type=\"image.default\">\n\t\t\t\t<div class=\"elementor-widget-container\">\n\t\t\t\t\t\t\t\t\t\t\t\t\t\t\t<img loading=\"lazy\" decoding=\"async\" width=\"917\" height=\"626\" src=\"https:\/\/investinalentejo.pt\/pt\/wp-content\/uploads\/2022\/12\/2-indorama.png\" class=\"attachment-large size-large wp-image-982\" alt=\"\" \/>\t\t\t\t\t\t\t\t\t\t\t\t\t\t\t<\/div>\n\t\t\t\t<\/div>\n\t\t\t\t\t<\/div>\n\t\t<\/div>\n\t\t\t\t<div class=\"elementor-column elementor-col-50 elementor-inner-column elementor-element elementor-element-9d2fe4e\" data-id=\"9d2fe4e\" data-element_type=\"column\">\n\t\t\t<div class=\"elementor-widget-wrap elementor-element-populated\">\n\t\t\t\t\t\t\t\t<div class=\"elementor-element elementor-element-6974562 elementor-widget elementor-widget-heading\" data-id=\"6974562\" data-element_type=\"widget\" data-widget_type=\"heading.default\">\n\t\t\t\t<div class=\"elementor-widget-container\">\n\t\t\t<h3 class=\"elementor-heading-title elementor-size-default\">Artlant\/Indorama<\/h3>\t\t<\/div>\n\t\t\t\t<\/div>\n\t\t\t\t<div class=\"elementor-element elementor-element-1e78d3d elementor-widget elementor-widget-heading\" data-id=\"1e78d3d\" data-element_type=\"widget\" data-widget_type=\"heading.default\">\n\t\t\t\t<div class=\"elementor-widget-container\">\n\t\t\t<p class=\"elementor-heading-title elementor-size-default\">Sines<\/p>\t\t<\/div>\n\t\t\t\t<\/div>\n\t\t\t\t<div class=\"elementor-element elementor-element-8b99adf elementor-widget elementor-widget-text-editor\" data-id=\"8b99adf\" data-element_type=\"widget\" data-widget_type=\"text-editor.default\">\n\t\t\t\t<div class=\"elementor-widget-container\">\n\t\t\t\t\t\t\t<p dir=\"ltr\">\u201cA Indorama Ventures \u00e9 uma empresa do setor da qu\u00edmica sustent\u00e1vel, reconhecida internacionalmente, l\u00edder mundial na produ\u00e7\u00e3o de PET (politereftalato de etileno) integrado e fibras, com clientes de renome, de diversos setores da economia. Tendo por base os nossos princ\u00edpios fundamentais, desenvolvemos produtos inovadores adaptados \u00e0s necessidades dos nossos clientes, criando produtos \u00fateis para a sociedade.\u201d<\/p><p dir=\"ltr\"><span style=\"color: var( --e-global-color-text ); font-weight: var( --e-global-typography-text-font-weight );\">Para saber mais sobre a <\/span><a style=\"font-weight: var( --e-global-typography-text-font-weight );\" href=\"https:\/\/www.indoramaventures.com\/en\/home\">Indorama Ventures<\/a><span style=\"color: var( --e-global-color-text ); font-weight: var( --e-global-typography-text-font-weight );\">\u00a0<\/span><\/p>\t\t\t\t\t\t<\/div>\n\t\t\t\t<\/div>\n\t\t\t\t\t<\/div>\n\t\t<\/div>\n\t\t\t\t\t\t\t<\/div>\n\t\t<\/section>\n\t\t\t\t<section class=\"elementor-section elementor-inner-section elementor-element elementor-element-967ef53 elementor-section-boxed elementor-section-height-default elementor-section-height-default\" data-id=\"967ef53\" data-element_type=\"section\">\n\t\t\t\t\t\t<div class=\"elementor-container elementor-column-gap-default\">\n\t\t\t\t\t<div class=\"elementor-column elementor-col-50 elementor-inner-column elementor-element elementor-element-4afb36b\" data-id=\"4afb36b\" data-element_type=\"column\">\n\t\t\t<div class=\"elementor-widget-wrap elementor-element-populated\">\n\t\t\t\t\t\t\t\t<div class=\"elementor-element elementor-element-d6b32a1 elementor-widget elementor-widget-image\" data-id=\"d6b32a1\" data-element_type=\"widget\" data-widget_type=\"image.default\">\n\t\t\t\t<div class=\"elementor-widget-container\">\n\t\t\t\t\t\t\t\t\t\t\t\t\t\t\t<img loading=\"lazy\" decoding=\"async\" width=\"300\" height=\"205\" src=\"https:\/\/investinalentejo.pt\/pt\/wp-content\/uploads\/2022\/12\/asbreathing.jpg\" class=\"attachment-medium size-medium wp-image-1048\" alt=\"\" \/>\t\t\t\t\t\t\t\t\t\t\t\t\t\t\t<\/div>\n\t\t\t\t<\/div>\n\t\t\t\t\t<\/div>\n\t\t<\/div>\n\t\t\t\t<div class=\"elementor-column elementor-col-50 elementor-inner-column elementor-element elementor-element-458d61b\" data-id=\"458d61b\" data-element_type=\"column\">\n\t\t\t<div class=\"elementor-widget-wrap elementor-element-populated\">\n\t\t\t\t\t\t\t\t<div class=\"elementor-element elementor-element-ceefd0b elementor-widget elementor-widget-heading\" data-id=\"ceefd0b\" data-element_type=\"widget\" data-widget_type=\"heading.default\">\n\t\t\t\t<div class=\"elementor-widget-container\">\n\t\t\t<h3 class=\"elementor-heading-title elementor-size-default\">AS Breathing<\/h3>\t\t<\/div>\n\t\t\t\t<\/div>\n\t\t\t\t<div class=\"elementor-element elementor-element-505e8db elementor-widget elementor-widget-heading\" data-id=\"505e8db\" data-element_type=\"widget\" data-widget_type=\"heading.default\">\n\t\t\t\t<div class=\"elementor-widget-container\">\n\t\t\t<p class=\"elementor-heading-title elementor-size-default\">Ponte de Sor<\/p>\t\t<\/div>\n\t\t\t\t<\/div>\n\t\t\t\t<div class=\"elementor-element elementor-element-9a95f80 elementor-widget elementor-widget-text-editor\" data-id=\"9a95f80\" data-element_type=\"widget\" data-widget_type=\"text-editor.default\">\n\t\t\t\t<div class=\"elementor-widget-container\">\n\t\t\t\t\t\t\tA AS Breathing trabalha no desenvolvimento, fabrico e comercializa\u00e7\u00e3o de equipamento para aeronaves e helic\u00f3pteros. \t\t\t\t\t\t<\/div>\n\t\t\t\t<\/div>\n\t\t\t\t\t<\/div>\n\t\t<\/div>\n\t\t\t\t\t\t\t<\/div>\n\t\t<\/section>\n\t\t\t\t<section class=\"elementor-section elementor-inner-section elementor-element elementor-element-d905ad5 elementor-section-boxed elementor-section-height-default elementor-section-height-default\" data-id=\"d905ad5\" data-element_type=\"section\">\n\t\t\t\t\t\t<div class=\"elementor-container elementor-column-gap-default\">\n\t\t\t\t\t<div class=\"elementor-column elementor-col-50 elementor-inner-column elementor-element elementor-element-a6a5e28\" data-id=\"a6a5e28\" data-element_type=\"column\">\n\t\t\t<div class=\"elementor-widget-wrap elementor-element-populated\">\n\t\t\t\t\t\t\t\t<div class=\"elementor-element elementor-element-3a43468 elementor-widget elementor-widget-image\" data-id=\"3a43468\" data-element_type=\"widget\" data-widget_type=\"image.default\">\n\t\t\t\t<div class=\"elementor-widget-container\">\n\t\t\t\t\t\t\t\t\t\t\t\t\t\t\t<img loading=\"lazy\" decoding=\"async\" width=\"917\" height=\"626\" src=\"https:\/\/investinalentejo.pt\/pt\/wp-content\/uploads\/2022\/12\/4-decsis.png\" class=\"attachment-large size-large wp-image-983\" alt=\"\" \/>\t\t\t\t\t\t\t\t\t\t\t\t\t\t\t<\/div>\n\t\t\t\t<\/div>\n\t\t\t\t\t<\/div>\n\t\t<\/div>\n\t\t\t\t<div class=\"elementor-column elementor-col-50 elementor-inner-column elementor-element elementor-element-5ac2978\" data-id=\"5ac2978\" data-element_type=\"column\">\n\t\t\t<div class=\"elementor-widget-wrap elementor-element-populated\">\n\t\t\t\t\t\t\t\t<div class=\"elementor-element elementor-element-25112c8 elementor-widget elementor-widget-heading\" data-id=\"25112c8\" data-element_type=\"widget\" data-widget_type=\"heading.default\">\n\t\t\t\t<div class=\"elementor-widget-container\">\n\t\t\t<h3 class=\"elementor-heading-title elementor-size-default\">Decsis<\/h3>\t\t<\/div>\n\t\t\t\t<\/div>\n\t\t\t\t<div class=\"elementor-element elementor-element-2f45a8a elementor-widget elementor-widget-heading\" data-id=\"2f45a8a\" data-element_type=\"widget\" data-widget_type=\"heading.default\">\n\t\t\t\t<div class=\"elementor-widget-container\">\n\t\t\t<p class=\"elementor-heading-title elementor-size-default\">\u00c9vora<\/p>\t\t<\/div>\n\t\t\t\t<\/div>\n\t\t\t\t<div class=\"elementor-element elementor-element-b81bd76 elementor-widget elementor-widget-text-editor\" data-id=\"b81bd76\" data-element_type=\"widget\" data-widget_type=\"text-editor.default\">\n\t\t\t\t<div class=\"elementor-widget-container\">\n\t\t\t\t\t\t\t<p><span style=\"font-weight: 400;\">\u201cA Decsis &#8211; Sistemas de Informa\u00e7\u00e3o S.A. \u00e9 uma empresa Portuguesa especializada e focada na presta\u00e7\u00e3o de servi\u00e7os no sector das tecnologias da Informa\u00e7\u00e3o.\u00a0<\/span><span style=\"color: var( --e-global-color-text );\">Hoje em dia a Decsis &#8211; Sistemas de Informa\u00e7\u00e3o S.A. \u00e9 reconhecida pelo mercado como sendo uma empresa fornecedora de servi\u00e7os de elevada qualidade.\u201d<\/span><\/p><p><span style=\"color: var( --e-global-color-text );\">Para saber mais sobre a <\/span><a style=\"font-weight: var( --e-global-typography-text-font-weight );\" href=\"https:\/\/www.decsis.eu\">Decsis<\/a><\/p>\t\t\t\t\t\t<\/div>\n\t\t\t\t<\/div>\n\t\t\t\t\t<\/div>\n\t\t<\/div>\n\t\t\t\t\t\t\t<\/div>\n\t\t<\/section>\n\t\t\t\t<section class=\"elementor-section elementor-inner-section elementor-element elementor-element-55d2bc4 elementor-section-boxed elementor-section-height-default elementor-section-height-default\" data-id=\"55d2bc4\" data-element_type=\"section\">\n\t\t\t\t\t\t<div class=\"elementor-container elementor-column-gap-default\">\n\t\t\t\t\t<div class=\"elementor-column elementor-col-50 elementor-inner-column elementor-element elementor-element-69a7cbd\" data-id=\"69a7cbd\" data-element_type=\"column\">\n\t\t\t<div class=\"elementor-widget-wrap elementor-element-populated\">\n\t\t\t\t\t\t\t\t<div class=\"elementor-element elementor-element-fc4e318 elementor-widget elementor-widget-image\" data-id=\"fc4e318\" data-element_type=\"widget\" data-widget_type=\"image.default\">\n\t\t\t\t<div class=\"elementor-widget-container\">\n\t\t\t\t\t\t\t\t\t\t\t\t\t\t\t<img loading=\"lazy\" decoding=\"async\" width=\"917\" height=\"626\" src=\"https:\/\/investinalentejo.pt\/pt\/wp-content\/uploads\/2022\/12\/5-edp.png\" class=\"attachment-large size-large wp-image-984\" alt=\"\" \/>\t\t\t\t\t\t\t\t\t\t\t\t\t\t\t<\/div>\n\t\t\t\t<\/div>\n\t\t\t\t\t<\/div>\n\t\t<\/div>\n\t\t\t\t<div class=\"elementor-column elementor-col-50 elementor-inner-column elementor-element elementor-element-30f03f4\" data-id=\"30f03f4\" data-element_type=\"column\">\n\t\t\t<div class=\"elementor-widget-wrap elementor-element-populated\">\n\t\t\t\t\t\t\t\t<div class=\"elementor-element elementor-element-ae10dec elementor-widget elementor-widget-heading\" data-id=\"ae10dec\" data-element_type=\"widget\" data-widget_type=\"heading.default\">\n\t\t\t\t<div class=\"elementor-widget-container\">\n\t\t\t<h3 class=\"elementor-heading-title elementor-size-default\">EDP<\/h3>\t\t<\/div>\n\t\t\t\t<\/div>\n\t\t\t\t<div class=\"elementor-element elementor-element-49c0f9a elementor-widget elementor-widget-heading\" data-id=\"49c0f9a\" data-element_type=\"widget\" data-widget_type=\"heading.default\">\n\t\t\t\t<div class=\"elementor-widget-container\">\n\t\t\t<p class=\"elementor-heading-title elementor-size-default\">Sines<\/p>\t\t<\/div>\n\t\t\t\t<\/div>\n\t\t\t\t<div class=\"elementor-element elementor-element-8e178ed elementor-widget elementor-widget-text-editor\" data-id=\"8e178ed\" data-element_type=\"widget\" data-widget_type=\"text-editor.default\">\n\t\t\t\t<div class=\"elementor-widget-container\">\n\t\t\t\t\t\t\t<p><span style=\"font-weight: 400;\">\u201cH\u00e1 mais de 40 anos atr\u00e1s iniciamos como uma atividade industrial em Portugal e crescemos para tornar-nos uma majorit\u00e1ria da energia global e uma l\u00edder em transi\u00e7\u00e3o energ\u00e9tica. Atualmente, estamos presentes em 29 mercados e temos mais do que nove milh\u00f5es de clientes em eletricidade e g\u00e1s natural. E com a expans\u00e3o da nossa empresa, o nosso prop\u00f3sito e compromisso para com o planeta tamb\u00e9m tornaram-se mais fortes. Sabemos que para vencer a corrida contra a mudan\u00e7a clim\u00e1tica, o mundo necessita uma transforma\u00e7\u00e3o estrutural. E queremos impulsionar esta transforma\u00e7\u00e3o, utilizando a for\u00e7a do vento, sol e \u00e1gua numa escala global para acelerar a descarboniza\u00e7\u00e3o, n\u00e3o deixando ningu\u00e9m para tr\u00e1s.\u201d<\/span><\/p><p><span style=\"color: var( --e-global-color-text );\">Para saber mais sobre a <\/span><a style=\"font-weight: var( --e-global-typography-text-font-weight );\" href=\"https:\/\/www.edp.com\/pt-pt\">EDP<\/a><span style=\"color: var( --e-global-color-text );\">\u00a0<\/span><span style=\"font-weight: 400;\"><br \/><\/span><\/p>\t\t\t\t\t\t<\/div>\n\t\t\t\t<\/div>\n\t\t\t\t\t<\/div>\n\t\t<\/div>\n\t\t\t\t\t\t\t<\/div>\n\t\t<\/section>\n\t\t\t\t<section class=\"elementor-section elementor-inner-section elementor-element elementor-element-5f02770 elementor-section-boxed elementor-section-height-default elementor-section-height-default\" data-id=\"5f02770\" data-element_type=\"section\">\n\t\t\t\t\t\t<div class=\"elementor-container elementor-column-gap-default\">\n\t\t\t\t\t<div class=\"elementor-column elementor-col-50 elementor-inner-column elementor-element elementor-element-e09c57d\" data-id=\"e09c57d\" data-element_type=\"column\">\n\t\t\t<div class=\"elementor-widget-wrap elementor-element-populated\">\n\t\t\t\t\t\t\t\t<div class=\"elementor-element elementor-element-d04aced elementor-widget elementor-widget-image\" data-id=\"d04aced\" data-element_type=\"widget\" data-widget_type=\"image.default\">\n\t\t\t\t<div class=\"elementor-widget-container\">\n\t\t\t\t\t\t\t\t\t\t\t\t\t\t\t<img loading=\"lazy\" decoding=\"async\" width=\"917\" height=\"626\" src=\"https:\/\/investinalentejo.pt\/pt\/wp-content\/uploads\/2022\/12\/6-aernnova.png\" class=\"attachment-large size-large wp-image-985\" alt=\"\" \/>\t\t\t\t\t\t\t\t\t\t\t\t\t\t\t<\/div>\n\t\t\t\t<\/div>\n\t\t\t\t\t<\/div>\n\t\t<\/div>\n\t\t\t\t<div class=\"elementor-column elementor-col-50 elementor-inner-column elementor-element elementor-element-42da9ce\" data-id=\"42da9ce\" data-element_type=\"column\">\n\t\t\t<div class=\"elementor-widget-wrap elementor-element-populated\">\n\t\t\t\t\t\t\t\t<div class=\"elementor-element elementor-element-af20bc7 elementor-widget elementor-widget-heading\" data-id=\"af20bc7\" data-element_type=\"widget\" data-widget_type=\"heading.default\">\n\t\t\t\t<div class=\"elementor-widget-container\">\n\t\t\t<h3 class=\"elementor-heading-title elementor-size-default\">Aernnova<\/h3>\t\t<\/div>\n\t\t\t\t<\/div>\n\t\t\t\t<div class=\"elementor-element elementor-element-6815a90 elementor-widget elementor-widget-heading\" data-id=\"6815a90\" data-element_type=\"widget\" data-widget_type=\"heading.default\">\n\t\t\t\t<div class=\"elementor-widget-container\">\n\t\t\t<p class=\"elementor-heading-title elementor-size-default\">\u00c9vora<\/p>\t\t<\/div>\n\t\t\t\t<\/div>\n\t\t\t\t<div class=\"elementor-element elementor-element-028be78 elementor-widget elementor-widget-text-editor\" data-id=\"028be78\" data-element_type=\"widget\" data-widget_type=\"text-editor.default\">\n\t\t\t\t<div class=\"elementor-widget-container\">\n\t\t\t\t\t\t\t<p><span style=\"font-weight: 400;\">\u201cA Aernnova \u00e9 uma empresa l\u00edder <\/span><span style=\"font-weight: 400;\">na conce\u00e7\u00e3o e fabrico de estruturas aeron\u00e1uticas, como asas, fuselagens e estabilizadores, a Aernnova encontra-se presente nos principais mercados juntamente com clientes de refer\u00eancia.\u201d<\/span><\/p><p><span style=\"font-weight: 400;\">Para saber mais sobre a <\/span><a href=\"https:\/\/www.aernnova.com\/en\/\"><span style=\"font-weight: 400;\">Aernnova<\/span><\/a><\/p>\t\t\t\t\t\t<\/div>\n\t\t\t\t<\/div>\n\t\t\t\t\t<\/div>\n\t\t<\/div>\n\t\t\t\t\t\t\t<\/div>\n\t\t<\/section>\n\t\t\t\t<section class=\"elementor-section elementor-inner-section elementor-element elementor-element-af3b7b4 elementor-section-boxed elementor-section-height-default elementor-section-height-default\" data-id=\"af3b7b4\" data-element_type=\"section\">\n\t\t\t\t\t\t<div class=\"elementor-container elementor-column-gap-default\">\n\t\t\t\t\t<div class=\"elementor-column elementor-col-50 elementor-inner-column elementor-element elementor-element-1a92637\" data-id=\"1a92637\" data-element_type=\"column\">\n\t\t\t<div class=\"elementor-widget-wrap elementor-element-populated\">\n\t\t\t\t\t\t\t\t<div class=\"elementor-element elementor-element-b39fe40 elementor-widget elementor-widget-image\" data-id=\"b39fe40\" data-element_type=\"widget\" data-widget_type=\"image.default\">\n\t\t\t\t<div class=\"elementor-widget-container\">\n\t\t\t\t\t\t\t\t\t\t\t\t\t\t\t<img loading=\"lazy\" decoding=\"async\" width=\"917\" height=\"626\" src=\"https:\/\/investinalentejo.pt\/pt\/wp-content\/uploads\/2022\/12\/7-start-campus.png\" class=\"attachment-large size-large wp-image-986\" alt=\"\" \/>\t\t\t\t\t\t\t\t\t\t\t\t\t\t\t<\/div>\n\t\t\t\t<\/div>\n\t\t\t\t\t<\/div>\n\t\t<\/div>\n\t\t\t\t<div class=\"elementor-column elementor-col-50 elementor-inner-column elementor-element elementor-element-77edefb\" data-id=\"77edefb\" data-element_type=\"column\">\n\t\t\t<div class=\"elementor-widget-wrap elementor-element-populated\">\n\t\t\t\t\t\t\t\t<div class=\"elementor-element elementor-element-1889ebb elementor-widget elementor-widget-heading\" data-id=\"1889ebb\" data-element_type=\"widget\" data-widget_type=\"heading.default\">\n\t\t\t\t<div class=\"elementor-widget-container\">\n\t\t\t<h3 class=\"elementor-heading-title elementor-size-default\">Start Campus<\/h3>\t\t<\/div>\n\t\t\t\t<\/div>\n\t\t\t\t<div class=\"elementor-element elementor-element-2dc7dc8 elementor-widget elementor-widget-heading\" data-id=\"2dc7dc8\" data-element_type=\"widget\" data-widget_type=\"heading.default\">\n\t\t\t\t<div class=\"elementor-widget-container\">\n\t\t\t<p class=\"elementor-heading-title elementor-size-default\">Sines<\/p>\t\t<\/div>\n\t\t\t\t<\/div>\n\t\t\t\t<div class=\"elementor-element elementor-element-a3625f2 elementor-widget elementor-widget-text-editor\" data-id=\"a3625f2\" data-element_type=\"widget\" data-widget_type=\"text-editor.default\">\n\t\t\t\t<div class=\"elementor-widget-container\">\n\t\t\t\t\t\t\t<p><span style=\"font-weight: 400;\">\u201cA Start Campus \u00e9 uma empresa inovadora no processo de sele\u00e7\u00e3o de local, design e constru\u00e7\u00e3o de ecossistemas 100% verdes.<\/span><\/p><p><span style=\"font-weight: 400;\">O nosso objetivo \u00e9 atingir a neutralidade carb\u00f3nica at\u00e9 2028. Estamos a tomar medidas para alcan\u00e7ar este objetivo atrav\u00e9s dos nossos elevados padr\u00f5es de sustentabilidade e efici\u00eancia de custos. Isto \u00e9 conseguido atrav\u00e9s da remodela\u00e7\u00e3o das instala\u00e7\u00f5es de rede energ\u00e9tica existentes, utilizando o oceano como uma solu\u00e7\u00e3o de refrigera\u00e7\u00e3o de \u00faltima gera\u00e7\u00e3o, bem como parques solares pr\u00f3prios, apoiados por baterias e PPAs verdes, para otimizar custos.<\/span><\/p><p><span style=\"font-weight: 400;\">Estas instala\u00e7\u00f5es criam a sua pr\u00f3pria energia, protegem o ambiente e n\u00e3o sobrecarregam a rede de energia da comunidade. Ao localizar estes ecossistemas fora das grandes regi\u00f5es metropolitanas, o campus da Start Campus tem um impacto positivo nas contribui\u00e7\u00f5es l\u00edquidas ao proporcionar uma nova ind\u00fastria completa dentro das comunidades locais, com emprego e novas compet\u00eancias.\u201d<\/span><\/p><p><span style=\"font-weight: 400;\">Para saber mais sobre a <\/span><a href=\"https:\/\/www.startcampus.pt\/en\/\"><span style=\"font-weight: 400;\">Start Campus<\/span><\/a><span style=\"font-weight: 400;\">\u00a0<\/span><\/p>\t\t\t\t\t\t<\/div>\n\t\t\t\t<\/div>\n\t\t\t\t\t<\/div>\n\t\t<\/div>\n\t\t\t\t\t\t\t<\/div>\n\t\t<\/section>\n\t\t\t\t<section class=\"elementor-section elementor-inner-section elementor-element elementor-element-367f624 elementor-section-boxed elementor-section-height-default elementor-section-height-default\" data-id=\"367f624\" data-element_type=\"section\">\n\t\t\t\t\t\t<div class=\"elementor-container elementor-column-gap-default\">\n\t\t\t\t\t<div class=\"elementor-column elementor-col-50 elementor-inner-column elementor-element elementor-element-19cf6f3\" data-id=\"19cf6f3\" data-element_type=\"column\">\n\t\t\t<div class=\"elementor-widget-wrap elementor-element-populated\">\n\t\t\t\t\t\t\t\t<div class=\"elementor-element elementor-element-b6fd673 elementor-widget elementor-widget-image\" data-id=\"b6fd673\" data-element_type=\"widget\" data-widget_type=\"image.default\">\n\t\t\t\t<div class=\"elementor-widget-container\">\n\t\t\t\t\t\t\t\t\t\t\t\t\t\t\t<img loading=\"lazy\" decoding=\"async\" width=\"917\" height=\"626\" src=\"https:\/\/investinalentejo.pt\/pt\/wp-content\/uploads\/2022\/12\/8-euroresinas.png\" class=\"attachment-large size-large wp-image-987\" alt=\"\" \/>\t\t\t\t\t\t\t\t\t\t\t\t\t\t\t<\/div>\n\t\t\t\t<\/div>\n\t\t\t\t\t<\/div>\n\t\t<\/div>\n\t\t\t\t<div class=\"elementor-column elementor-col-50 elementor-inner-column elementor-element elementor-element-fc2208a\" data-id=\"fc2208a\" data-element_type=\"column\">\n\t\t\t<div class=\"elementor-widget-wrap elementor-element-populated\">\n\t\t\t\t\t\t\t\t<div class=\"elementor-element elementor-element-6692505 elementor-widget elementor-widget-heading\" data-id=\"6692505\" data-element_type=\"widget\" data-widget_type=\"heading.default\">\n\t\t\t\t<div class=\"elementor-widget-container\">\n\t\t\t<h3 class=\"elementor-heading-title elementor-size-default\">EuroResinas (Grupo Sonae Ind\u00fastria)<\/h3>\t\t<\/div>\n\t\t\t\t<\/div>\n\t\t\t\t<div class=\"elementor-element elementor-element-66623df elementor-widget elementor-widget-heading\" data-id=\"66623df\" data-element_type=\"widget\" data-widget_type=\"heading.default\">\n\t\t\t\t<div class=\"elementor-widget-container\">\n\t\t\t<p class=\"elementor-heading-title elementor-size-default\">Sines<\/p>\t\t<\/div>\n\t\t\t\t<\/div>\n\t\t\t\t<div class=\"elementor-element elementor-element-403de88 elementor-widget elementor-widget-text-editor\" data-id=\"403de88\" data-element_type=\"widget\" data-widget_type=\"text-editor.default\">\n\t\t\t\t<div class=\"elementor-widget-container\">\n\t\t\t\t\t\t\t<p><span style=\"font-weight: 400;\">\u201cA Sonae Arauco, grupo ao qual pertence a empresa EuroResinas, \u00e9 uma das principais produtoras mundiais de pain\u00e9is derivados de madeira. A sua miss\u00e3o \u00e9 oferecer solu\u00e7\u00f5es derivadas de madeira que melhoram a vida das pessoas. A Sonae Arauco est\u00e1 empenhada em promover a inova\u00e7\u00e3o, elevando o design e a qualidade dos seus produtos para o setor mobili\u00e1rio e de design de interiores. <\/span><span style=\"font-weight: 400;\">Com presen\u00e7a mundial, uma alma industrial e uma vis\u00e3o a longo prazo, a Sonae Arauco \u00e9 uma empresa verdadeiramente comprometida com a prote\u00e7\u00e3o do meio ambiente.\u201d<\/span><\/p><p><span style=\"font-weight: 400;\">Para saber mais sobre a <\/span><a href=\"https:\/\/www.sonaearauco.com\/pt\/\"><span style=\"font-weight: 400;\">EuroResinas<\/span><\/a><span style=\"font-weight: 400;\"> e o grupo Sonae Arauco\u00a0<\/span><\/p>\t\t\t\t\t\t<\/div>\n\t\t\t\t<\/div>\n\t\t\t\t\t<\/div>\n\t\t<\/div>\n\t\t\t\t\t\t\t<\/div>\n\t\t<\/section>\n\t\t\t\t<section class=\"elementor-section elementor-inner-section elementor-element elementor-element-e77b3aa elementor-section-boxed elementor-section-height-default elementor-section-height-default\" data-id=\"e77b3aa\" data-element_type=\"section\">\n\t\t\t\t\t\t<div class=\"elementor-container elementor-column-gap-default\">\n\t\t\t\t\t<div class=\"elementor-column elementor-col-50 elementor-inner-column elementor-element elementor-element-3165be4\" data-id=\"3165be4\" data-element_type=\"column\">\n\t\t\t<div class=\"elementor-widget-wrap elementor-element-populated\">\n\t\t\t\t\t\t\t\t<div class=\"elementor-element elementor-element-404ea52 elementor-widget elementor-widget-image\" data-id=\"404ea52\" data-element_type=\"widget\" data-widget_type=\"image.default\">\n\t\t\t\t<div class=\"elementor-widget-container\">\n\t\t\t\t\t\t\t\t\t\t\t\t\t\t\t<img loading=\"lazy\" decoding=\"async\" width=\"917\" height=\"626\" src=\"https:\/\/investinalentejo.pt\/pt\/wp-content\/uploads\/2022\/12\/9-galp-energia.png\" class=\"attachment-large size-large wp-image-988\" alt=\"\" \/>\t\t\t\t\t\t\t\t\t\t\t\t\t\t\t<\/div>\n\t\t\t\t<\/div>\n\t\t\t\t\t<\/div>\n\t\t<\/div>\n\t\t\t\t<div class=\"elementor-column elementor-col-50 elementor-inner-column elementor-element elementor-element-712f8c0\" data-id=\"712f8c0\" data-element_type=\"column\">\n\t\t\t<div class=\"elementor-widget-wrap elementor-element-populated\">\n\t\t\t\t\t\t\t\t<div class=\"elementor-element elementor-element-ae07c53 elementor-widget elementor-widget-heading\" data-id=\"ae07c53\" data-element_type=\"widget\" data-widget_type=\"heading.default\">\n\t\t\t\t<div class=\"elementor-widget-container\">\n\t\t\t<h3 class=\"elementor-heading-title elementor-size-default\">Galp Energia<\/h3>\t\t<\/div>\n\t\t\t\t<\/div>\n\t\t\t\t<div class=\"elementor-element elementor-element-4f6da52 elementor-widget elementor-widget-heading\" data-id=\"4f6da52\" data-element_type=\"widget\" data-widget_type=\"heading.default\">\n\t\t\t\t<div class=\"elementor-widget-container\">\n\t\t\t<p class=\"elementor-heading-title elementor-size-default\">Sines<\/p>\t\t<\/div>\n\t\t\t\t<\/div>\n\t\t\t\t<div class=\"elementor-element elementor-element-ac96a96 elementor-widget elementor-widget-text-editor\" data-id=\"ac96a96\" data-element_type=\"widget\" data-widget_type=\"text-editor.default\">\n\t\t\t\t<div class=\"elementor-widget-container\">\n\t\t\t\t\t\t\t<p><span style=\"font-weight: 400;\">\u201c<\/span><span style=\"font-weight: 400;\">Estamos presentes em sua casa e na sua empresa com energia que contagia, impulsiona, incentiva e transforma. Operamos um mix de energias focado na sustentabilidade e na efici\u00eancia, que mant\u00e9m o mundo em movimento sem esquecer os nossos compromissos consigo e com o futuro. \u00c9 com esse esp\u00edrito que criamos e desenvolvemos as nossas solu\u00e7\u00f5es.<\/span><\/p><p><span style=\"font-weight: 400;\">A nossa origem \u00e9 portuguesa e contamos com uma expans\u00e3o global. Desenvolvemos opera\u00e7\u00f5es em 10 pa\u00edses e exportamos os nossos produtos para mais de 50. Faz\u00eamo-lo atrav\u00e9s das sinergias de uma opera\u00e7\u00e3o internacional integrada, orientada para a colabora\u00e7\u00e3o e para o progresso.<\/span><\/p><p><span style=\"font-weight: 400;\">As comunidades e o ambiente dos pa\u00edses onde estamos presentes s\u00e3o da m\u00e1xima import\u00e2ncia para n\u00f3s. Assumimos um papel ativo e pr\u00f3ximo no desenvolvimento sustent\u00e1vel local, promovendo o bem-estar das pessoas e das popula\u00e7\u00f5es atrav\u00e9s de projetos sociais que visem, como focos principais, o acesso \u00e0 energia e \u00e0 educa\u00e7\u00e3o.\u201d<\/span><\/p><p><span style=\"font-weight: 400;\">Para saber mais sobre a <\/span><a href=\"https:\/\/www.galp.com\/corp\/pt\/\"><span style=\"font-weight: 400;\">Galp Energia<\/span><\/a><span style=\"font-weight: 400;\">\u00a0<\/span><\/p>\t\t\t\t\t\t<\/div>\n\t\t\t\t<\/div>\n\t\t\t\t\t<\/div>\n\t\t<\/div>\n\t\t\t\t\t\t\t<\/div>\n\t\t<\/section>\n\t\t\t\t<section class=\"elementor-section elementor-inner-section elementor-element elementor-element-811e696 elementor-section-boxed elementor-section-height-default elementor-section-height-default\" data-id=\"811e696\" data-element_type=\"section\">\n\t\t\t\t\t\t<div class=\"elementor-container elementor-column-gap-default\">\n\t\t\t\t\t<div class=\"elementor-column elementor-col-50 elementor-inner-column elementor-element elementor-element-8580896\" data-id=\"8580896\" data-element_type=\"column\">\n\t\t\t<div class=\"elementor-widget-wrap elementor-element-populated\">\n\t\t\t\t\t\t\t\t<div class=\"elementor-element elementor-element-b2c8556 elementor-widget elementor-widget-image\" data-id=\"b2c8556\" data-element_type=\"widget\" data-widget_type=\"image.default\">\n\t\t\t\t<div class=\"elementor-widget-container\">\n\t\t\t\t\t\t\t\t\t\t\t\t\t\t\t<img loading=\"lazy\" decoding=\"async\" width=\"917\" height=\"626\" src=\"https:\/\/investinalentejo.pt\/pt\/wp-content\/uploads\/2022\/12\/10-hutchinson.png\" class=\"attachment-large size-large wp-image-989\" alt=\"\" \/>\t\t\t\t\t\t\t\t\t\t\t\t\t\t\t<\/div>\n\t\t\t\t<\/div>\n\t\t\t\t\t<\/div>\n\t\t<\/div>\n\t\t\t\t<div class=\"elementor-column elementor-col-50 elementor-inner-column elementor-element elementor-element-bae6751\" data-id=\"bae6751\" data-element_type=\"column\">\n\t\t\t<div class=\"elementor-widget-wrap elementor-element-populated\">\n\t\t\t\t\t\t\t\t<div class=\"elementor-element elementor-element-78d43ce elementor-widget elementor-widget-heading\" data-id=\"78d43ce\" data-element_type=\"widget\" data-widget_type=\"heading.default\">\n\t\t\t\t<div class=\"elementor-widget-container\">\n\t\t\t<h3 class=\"elementor-heading-title elementor-size-default\">Hutchinson<\/h3>\t\t<\/div>\n\t\t\t\t<\/div>\n\t\t\t\t<div class=\"elementor-element elementor-element-dff93a3 elementor-widget elementor-widget-heading\" data-id=\"dff93a3\" data-element_type=\"widget\" data-widget_type=\"heading.default\">\n\t\t\t\t<div class=\"elementor-widget-container\">\n\t\t\t<p class=\"elementor-heading-title elementor-size-default\">Campo Maior<\/p>\t\t<\/div>\n\t\t\t\t<\/div>\n\t\t\t\t<div class=\"elementor-element elementor-element-eb0b669 elementor-widget elementor-widget-text-editor\" data-id=\"eb0b669\" data-element_type=\"widget\" data-widget_type=\"text-editor.default\">\n\t\t\t\t<div class=\"elementor-widget-container\">\n\t\t\t\t\t\t\t<p><span style=\"font-weight: 400;\">\u201cA Hutchinson \u00e9 l\u00edder mundial em tecnologias de controlo de vibra\u00e7\u00f5es, gest\u00e3o de flu\u00eddos e veda\u00e7\u00e3o.\u00a0 Com 38 mil colaboradores, distribu\u00eddos por 25 pa\u00edses, geramos, em 2021, receitas de 3.900 mil milh\u00f5es de euros. O nosso principal objetivo \u00e9 garantir o conforto e seguran\u00e7a de todos os clientes da Hutchinson.<\/span><\/p><p><span style=\"font-weight: 400;\">O nosso grupo destaca-se por oferecer uma vasta gama de especialidades, em diversos mercados. Isto \u00e9, as nossas equipas conseguem desenhar materiais personalizados e solu\u00e7\u00f5es integradas para cada cliente e as nossas conquistas num mercado podem ser transferidas para outro devido \u00e0s sinergias da Hutchinson. A fertiliza\u00e7\u00e3o cruzada \u00e9 a pedra angular da nossa excel\u00eancia. Juntos, desenhamos solu\u00e7\u00f5es inteligentes para um mundo em movimento.\u201d<\/span><\/p><p><span style=\"font-weight: 400;\">Para saber mais sobre a <\/span><a href=\"https:\/\/www.hutchinson.com\/en\"><span style=\"font-weight: 400;\">Hutchinson<\/span><\/a><span style=\"font-weight: 400;\">\u00a0<\/span><\/p>\t\t\t\t\t\t<\/div>\n\t\t\t\t<\/div>\n\t\t\t\t\t<\/div>\n\t\t<\/div>\n\t\t\t\t\t\t\t<\/div>\n\t\t<\/section>\n\t\t\t\t<section class=\"elementor-section elementor-inner-section elementor-element elementor-element-d5e5741 elementor-section-boxed elementor-section-height-default elementor-section-height-default\" data-id=\"d5e5741\" data-element_type=\"section\">\n\t\t\t\t\t\t<div class=\"elementor-container elementor-column-gap-default\">\n\t\t\t\t\t<div class=\"elementor-column elementor-col-50 elementor-inner-column elementor-element elementor-element-b3454c2\" data-id=\"b3454c2\" data-element_type=\"column\">\n\t\t\t<div class=\"elementor-widget-wrap elementor-element-populated\">\n\t\t\t\t\t\t\t\t<div class=\"elementor-element elementor-element-f1d8112 elementor-widget elementor-widget-image\" data-id=\"f1d8112\" data-element_type=\"widget\" data-widget_type=\"image.default\">\n\t\t\t\t<div class=\"elementor-widget-container\">\n\t\t\t\t\t\t\t\t\t\t\t\t\t\t\t<img loading=\"lazy\" decoding=\"async\" width=\"917\" height=\"626\" src=\"https:\/\/investinalentejo.pt\/pt\/wp-content\/uploads\/2022\/12\/11-lauak.png\" class=\"attachment-large size-large wp-image-990\" alt=\"\" \/>\t\t\t\t\t\t\t\t\t\t\t\t\t\t\t<\/div>\n\t\t\t\t<\/div>\n\t\t\t\t\t<\/div>\n\t\t<\/div>\n\t\t\t\t<div class=\"elementor-column elementor-col-50 elementor-inner-column elementor-element elementor-element-13c642a\" data-id=\"13c642a\" data-element_type=\"column\">\n\t\t\t<div class=\"elementor-widget-wrap elementor-element-populated\">\n\t\t\t\t\t\t\t\t<div class=\"elementor-element elementor-element-21b5ef8 elementor-widget elementor-widget-heading\" data-id=\"21b5ef8\" data-element_type=\"widget\" data-widget_type=\"heading.default\">\n\t\t\t\t<div class=\"elementor-widget-container\">\n\t\t\t<h3 class=\"elementor-heading-title elementor-size-default\">Lauak<\/h3>\t\t<\/div>\n\t\t\t\t<\/div>\n\t\t\t\t<div class=\"elementor-element elementor-element-a6dabf2 elementor-widget elementor-widget-heading\" data-id=\"a6dabf2\" data-element_type=\"widget\" data-widget_type=\"heading.default\">\n\t\t\t\t<div class=\"elementor-widget-container\">\n\t\t\t<p class=\"elementor-heading-title elementor-size-default\">Gr\u00e2ndola<\/p>\t\t<\/div>\n\t\t\t\t<\/div>\n\t\t\t\t<div class=\"elementor-element elementor-element-f44acee elementor-widget elementor-widget-text-editor\" data-id=\"f44acee\" data-element_type=\"widget\" data-widget_type=\"text-editor.default\">\n\t\t\t\t<div class=\"elementor-widget-container\">\n\t\t\t\t\t\t\t<p><span style=\"font-weight: 400;\">\u201cFundada em 1975 com o nome ESKULANAK, o Grupo LAUAK come\u00e7ou por fornecer componentes de chapas met\u00e1licas \u00e0 Dassault Aviation. Hoje, o grupo \u00e9 um dos principais fabricantes e fornecedores de componentes prim\u00e1rios, subconjuntos e conjuntos para a ind\u00fastria aeron\u00e1utica.<\/span><\/p><p><span style=\"font-weight: 400;\">No \u00ednicio dos anos 2000, o Grupo LAUAK acelerou o seu desenvolvimento, estabelecendo-se em Portugal, seguindo uma estrat\u00e9gia de crescimento externo, de forma a crescer, a diversificar-se e a ganhar novas compet\u00eancias.<\/span><\/p><p><span style=\"font-weight: 400;\">Hoje, o Grupo LAUAK \u00e9 um parceiro chave de fabricantes de aeronaves, l\u00edderes das estruturas a\u00e9reas e fabricantes OEM.\u201d<\/span><\/p><p><span style=\"font-weight: 400;\">Para saber mais sobre a <\/span><a href=\"https:\/\/www.groupe-lauak.com\/en\/\"><span style=\"font-weight: 400;\">Lauak<\/span><\/a><span style=\"font-weight: 400;\">\u00a0<\/span><\/p>\t\t\t\t\t\t<\/div>\n\t\t\t\t<\/div>\n\t\t\t\t\t<\/div>\n\t\t<\/div>\n\t\t\t\t\t\t\t<\/div>\n\t\t<\/section>\n\t\t\t\t<section class=\"elementor-section elementor-inner-section elementor-element elementor-element-6380cc8 elementor-section-boxed elementor-section-height-default elementor-section-height-default\" data-id=\"6380cc8\" data-element_type=\"section\">\n\t\t\t\t\t\t<div class=\"elementor-container elementor-column-gap-default\">\n\t\t\t\t\t<div class=\"elementor-column elementor-col-50 elementor-inner-column elementor-element elementor-element-2f697f3\" data-id=\"2f697f3\" data-element_type=\"column\">\n\t\t\t<div class=\"elementor-widget-wrap elementor-element-populated\">\n\t\t\t\t\t\t\t\t<div class=\"elementor-element elementor-element-7aad726 elementor-widget elementor-widget-image\" data-id=\"7aad726\" data-element_type=\"widget\" data-widget_type=\"image.default\">\n\t\t\t\t<div class=\"elementor-widget-container\">\n\t\t\t\t\t\t\t\t\t\t\t\t\t\t\t<img loading=\"lazy\" decoding=\"async\" width=\"917\" height=\"626\" src=\"https:\/\/investinalentejo.pt\/pt\/wp-content\/uploads\/2022\/12\/12-ld-helmets.png\" class=\"attachment-large size-large wp-image-991\" alt=\"\" \/>\t\t\t\t\t\t\t\t\t\t\t\t\t\t\t<\/div>\n\t\t\t\t<\/div>\n\t\t\t\t\t<\/div>\n\t\t<\/div>\n\t\t\t\t<div class=\"elementor-column elementor-col-50 elementor-inner-column elementor-element elementor-element-fca6175\" data-id=\"fca6175\" data-element_type=\"column\">\n\t\t\t<div class=\"elementor-widget-wrap elementor-element-populated\">\n\t\t\t\t\t\t\t\t<div class=\"elementor-element elementor-element-c070328 elementor-widget elementor-widget-heading\" data-id=\"c070328\" data-element_type=\"widget\" data-widget_type=\"heading.default\">\n\t\t\t\t<div class=\"elementor-widget-container\">\n\t\t\t<h3 class=\"elementor-heading-title elementor-size-default\">LD Helmets<\/h3>\t\t<\/div>\n\t\t\t\t<\/div>\n\t\t\t\t<div class=\"elementor-element elementor-element-49d678e elementor-widget elementor-widget-heading\" data-id=\"49d678e\" data-element_type=\"widget\" data-widget_type=\"heading.default\">\n\t\t\t\t<div class=\"elementor-widget-container\">\n\t\t\t<p class=\"elementor-heading-title elementor-size-default\">Ponte de Sor<\/p>\t\t<\/div>\n\t\t\t\t<\/div>\n\t\t\t\t<div class=\"elementor-element elementor-element-57d17fb elementor-widget elementor-widget-text-editor\" data-id=\"57d17fb\" data-element_type=\"widget\" data-widget_type=\"text-editor.default\">\n\t\t\t\t<div class=\"elementor-widget-container\">\n\t\t\t\t\t\t\t<p><span style=\"font-weight: 400;\">\u201cA LD Helmets \u00e9 uma empresa su\u00ed\u00e7a, especializada no design, fabrico e comercializa\u00e7\u00e3o de capacetes para a ind\u00fastria aeron\u00e1utica, bem como de m\u00e1scaras de oxig\u00e9nio e outros aparelhos que garantam a seguran\u00e7a dos pilotos. Foi fundada com o objetivo de criar produtos inovadores em termos de design, funcionalidade e seguran\u00e7a.<\/span><\/p><p><span style=\"font-weight: 400;\">A LD Switzerland SA conta com d\u00e9cadas de experi\u00eancia de designers italianos, franceses e su\u00ed\u00e7os, no design, desenvolvimento e fabrico de capacetes e aparelhos de seguran\u00e7a.\u201d<\/span><\/p><p><span style=\"font-weight: 400;\">Para saber mais sobre a <\/span><a href=\"https:\/\/www.ld-switzerland.com\"><span style=\"font-weight: 400;\">LD Helmets<\/span><\/a><span style=\"font-weight: 400;\">\u00a0<\/span><\/p>\t\t\t\t\t\t<\/div>\n\t\t\t\t<\/div>\n\t\t\t\t\t<\/div>\n\t\t<\/div>\n\t\t\t\t\t\t\t<\/div>\n\t\t<\/section>\n\t\t\t\t<section class=\"elementor-section elementor-inner-section elementor-element elementor-element-86929c7 elementor-section-boxed elementor-section-height-default elementor-section-height-default\" data-id=\"86929c7\" data-element_type=\"section\">\n\t\t\t\t\t\t<div class=\"elementor-container elementor-column-gap-default\">\n\t\t\t\t\t<div class=\"elementor-column elementor-col-50 elementor-inner-column elementor-element elementor-element-a7c0799\" data-id=\"a7c0799\" data-element_type=\"column\">\n\t\t\t<div class=\"elementor-widget-wrap elementor-element-populated\">\n\t\t\t\t\t\t\t\t<div class=\"elementor-element elementor-element-535e8ce elementor-widget elementor-widget-image\" data-id=\"535e8ce\" data-element_type=\"widget\" data-widget_type=\"image.default\">\n\t\t\t\t<div class=\"elementor-widget-container\">\n\t\t\t\t\t\t\t\t\t\t\t\t\t\t\t<img loading=\"lazy\" decoding=\"async\" width=\"917\" height=\"626\" src=\"https:\/\/investinalentejo.pt\/pt\/wp-content\/uploads\/2022\/12\/13-lundin-mining-corporation.png\" class=\"attachment-large size-large wp-image-992\" alt=\"\" \/>\t\t\t\t\t\t\t\t\t\t\t\t\t\t\t<\/div>\n\t\t\t\t<\/div>\n\t\t\t\t\t<\/div>\n\t\t<\/div>\n\t\t\t\t<div class=\"elementor-column elementor-col-50 elementor-inner-column elementor-element elementor-element-79d3fb1\" data-id=\"79d3fb1\" data-element_type=\"column\">\n\t\t\t<div class=\"elementor-widget-wrap elementor-element-populated\">\n\t\t\t\t\t\t\t\t<div class=\"elementor-element elementor-element-dd1b39e elementor-widget elementor-widget-heading\" data-id=\"dd1b39e\" data-element_type=\"widget\" data-widget_type=\"heading.default\">\n\t\t\t\t<div class=\"elementor-widget-container\">\n\t\t\t<h3 class=\"elementor-heading-title elementor-size-default\">Lundin Mining Corporation<\/h3>\t\t<\/div>\n\t\t\t\t<\/div>\n\t\t\t\t<div class=\"elementor-element elementor-element-0579714 elementor-widget elementor-widget-heading\" data-id=\"0579714\" data-element_type=\"widget\" data-widget_type=\"heading.default\">\n\t\t\t\t<div class=\"elementor-widget-container\">\n\t\t\t<p class=\"elementor-heading-title elementor-size-default\">Castro Verde<\/p>\t\t<\/div>\n\t\t\t\t<\/div>\n\t\t\t\t<div class=\"elementor-element elementor-element-5461571 elementor-widget elementor-widget-text-editor\" data-id=\"5461571\" data-element_type=\"widget\" data-widget_type=\"text-editor.default\">\n\t\t\t\t<div class=\"elementor-widget-container\">\n\t\t\t\t\t\t\t<p><span style=\"font-weight: 400;\">\u201cEm 2006, a Lundin Mining Corporation adquiriu a portuguesa SOMINCOR (Sociedade Mineira de Neves-Corvo S.A.), empresa respons\u00e1vel pela gest\u00e3o da mina de Neves Corvo, uma mina de cobre, estanho e zinco, em Castro Verde. Desde ent\u00e3o,\u00a0 a gest\u00e3o tem-se centrado na melhoria do desempenho operacional da mina e na explora\u00e7\u00e3o de novos recursos e reservas nas zonas adjacentes. Atualmente, a Empresa produz concentrado de cobre, zinco e chumbo. O min\u00e9rio \u00e9 processado no local e os rejeitados s\u00e3o depositados na Instala\u00e7\u00e3o de Res\u00edduos do Cerro do Lobo a cerca de 3 km das lavarias. Os concentrados s\u00e3o expedidos para os clientes por via ferrovi\u00e1ria (cobre e zinco) e rodovi\u00e1ria (chumbo).\u201d<\/span><\/p><p><span style=\"font-weight: 400;\">Para saber mais sobre a <\/span><a href=\"https:\/\/lundinmining.com\"><span style=\"font-weight: 400;\">Lundin Mining Corporation<\/span><\/a><span style=\"font-weight: 400;\"> e a <\/span><a href=\"https:\/\/somincor.com.pt\"><span style=\"font-weight: 400;\">SOMINCOR<\/span><\/a><span style=\"font-weight: 400;\">\u00a0<\/span><\/p>\t\t\t\t\t\t<\/div>\n\t\t\t\t<\/div>\n\t\t\t\t\t<\/div>\n\t\t<\/div>\n\t\t\t\t\t\t\t<\/div>\n\t\t<\/section>\n\t\t\t\t<section class=\"elementor-section elementor-inner-section elementor-element elementor-element-17fee0f elementor-section-boxed elementor-section-height-default elementor-section-height-default\" data-id=\"17fee0f\" data-element_type=\"section\">\n\t\t\t\t\t\t<div class=\"elementor-container elementor-column-gap-default\">\n\t\t\t\t\t<div class=\"elementor-column elementor-col-50 elementor-inner-column elementor-element elementor-element-3788943\" data-id=\"3788943\" data-element_type=\"column\">\n\t\t\t<div class=\"elementor-widget-wrap elementor-element-populated\">\n\t\t\t\t\t\t\t\t<div class=\"elementor-element elementor-element-4bed28d elementor-widget elementor-widget-image\" data-id=\"4bed28d\" data-element_type=\"widget\" data-widget_type=\"image.default\">\n\t\t\t\t<div class=\"elementor-widget-container\">\n\t\t\t\t\t\t\t\t\t\t\t\t\t\t\t<img loading=\"lazy\" decoding=\"async\" width=\"917\" height=\"626\" src=\"https:\/\/investinalentejo.pt\/pt\/wp-content\/uploads\/2022\/12\/14-mcp.png\" class=\"attachment-large size-large wp-image-993\" alt=\"\" \/>\t\t\t\t\t\t\t\t\t\t\t\t\t\t\t<\/div>\n\t\t\t\t<\/div>\n\t\t\t\t\t<\/div>\n\t\t<\/div>\n\t\t\t\t<div class=\"elementor-column elementor-col-50 elementor-inner-column elementor-element elementor-element-8a41bfe\" data-id=\"8a41bfe\" data-element_type=\"column\">\n\t\t\t<div class=\"elementor-widget-wrap elementor-element-populated\">\n\t\t\t\t\t\t\t\t<div class=\"elementor-element elementor-element-aac902d elementor-widget elementor-widget-heading\" data-id=\"aac902d\" data-element_type=\"widget\" data-widget_type=\"heading.default\">\n\t\t\t\t<div class=\"elementor-widget-container\">\n\t\t\t<h3 class=\"elementor-heading-title elementor-size-default\">MCP - Manufacture Composite Portugal, Rexiaaa Group\n<\/h3>\t\t<\/div>\n\t\t\t\t<\/div>\n\t\t\t\t<div class=\"elementor-element elementor-element-344b902 elementor-widget elementor-widget-heading\" data-id=\"344b902\" data-element_type=\"widget\" data-widget_type=\"heading.default\">\n\t\t\t\t<div class=\"elementor-widget-container\">\n\t\t\t<p class=\"elementor-heading-title elementor-size-default\">Ponte de Sor<\/p>\t\t<\/div>\n\t\t\t\t<\/div>\n\t\t\t\t<div class=\"elementor-element elementor-element-11e80b1 elementor-widget elementor-widget-text-editor\" data-id=\"11e80b1\" data-element_type=\"widget\" data-widget_type=\"text-editor.default\">\n\t\t\t\t<div class=\"elementor-widget-container\">\n\t\t\t\t\t\t\t<p><span style=\"font-weight: 400;\">A MCP &#8211; Manufacture Composite Portugal \u00e9 uma empresa especializada na utiliza\u00e7\u00e3o de materiais comp\u00f3sitos de alto desempenho para as ind\u00fastrias aeron\u00e1utica e de transportes.<\/span><\/p><p><span style=\"font-weight: 400;\">Para saber mais sobre a <\/span><a href=\"https:\/\/www.rexiaa-group.com\/index-en.php\"><span style=\"font-weight: 400;\">MCP &#8211; Manufacture Composite Portugal<\/span><\/a><span style=\"font-weight: 400;\"> e o Grupo Rexiaaa\u00a0<\/span><\/p>\t\t\t\t\t\t<\/div>\n\t\t\t\t<\/div>\n\t\t\t\t\t<\/div>\n\t\t<\/div>\n\t\t\t\t\t\t\t<\/div>\n\t\t<\/section>\n\t\t\t\t<section class=\"elementor-section elementor-inner-section elementor-element elementor-element-547c5d8 elementor-section-boxed elementor-section-height-default elementor-section-height-default\" data-id=\"547c5d8\" data-element_type=\"section\">\n\t\t\t\t\t\t<div class=\"elementor-container elementor-column-gap-default\">\n\t\t\t\t\t<div class=\"elementor-column elementor-col-50 elementor-inner-column elementor-element elementor-element-a17dc65\" data-id=\"a17dc65\" data-element_type=\"column\">\n\t\t\t<div class=\"elementor-widget-wrap elementor-element-populated\">\n\t\t\t\t\t\t\t\t<div class=\"elementor-element elementor-element-8aae8ef elementor-widget elementor-widget-image\" data-id=\"8aae8ef\" data-element_type=\"widget\" data-widget_type=\"image.default\">\n\t\t\t\t<div class=\"elementor-widget-container\">\n\t\t\t\t\t\t\t\t\t\t\t\t\t\t\t<img loading=\"lazy\" decoding=\"async\" width=\"917\" height=\"626\" src=\"https:\/\/investinalentejo.pt\/pt\/wp-content\/uploads\/2022\/12\/15-mecachrome.png\" class=\"attachment-large size-large wp-image-994\" alt=\"\" \/>\t\t\t\t\t\t\t\t\t\t\t\t\t\t\t<\/div>\n\t\t\t\t<\/div>\n\t\t\t\t\t<\/div>\n\t\t<\/div>\n\t\t\t\t<div class=\"elementor-column elementor-col-50 elementor-inner-column elementor-element elementor-element-f5ad99b\" data-id=\"f5ad99b\" data-element_type=\"column\">\n\t\t\t<div class=\"elementor-widget-wrap elementor-element-populated\">\n\t\t\t\t\t\t\t\t<div class=\"elementor-element elementor-element-dc448f4 elementor-widget elementor-widget-heading\" data-id=\"dc448f4\" data-element_type=\"widget\" data-widget_type=\"heading.default\">\n\t\t\t\t<div class=\"elementor-widget-container\">\n\t\t\t<h3 class=\"elementor-heading-title elementor-size-default\">Mecachrome<\/h3>\t\t<\/div>\n\t\t\t\t<\/div>\n\t\t\t\t<div class=\"elementor-element elementor-element-4d4e3ec elementor-widget elementor-widget-heading\" data-id=\"4d4e3ec\" data-element_type=\"widget\" data-widget_type=\"heading.default\">\n\t\t\t\t<div class=\"elementor-widget-container\">\n\t\t\t<p class=\"elementor-heading-title elementor-size-default\">\u00c9vora<\/p>\t\t<\/div>\n\t\t\t\t<\/div>\n\t\t\t\t<div class=\"elementor-element elementor-element-681063f elementor-widget elementor-widget-text-editor\" data-id=\"681063f\" data-element_type=\"widget\" data-widget_type=\"text-editor.default\">\n\t\t\t\t<div class=\"elementor-widget-container\">\n\t\t\t\t\t\t\t<p><span style=\"font-weight: 400;\">\u201cO grupo Mecachrome est\u00e1 presente nas ind\u00fastrias aeron\u00e1utica, autom\u00f3vel, defesa, naval, energia e espacial.\u201d<\/span><\/p><p><span style=\"font-weight: 400;\">Para saber mais sobre a\u00a0 <\/span><a href=\"https:\/\/www.mecachrome.com\/en\/\"><span style=\"font-weight: 400;\">Mecachrome<\/span><\/a><span style=\"font-weight: 400;\">\u00a0<\/span><\/p>\t\t\t\t\t\t<\/div>\n\t\t\t\t<\/div>\n\t\t\t\t\t<\/div>\n\t\t<\/div>\n\t\t\t\t\t\t\t<\/div>\n\t\t<\/section>\n\t\t\t\t<section class=\"elementor-section elementor-inner-section elementor-element elementor-element-1fba08d elementor-section-boxed elementor-section-height-default elementor-section-height-default\" data-id=\"1fba08d\" data-element_type=\"section\">\n\t\t\t\t\t\t<div class=\"elementor-container elementor-column-gap-default\">\n\t\t\t\t\t<div class=\"elementor-column elementor-col-50 elementor-inner-column elementor-element elementor-element-0f5bb01\" data-id=\"0f5bb01\" data-element_type=\"column\">\n\t\t\t<div class=\"elementor-widget-wrap elementor-element-populated\">\n\t\t\t\t\t\t\t\t<div class=\"elementor-element elementor-element-d8a41d8 elementor-widget elementor-widget-image\" data-id=\"d8a41d8\" data-element_type=\"widget\" data-widget_type=\"image.default\">\n\t\t\t\t<div class=\"elementor-widget-container\">\n\t\t\t\t\t\t\t\t\t\t\t\t\t\t\t<img loading=\"lazy\" decoding=\"async\" width=\"917\" height=\"626\" src=\"https:\/\/investinalentejo.pt\/pt\/wp-content\/uploads\/2022\/12\/16-novadelta.png\" class=\"attachment-large size-large wp-image-995\" alt=\"\" \/>\t\t\t\t\t\t\t\t\t\t\t\t\t\t\t<\/div>\n\t\t\t\t<\/div>\n\t\t\t\t\t<\/div>\n\t\t<\/div>\n\t\t\t\t<div class=\"elementor-column elementor-col-50 elementor-inner-column elementor-element elementor-element-bf029d4\" data-id=\"bf029d4\" data-element_type=\"column\">\n\t\t\t<div class=\"elementor-widget-wrap elementor-element-populated\">\n\t\t\t\t\t\t\t\t<div class=\"elementor-element elementor-element-5f40987 elementor-widget elementor-widget-heading\" data-id=\"5f40987\" data-element_type=\"widget\" data-widget_type=\"heading.default\">\n\t\t\t\t<div class=\"elementor-widget-container\">\n\t\t\t<h3 class=\"elementor-heading-title elementor-size-default\">Novadelta<\/h3>\t\t<\/div>\n\t\t\t\t<\/div>\n\t\t\t\t<div class=\"elementor-element elementor-element-5fdc9f7 elementor-widget elementor-widget-heading\" data-id=\"5fdc9f7\" data-element_type=\"widget\" data-widget_type=\"heading.default\">\n\t\t\t\t<div class=\"elementor-widget-container\">\n\t\t\t<p class=\"elementor-heading-title elementor-size-default\">Campo Maior<\/p>\t\t<\/div>\n\t\t\t\t<\/div>\n\t\t\t\t<div class=\"elementor-element elementor-element-225c804 elementor-widget elementor-widget-text-editor\" data-id=\"225c804\" data-element_type=\"widget\" data-widget_type=\"text-editor.default\">\n\t\t\t\t<div class=\"elementor-widget-container\">\n\t\t\t\t\t\t\t<p><span style=\"font-weight: 400;\">\u201cFundada em 1985, a Novadelta, tem sede fiscal em Lisboa, mas a unidade produtiva localiza-se em Campo Maior. A Novadelta Caf\u00e9s \u00e9 a unidade industrial do grupo Nabeiro que se dedica \u00e0 torrefa\u00e7\u00e3o, empacotamento e comercializa\u00e7\u00e3o de caf\u00e9 e suced\u00e2neos.\u00a0<\/span><\/p><p><span style=\"font-weight: 400;\">O Sistema Produtivo da Novadelta tem vindo a ser reorganizado tendo em vista \u00e0 satisfa\u00e7\u00e3o\u00a0 plena\u00a0 das\u00a0 partes\u00a0 interessadas\u00a0 e\u00a0 o\u00a0 respeito\u00a0 pelas\u00a0 normas\u00a0 de qualidade, seguran\u00e7a alimentar, sa\u00fade e seguran\u00e7a no trabalho, responsabilidade social e os aspetos de natureza ambiental.\u201d<\/span><\/p><p><span style=\"font-weight: 400;\">Para saber mais sobre a <\/span><a href=\"https:\/\/www.gruponabeiro.com\/empresas\/alimentacao-e-bebidas\/novadelta\"><span style=\"font-weight: 400;\">Novadelta<\/span><\/a> <\/p>\t\t\t\t\t\t<\/div>\n\t\t\t\t<\/div>\n\t\t\t\t\t<\/div>\n\t\t<\/div>\n\t\t\t\t\t\t\t<\/div>\n\t\t<\/section>\n\t\t\t\t<section class=\"elementor-section elementor-inner-section elementor-element elementor-element-825bc9a elementor-section-boxed elementor-section-height-default elementor-section-height-default\" data-id=\"825bc9a\" data-element_type=\"section\">\n\t\t\t\t\t\t<div class=\"elementor-container elementor-column-gap-default\">\n\t\t\t\t\t<div class=\"elementor-column elementor-col-50 elementor-inner-column elementor-element elementor-element-cba8dc7\" data-id=\"cba8dc7\" data-element_type=\"column\">\n\t\t\t<div class=\"elementor-widget-wrap elementor-element-populated\">\n\t\t\t\t\t\t\t\t<div class=\"elementor-element elementor-element-11a0a0b elementor-widget elementor-widget-image\" data-id=\"11a0a0b\" data-element_type=\"widget\" data-widget_type=\"image.default\">\n\t\t\t\t<div class=\"elementor-widget-container\">\n\t\t\t\t\t\t\t\t\t\t\t\t\t\t\t<img loading=\"lazy\" decoding=\"async\" width=\"917\" height=\"626\" src=\"https:\/\/investinalentejo.pt\/pt\/wp-content\/uploads\/2022\/12\/17-psa-sines-terminal-de-contentores-v2.png\" class=\"attachment-large size-large wp-image-996\" alt=\"\" \/>\t\t\t\t\t\t\t\t\t\t\t\t\t\t\t<\/div>\n\t\t\t\t<\/div>\n\t\t\t\t\t<\/div>\n\t\t<\/div>\n\t\t\t\t<div class=\"elementor-column elementor-col-50 elementor-inner-column elementor-element elementor-element-e279a87\" data-id=\"e279a87\" data-element_type=\"column\">\n\t\t\t<div class=\"elementor-widget-wrap elementor-element-populated\">\n\t\t\t\t\t\t\t\t<div class=\"elementor-element elementor-element-7b85e91 elementor-widget elementor-widget-heading\" data-id=\"7b85e91\" data-element_type=\"widget\" data-widget_type=\"heading.default\">\n\t\t\t\t<div class=\"elementor-widget-container\">\n\t\t\t<h3 class=\"elementor-heading-title elementor-size-default\">PSA Sines - Terminal de Contentores<\/h3>\t\t<\/div>\n\t\t\t\t<\/div>\n\t\t\t\t<div class=\"elementor-element elementor-element-0050b13 elementor-widget elementor-widget-heading\" data-id=\"0050b13\" data-element_type=\"widget\" data-widget_type=\"heading.default\">\n\t\t\t\t<div class=\"elementor-widget-container\">\n\t\t\t<p class=\"elementor-heading-title elementor-size-default\">Sines<\/p>\t\t<\/div>\n\t\t\t\t<\/div>\n\t\t\t\t<div class=\"elementor-element elementor-element-ff0c250 elementor-widget elementor-widget-text-editor\" data-id=\"ff0c250\" data-element_type=\"widget\" data-widget_type=\"text-editor.default\">\n\t\t\t\t<div class=\"elementor-widget-container\">\n\t\t\t\t\t\t\t<p><span style=\"font-weight: 400;\">\u201cO grupo PSA International (PSA) \u00e9 l\u00edder no setor portu\u00e1rio e um parceiro de confian\u00e7a para v\u00e1rios stakeholders da \u00e1rea dos transportes.<\/span><\/p><p><span style=\"font-weight: 400;\">Com base em Singapura e Antu\u00e9rpia, a rede global da PSA inclui 160 localiza\u00e7\u00f5es, distribu\u00eddas por 42 pa\u00edses. O portf\u00f3lio do grupo inclui 60 terminais mar\u00edtimos, ferrovi\u00e1rios e rodovi\u00e1rios, bem como empresas associadas \u00e0 gest\u00e3o de cadeias de abastecimento, log\u00edstica e servi\u00e7os mar\u00edtimos e digitais. Com uma equipa mundial altamente qualificada e experiente, a PSA colabora ativamente com os seus clientes e parceiros para desenvolver servi\u00e7os portu\u00e1rios de elevada qualidade, desenvolvendo, tamb\u00e9m, solu\u00e7\u00f5es de transporte inovadoras e sendo co-criadora da Internet of Logistics.\u201d<\/span><\/p><p><span style=\"font-weight: 400;\">Para saber mais sobre a <\/span><a href=\"https:\/\/psasines.pt\"><span style=\"font-weight: 400;\">PSA Sines<\/span><\/a><span style=\"font-weight: 400;\">\u00a0<\/span><\/p>\t\t\t\t\t\t<\/div>\n\t\t\t\t<\/div>\n\t\t\t\t\t<\/div>\n\t\t<\/div>\n\t\t\t\t\t\t\t<\/div>\n\t\t<\/section>\n\t\t\t\t<section class=\"elementor-section elementor-inner-section elementor-element elementor-element-868b90a elementor-section-boxed elementor-section-height-default elementor-section-height-default\" data-id=\"868b90a\" data-element_type=\"section\">\n\t\t\t\t\t\t<div class=\"elementor-container elementor-column-gap-default\">\n\t\t\t\t\t<div class=\"elementor-column elementor-col-50 elementor-inner-column elementor-element elementor-element-33d66b3\" data-id=\"33d66b3\" data-element_type=\"column\">\n\t\t\t<div class=\"elementor-widget-wrap elementor-element-populated\">\n\t\t\t\t\t\t\t\t<div class=\"elementor-element elementor-element-84f0d06 elementor-widget elementor-widget-image\" data-id=\"84f0d06\" data-element_type=\"widget\" data-widget_type=\"image.default\">\n\t\t\t\t<div class=\"elementor-widget-container\">\n\t\t\t\t\t\t\t\t\t\t\t\t\t\t\t<img loading=\"lazy\" decoding=\"async\" width=\"917\" height=\"626\" src=\"https:\/\/investinalentejo.pt\/pt\/wp-content\/uploads\/2022\/12\/18-repsol-polimeros.png\" class=\"attachment-large size-large wp-image-997\" alt=\"\" \/>\t\t\t\t\t\t\t\t\t\t\t\t\t\t\t<\/div>\n\t\t\t\t<\/div>\n\t\t\t\t\t<\/div>\n\t\t<\/div>\n\t\t\t\t<div class=\"elementor-column elementor-col-50 elementor-inner-column elementor-element elementor-element-b4b9640\" data-id=\"b4b9640\" data-element_type=\"column\">\n\t\t\t<div class=\"elementor-widget-wrap elementor-element-populated\">\n\t\t\t\t\t\t\t\t<div class=\"elementor-element elementor-element-2f2d6e3 elementor-widget elementor-widget-heading\" data-id=\"2f2d6e3\" data-element_type=\"widget\" data-widget_type=\"heading.default\">\n\t\t\t\t<div class=\"elementor-widget-container\">\n\t\t\t<h3 class=\"elementor-heading-title elementor-size-default\">Repsol Pol\u00edmeros<\/h3>\t\t<\/div>\n\t\t\t\t<\/div>\n\t\t\t\t<div class=\"elementor-element elementor-element-d814528 elementor-widget elementor-widget-heading\" data-id=\"d814528\" data-element_type=\"widget\" data-widget_type=\"heading.default\">\n\t\t\t\t<div class=\"elementor-widget-container\">\n\t\t\t<p class=\"elementor-heading-title elementor-size-default\">Sines<\/p>\t\t<\/div>\n\t\t\t\t<\/div>\n\t\t\t\t<div class=\"elementor-element elementor-element-ad3d9eb elementor-widget elementor-widget-text-editor\" data-id=\"ad3d9eb\" data-element_type=\"widget\" data-widget_type=\"text-editor.default\">\n\t\t\t\t<div class=\"elementor-widget-container\">\n\t\t\t\t\t\t\t<p><span style=\"font-weight: 400;\">\u201cUm dos principais complexos da Repsol. A Repsol Pol\u00edmeros \u00e9 a maior empresa qu\u00edmica portuguesa e uma das maiores exportadoras de Portugal.<\/span><\/p><p><span style=\"font-weight: 400;\">A Repsol Pol\u00edmeros fabrica e comercializa uma ampla variedade de produtos qu\u00edmicos, abrangendo a petroqu\u00edmica b\u00e1sica e a derivada. <\/span><span style=\"font-weight: 400;\">Contribu\u00edmos para o desenvolvimento sustent\u00e1vel da comunidade local, comprometemo-nos com a seguran\u00e7a das pessoas e preservamos o ambiente e a qualidade dos nossos produtos.\u201d<\/span><\/p><p><span style=\"font-weight: 400;\">Para saber mais sobre a <\/span><a href=\"https:\/\/sines.repsol.pt\"><span style=\"font-weight: 400;\">Repsol Pol\u00edmeros<\/span><\/a> <\/p>\t\t\t\t\t\t<\/div>\n\t\t\t\t<\/div>\n\t\t\t\t\t<\/div>\n\t\t<\/div>\n\t\t\t\t\t\t\t<\/div>\n\t\t<\/section>\n\t\t\t\t<section class=\"elementor-section elementor-inner-section elementor-element elementor-element-a9041a7 elementor-section-boxed elementor-section-height-default elementor-section-height-default\" data-id=\"a9041a7\" data-element_type=\"section\">\n\t\t\t\t\t\t<div class=\"elementor-container elementor-column-gap-default\">\n\t\t\t\t\t<div class=\"elementor-column elementor-col-50 elementor-inner-column elementor-element elementor-element-c2393ef\" data-id=\"c2393ef\" data-element_type=\"column\">\n\t\t\t<div class=\"elementor-widget-wrap elementor-element-populated\">\n\t\t\t\t\t\t\t\t<div class=\"elementor-element elementor-element-97ac0bf elementor-widget elementor-widget-image\" data-id=\"97ac0bf\" data-element_type=\"widget\" data-widget_type=\"image.default\">\n\t\t\t\t<div class=\"elementor-widget-container\">\n\t\t\t\t\t\t\t\t\t\t\t\t\t\t\t<img loading=\"lazy\" decoding=\"async\" width=\"917\" height=\"626\" src=\"https:\/\/investinalentejo.pt\/pt\/wp-content\/uploads\/2022\/12\/19-te-connectivity-v1.png\" class=\"attachment-large size-large wp-image-998\" alt=\"\" \/>\t\t\t\t\t\t\t\t\t\t\t\t\t\t\t<\/div>\n\t\t\t\t<\/div>\n\t\t\t\t\t<\/div>\n\t\t<\/div>\n\t\t\t\t<div class=\"elementor-column elementor-col-50 elementor-inner-column elementor-element elementor-element-11c7988\" data-id=\"11c7988\" data-element_type=\"column\">\n\t\t\t<div class=\"elementor-widget-wrap elementor-element-populated\">\n\t\t\t\t\t\t\t\t<div class=\"elementor-element elementor-element-f0242ee elementor-widget elementor-widget-heading\" data-id=\"f0242ee\" data-element_type=\"widget\" data-widget_type=\"heading.default\">\n\t\t\t\t<div class=\"elementor-widget-container\">\n\t\t\t<h3 class=\"elementor-heading-title elementor-size-default\">TE Connectivity<\/h3>\t\t<\/div>\n\t\t\t\t<\/div>\n\t\t\t\t<div class=\"elementor-element elementor-element-861050c elementor-widget elementor-widget-heading\" data-id=\"861050c\" data-element_type=\"widget\" data-widget_type=\"heading.default\">\n\t\t\t\t<div class=\"elementor-widget-container\">\n\t\t\t<p class=\"elementor-heading-title elementor-size-default\">\u00c9vora<\/p>\t\t<\/div>\n\t\t\t\t<\/div>\n\t\t\t\t<div class=\"elementor-element elementor-element-883761f elementor-widget elementor-widget-text-editor\" data-id=\"883761f\" data-element_type=\"widget\" data-widget_type=\"text-editor.default\">\n\t\t\t\t<div class=\"elementor-widget-container\">\n\t\t\t\t\t\t\t<p><span style=\"font-weight: 400;\">\u201cCriamos solu\u00e7\u00f5es para ve\u00edculos el\u00e9tricos, aeronaves, f\u00e1bricas digitais e <\/span><i><span style=\"font-weight: 400;\">smart homes<\/span><\/i><span style=\"font-weight: 400;\">. Com inova\u00e7\u00e3o destinada \u00e0 produ\u00e7\u00e3o de aparelhos m\u00e9dicos essenciais, \u00e0 manuten\u00e7\u00e3o de comunidades sustent\u00e1veis, \u00e0 efici\u00eancia das redes de servi\u00e7os e ao desenvolvimento constante da infraestrutura global de comunica\u00e7\u00f5es. H\u00e1 mais de 75 anos que estabelecemos parcerias com os nossos clientes para a produ\u00e7\u00e3o de conectividade avan\u00e7ada, tendo como objetivo principal o de possibilitar um mundo conectado. O nosso foco \u00e9 a seguran\u00e7a e durabilidade dos nossos produtos, temos um compromisso com o progresso e um n\u00famero sem fim de produtos que d\u00e3o a grandes e pequenas empresas a possibilidade de transformarem as suas ideias em tecnologia que pode transformar o mundo de amanh\u00e3.\u201d<\/span><\/p><p><span style=\"font-weight: 400;\">Para saber mais sobre a <\/span><a href=\"https:\/\/www.te.com\/usa-en\/home.html\"><span style=\"font-weight: 400;\">TE Connectivity<\/span><\/a> <\/p>\t\t\t\t\t\t<\/div>\n\t\t\t\t<\/div>\n\t\t\t\t\t<\/div>\n\t\t<\/div>\n\t\t\t\t\t\t\t<\/div>\n\t\t<\/section>\n\t\t\t\t<section class=\"elementor-section elementor-inner-section elementor-element elementor-element-d9f47e9 elementor-section-boxed elementor-section-height-default elementor-section-height-default\" data-id=\"d9f47e9\" data-element_type=\"section\">\n\t\t\t\t\t\t<div class=\"elementor-container elementor-column-gap-default\">\n\t\t\t\t\t<div class=\"elementor-column elementor-col-50 elementor-inner-column elementor-element elementor-element-10c66fa\" data-id=\"10c66fa\" data-element_type=\"column\">\n\t\t\t<div class=\"elementor-widget-wrap elementor-element-populated\">\n\t\t\t\t\t\t\t\t<div class=\"elementor-element elementor-element-38de75e elementor-widget elementor-widget-image\" data-id=\"38de75e\" data-element_type=\"widget\" data-widget_type=\"image.default\">\n\t\t\t\t<div class=\"elementor-widget-container\">\n\t\t\t\t\t\t\t\t\t\t\t\t\t\t\t<img loading=\"lazy\" decoding=\"async\" width=\"917\" height=\"626\" src=\"https:\/\/investinalentejo.pt\/pt\/wp-content\/uploads\/2022\/12\/20-tekever.png\" class=\"attachment-large size-large wp-image-999\" alt=\"\" \/>\t\t\t\t\t\t\t\t\t\t\t\t\t\t\t<\/div>\n\t\t\t\t<\/div>\n\t\t\t\t\t<\/div>\n\t\t<\/div>\n\t\t\t\t<div class=\"elementor-column elementor-col-50 elementor-inner-column elementor-element elementor-element-e91f098\" data-id=\"e91f098\" data-element_type=\"column\">\n\t\t\t<div class=\"elementor-widget-wrap elementor-element-populated\">\n\t\t\t\t\t\t\t\t<div class=\"elementor-element elementor-element-b71b5cc elementor-widget elementor-widget-heading\" data-id=\"b71b5cc\" data-element_type=\"widget\" data-widget_type=\"heading.default\">\n\t\t\t\t<div class=\"elementor-widget-container\">\n\t\t\t<h3 class=\"elementor-heading-title elementor-size-default\">Tekever<\/h3>\t\t<\/div>\n\t\t\t\t<\/div>\n\t\t\t\t<div class=\"elementor-element elementor-element-761ac65 elementor-widget elementor-widget-heading\" data-id=\"761ac65\" data-element_type=\"widget\" data-widget_type=\"heading.default\">\n\t\t\t\t<div class=\"elementor-widget-container\">\n\t\t\t<p class=\"elementor-heading-title elementor-size-default\">Ponte de Sor<\/p>\t\t<\/div>\n\t\t\t\t<\/div>\n\t\t\t\t<div class=\"elementor-element elementor-element-995996b elementor-widget elementor-widget-text-editor\" data-id=\"995996b\" data-element_type=\"widget\" data-widget_type=\"text-editor.default\">\n\t\t\t\t<div class=\"elementor-widget-container\">\n\t\t\t\t\t\t\t<p><span style=\"font-weight: 400;\">A TEKEVER \u00e9 um grupo empresarial portugu\u00eas criado em Portugal em 2001, em Lisboa, por ex-alunos do Instituto Superior T\u00e9cnico, cuja atividade se centra no desenvolvimento de tecnologia, produtos e servi\u00e7os nas \u00e1reas das Tecnologias de Informa\u00e7\u00e3o e Comunica\u00e7\u00e3o, Aeron\u00e1utica, Espa\u00e7o, Defesa e Seguran\u00e7a.<\/span><\/p><p><span style=\"font-weight: 400;\">No seu site, definem-se como uma empresa que \u201cn\u00e3o se limita a reagir \u00e0s mudan\u00e7as no mundo em que vivemos. N\u00f3s trabalhamos diariamente para criar essas mudan\u00e7as e para dar aos nossos clientes tecnologia de ponta que os ajude a desempenhar a sua miss\u00e3o\u201d.<\/span><\/p><p><span style=\"font-weight: 400;\">Para saber mais sobre a <\/span><a href=\"https:\/\/www.tekever.com\"><span style=\"font-weight: 400;\">Tekever<\/span><\/a> <\/p>\t\t\t\t\t\t<\/div>\n\t\t\t\t<\/div>\n\t\t\t\t\t<\/div>\n\t\t<\/div>\n\t\t\t\t\t\t\t<\/div>\n\t\t<\/section>\n\t\t\t\t<section class=\"elementor-section elementor-inner-section elementor-element elementor-element-4e50449 elementor-section-boxed elementor-section-height-default elementor-section-height-default\" data-id=\"4e50449\" data-element_type=\"section\">\n\t\t\t\t\t\t<div class=\"elementor-container elementor-column-gap-default\">\n\t\t\t\t\t<div class=\"elementor-column elementor-col-50 elementor-inner-column elementor-element elementor-element-6096c36\" data-id=\"6096c36\" data-element_type=\"column\">\n\t\t\t<div class=\"elementor-widget-wrap elementor-element-populated\">\n\t\t\t\t\t\t\t\t<div class=\"elementor-element elementor-element-72d1d4b elementor-widget elementor-widget-image\" data-id=\"72d1d4b\" data-element_type=\"widget\" data-widget_type=\"image.default\">\n\t\t\t\t<div class=\"elementor-widget-container\">\n\t\t\t\t\t\t\t\t\t\t\t\t\t\t\t<img loading=\"lazy\" decoding=\"async\" width=\"917\" height=\"626\" src=\"https:\/\/investinalentejo.pt\/pt\/wp-content\/uploads\/2022\/12\/21-vitacress-portugal.png\" class=\"attachment-large size-large wp-image-1000\" alt=\"\" \/>\t\t\t\t\t\t\t\t\t\t\t\t\t\t\t<\/div>\n\t\t\t\t<\/div>\n\t\t\t\t\t<\/div>\n\t\t<\/div>\n\t\t\t\t<div class=\"elementor-column elementor-col-50 elementor-inner-column elementor-element elementor-element-74a06ac\" data-id=\"74a06ac\" data-element_type=\"column\">\n\t\t\t<div class=\"elementor-widget-wrap elementor-element-populated\">\n\t\t\t\t\t\t\t\t<div class=\"elementor-element elementor-element-0d44141 elementor-widget elementor-widget-heading\" data-id=\"0d44141\" data-element_type=\"widget\" data-widget_type=\"heading.default\">\n\t\t\t\t<div class=\"elementor-widget-container\">\n\t\t\t<h3 class=\"elementor-heading-title elementor-size-default\">Vitacress Portugal<\/h3>\t\t<\/div>\n\t\t\t\t<\/div>\n\t\t\t\t<div class=\"elementor-element elementor-element-c135577 elementor-widget elementor-widget-heading\" data-id=\"c135577\" data-element_type=\"widget\" data-widget_type=\"heading.default\">\n\t\t\t\t<div class=\"elementor-widget-container\">\n\t\t\t<p class=\"elementor-heading-title elementor-size-default\">Odemira<\/p>\t\t<\/div>\n\t\t\t\t<\/div>\n\t\t\t\t<div class=\"elementor-element elementor-element-e0b6285 elementor-widget elementor-widget-text-editor\" data-id=\"e0b6285\" data-element_type=\"widget\" data-widget_type=\"text-editor.default\">\n\t\t\t\t<div class=\"elementor-widget-container\">\n\t\t\t\t\t\t\t<p><span style=\"font-weight: 400;\">\u201c<\/span><span style=\"font-weight: 400;\">Especializados em folhas baby e com produtos como o agri\u00e3o de \u00e1gua, saladas e ervas arom\u00e1ticas, somos um dos l\u00edderes europeus no fornecimento de produtos agr\u00edcolas frescos, lavados e prontos a consumir.<\/span><\/p><p><span style=\"font-weight: 400;\">As nossas quintas est\u00e3o distribu\u00eddas entre Portugal, Reino Unido e Espanha, onde produzimos todas as folhas baby e contamos j\u00e1 com uma vasta rede de fornecedores que nos permitem satisfazer as necessidades do mercado em qualquer \u00e9poca e esta\u00e7\u00e3o do ano, com produtos igualmente frescos, saborosos e saud\u00e1veis.<\/span><\/p><p><span style=\"font-weight: 400;\">Em Portugal lideramos o mercado com a nossa marca Vitacress, estando presentes em praticamente todos os pontos de venda. Temos um vasto leque de clientes no Reino Unido, maioritariamente sob marca pr\u00f3pria das cadeias de supermercados e marca Steve\u2019s Leaves e tamb\u00e9m operamos em Espanha, Holanda, B\u00e9lgica e Alemanha, com produto que exportamos.\u201d\u00a0<\/span><\/p><p><span style=\"font-weight: 400;\">Para saber mais sobre a <\/span><a href=\"https:\/\/www.vitacress.pt\/en\/\"><span style=\"font-weight: 400;\">Vitacress Portugal<\/span><\/a><span style=\"font-weight: 400;\">\u00a0<\/span><\/p>\t\t\t\t\t\t<\/div>\n\t\t\t\t<\/div>\n\t\t\t\t\t<\/div>\n\t\t<\/div>\n\t\t\t\t\t\t\t<\/div>\n\t\t<\/section>\n\t\t\t\t\t<\/div>\n\t\t<\/div>\n\t\t\t\t\t\t\t<\/div>\n\t\t<\/section>\n\t\t\t\t<section class=\"elementor-section elementor-top-section elementor-element elementor-element-9f3aaf3 case-studies elementor-section-boxed elementor-section-height-default elementor-section-height-default\" data-id=\"9f3aaf3\" data-element_type=\"section\" id=\"clusters\">\n\t\t\t\t\t\t<div class=\"elementor-container elementor-column-gap-default\">\n\t\t\t\t\t<div class=\"elementor-column elementor-col-100 elementor-top-column elementor-element elementor-element-8a24ae8\" data-id=\"8a24ae8\" data-element_type=\"column\">\n\t\t\t<div class=\"elementor-widget-wrap elementor-element-populated\">\n\t\t\t\t\t\t\t\t<div class=\"elementor-element elementor-element-6d8f00f elementor-widget elementor-widget-heading\" data-id=\"6d8f00f\" data-element_type=\"widget\" data-widget_type=\"heading.default\">\n\t\t\t\t<div class=\"elementor-widget-container\">\n\t\t\t<h3 class=\"elementor-heading-title elementor-size-default\">Clusters<\/h3>\t\t<\/div>\n\t\t\t\t<\/div>\n\t\t\t\t<section class=\"elementor-section elementor-inner-section elementor-element elementor-element-09b3289 elementor-section-boxed elementor-section-height-default elementor-section-height-default\" data-id=\"09b3289\" data-element_type=\"section\">\n\t\t\t\t\t\t<div class=\"elementor-container elementor-column-gap-default\">\n\t\t\t\t\t<div class=\"elementor-column elementor-col-50 elementor-inner-column elementor-element elementor-element-8e97376\" data-id=\"8e97376\" data-element_type=\"column\">\n\t\t\t<div class=\"elementor-widget-wrap elementor-element-populated\">\n\t\t\t\t\t\t\t\t<div class=\"elementor-element elementor-element-c043008 elementor-widget elementor-widget-image\" data-id=\"c043008\" data-element_type=\"widget\" data-widget_type=\"image.default\">\n\t\t\t\t<div class=\"elementor-widget-container\">\n\t\t\t\t\t\t\t\t\t\t\t\t\t\t\t<img loading=\"lazy\" decoding=\"async\" width=\"917\" height=\"626\" src=\"https:\/\/investinalentejo.pt\/pt\/wp-content\/uploads\/2022\/12\/2-aed.png\" class=\"attachment-large size-large wp-image-1023\" alt=\"\" \/>\t\t\t\t\t\t\t\t\t\t\t\t\t\t\t<\/div>\n\t\t\t\t<\/div>\n\t\t\t\t\t<\/div>\n\t\t<\/div>\n\t\t\t\t<div class=\"elementor-column elementor-col-50 elementor-inner-column elementor-element elementor-element-b2dfd3f\" data-id=\"b2dfd3f\" data-element_type=\"column\">\n\t\t\t<div class=\"elementor-widget-wrap elementor-element-populated\">\n\t\t\t\t\t\t\t\t<div class=\"elementor-element elementor-element-006c8ae elementor-widget elementor-widget-heading\" data-id=\"006c8ae\" data-element_type=\"widget\" data-widget_type=\"heading.default\">\n\t\t\t\t<div class=\"elementor-widget-container\">\n\t\t\t<h3 class=\"elementor-heading-title elementor-size-default\">AED Cluster<\/h3>\t\t<\/div>\n\t\t\t\t<\/div>\n\t\t\t\t<div class=\"elementor-element elementor-element-685563b elementor-widget elementor-widget-heading\" data-id=\"685563b\" data-element_type=\"widget\" data-widget_type=\"heading.default\">\n\t\t\t\t<div class=\"elementor-widget-container\">\n\t\t\t<p class=\"elementor-heading-title elementor-size-default\">\u00c9vora<\/p>\t\t<\/div>\n\t\t\t\t<\/div>\n\t\t\t\t<div class=\"elementor-element elementor-element-a2dda79 elementor-widget elementor-widget-text-editor\" data-id=\"a2dda79\" data-element_type=\"widget\" data-widget_type=\"text-editor.default\">\n\t\t\t\t<div class=\"elementor-widget-container\">\n\t\t\t\t\t\t\t<p><span style=\"font-weight: 400;\">\u201cO AED Cluster Portugal (AEDCP) \u00e9 o Cluster Portugu\u00eas para as Ind\u00fastrias de Aeron\u00e1utica, Espa\u00e7o e Defesa e foi criado em 2016, como uma organiza\u00e7\u00e3o privada sem fins lucrativos.<\/span><\/p><p><span style=\"font-weight: 400;\">Envolvendo j\u00e1 mais de 100 entidades estabelecidas em Portugal, o Cluster re\u00fane os principais <\/span><i><span style=\"font-weight: 400;\">stakeholders<\/span><\/i><span style=\"font-weight: 400;\"> dos tr\u00eas setores, posicionando-se como um ponto de entrada no pa\u00eds e elemento dinamizador para todos os atores nacionais e internacionais.<\/span><\/p><p><span style=\"font-weight: 400;\">Os objectivos estrat\u00e9gicos da AED Cluster Portugal enquadram-se dentro de quatro pilares principais \u2013 <\/span><i><span style=\"font-weight: 400;\">Financiamento e Regulamenta\u00e7\u00e3o<\/span><\/i><span style=\"font-weight: 400;\">; <\/span><i><span style=\"font-weight: 400;\">Pessoas e Compet\u00eancias<\/span><\/i><span style=\"font-weight: 400;\">; <\/span><i><span style=\"font-weight: 400;\">Inova\u00e7\u00e3o e Valor<\/span><\/i><span style=\"font-weight: 400;\">; <\/span><i><span style=\"font-weight: 400;\">Mercados e Oportunidades<\/span><\/i><span style=\"font-weight: 400;\"> -, com a clara miss\u00e3o de promover o avan\u00e7o e consolida\u00e7\u00e3o de Portugal como refer\u00eancia internacional nos mercados globais da Aeron\u00e1utica, Espa\u00e7o e Defesa.\u201d<\/span><\/p><p><span style=\"font-weight: 400;\">Para saber mais sobre o <\/span><a href=\"https:\/\/www.aedportugal.pt\"><span style=\"font-weight: 400;\">AED Cluster<\/span><\/a><span style=\"font-weight: 400;\">\u00a0<\/span><\/p>\t\t\t\t\t\t<\/div>\n\t\t\t\t<\/div>\n\t\t\t\t\t<\/div>\n\t\t<\/div>\n\t\t\t\t\t\t\t<\/div>\n\t\t<\/section>\n\t\t\t\t\t<\/div>\n\t\t<\/div>\n\t\t\t\t\t\t\t<\/div>\n\t\t<\/section>\n\t\t\t\t<section class=\"elementor-section elementor-top-section elementor-element elementor-element-3adc178 case-studies elementor-section-boxed elementor-section-height-default elementor-section-height-default\" data-id=\"3adc178\" data-element_type=\"section\" id=\"knowledgecenters\">\n\t\t\t\t\t\t<div class=\"elementor-container elementor-column-gap-default\">\n\t\t\t\t\t<div class=\"elementor-column elementor-col-100 elementor-top-column elementor-element elementor-element-6d1c544\" data-id=\"6d1c544\" data-element_type=\"column\">\n\t\t\t<div class=\"elementor-widget-wrap elementor-element-populated\">\n\t\t\t\t\t\t\t\t<div class=\"elementor-element elementor-element-a9641df elementor-widget elementor-widget-heading\" data-id=\"a9641df\" data-element_type=\"widget\" data-widget_type=\"heading.default\">\n\t\t\t\t<div class=\"elementor-widget-container\">\n\t\t\t<h3 class=\"elementor-heading-title elementor-size-default\">Centros de conhecimento<\/h3>\t\t<\/div>\n\t\t\t\t<\/div>\n\t\t\t\t<section class=\"elementor-section elementor-inner-section elementor-element elementor-element-3c1757f elementor-section-boxed elementor-section-height-default elementor-section-height-default\" data-id=\"3c1757f\" data-element_type=\"section\">\n\t\t\t\t\t\t<div class=\"elementor-container elementor-column-gap-default\">\n\t\t\t\t\t<div class=\"elementor-column elementor-col-50 elementor-inner-column elementor-element elementor-element-1e19cd1\" data-id=\"1e19cd1\" data-element_type=\"column\">\n\t\t\t<div class=\"elementor-widget-wrap elementor-element-populated\">\n\t\t\t\t\t\t\t\t<div class=\"elementor-element elementor-element-27a9ba0 elementor-widget elementor-widget-image\" data-id=\"27a9ba0\" data-element_type=\"widget\" data-widget_type=\"image.default\">\n\t\t\t\t<div class=\"elementor-widget-container\">\n\t\t\t\t\t\t\t\t\t\t\t\t\t\t\t<img loading=\"lazy\" decoding=\"async\" width=\"917\" height=\"626\" src=\"https:\/\/investinalentejo.pt\/pt\/wp-content\/uploads\/2022\/12\/1-universidade-de-evora.png\" class=\"attachment-large size-large wp-image-1004\" alt=\"\" \/>\t\t\t\t\t\t\t\t\t\t\t\t\t\t\t<\/div>\n\t\t\t\t<\/div>\n\t\t\t\t\t<\/div>\n\t\t<\/div>\n\t\t\t\t<div class=\"elementor-column elementor-col-50 elementor-inner-column elementor-element elementor-element-d788d3d\" data-id=\"d788d3d\" data-element_type=\"column\">\n\t\t\t<div class=\"elementor-widget-wrap elementor-element-populated\">\n\t\t\t\t\t\t\t\t<div class=\"elementor-element elementor-element-80aefee elementor-widget elementor-widget-heading\" data-id=\"80aefee\" data-element_type=\"widget\" data-widget_type=\"heading.default\">\n\t\t\t\t<div class=\"elementor-widget-container\">\n\t\t\t<h3 class=\"elementor-heading-title elementor-size-default\">Universidade de \u00c9vora<\/h3>\t\t<\/div>\n\t\t\t\t<\/div>\n\t\t\t\t<div class=\"elementor-element elementor-element-b761adc elementor-widget elementor-widget-heading\" data-id=\"b761adc\" data-element_type=\"widget\" data-widget_type=\"heading.default\">\n\t\t\t\t<div class=\"elementor-widget-container\">\n\t\t\t<p class=\"elementor-heading-title elementor-size-default\">\u00c9vora<\/p>\t\t<\/div>\n\t\t\t\t<\/div>\n\t\t\t\t<div class=\"elementor-element elementor-element-cd6283f elementor-widget elementor-widget-text-editor\" data-id=\"cd6283f\" data-element_type=\"widget\" data-widget_type=\"text-editor.default\">\n\t\t\t\t<div class=\"elementor-widget-container\">\n\t\t\t\t\t\t\t<p><span style=\"font-weight: 400;\">\u201cA U\u00c9 \u00e9 um centro de cria\u00e7\u00e3o, transmiss\u00e3o e difus\u00e3o da cultura, da ci\u00eancia e da tecnologia, que, atrav\u00e9s da articula\u00e7\u00e3o do estudo, da doc\u00eancia e da investiga\u00e7\u00e3o, se integra na vida da sociedade.\u201d<\/span><\/p><p><span style=\"font-weight: 400;\">Para saber mais sobre a <\/span><a href=\"https:\/\/www.uevora.pt\"><span style=\"font-weight: 400;\">Universidade de \u00c9vora<\/span><\/a><\/p>\t\t\t\t\t\t<\/div>\n\t\t\t\t<\/div>\n\t\t\t\t\t<\/div>\n\t\t<\/div>\n\t\t\t\t\t\t\t<\/div>\n\t\t<\/section>\n\t\t\t\t<section class=\"elementor-section elementor-inner-section elementor-element elementor-element-0e5722e elementor-section-boxed elementor-section-height-default elementor-section-height-default\" data-id=\"0e5722e\" data-element_type=\"section\">\n\t\t\t\t\t\t<div class=\"elementor-container elementor-column-gap-default\">\n\t\t\t\t\t<div class=\"elementor-column elementor-col-50 elementor-inner-column elementor-element elementor-element-47beff0\" data-id=\"47beff0\" data-element_type=\"column\">\n\t\t\t<div class=\"elementor-widget-wrap elementor-element-populated\">\n\t\t\t\t\t\t\t\t<div class=\"elementor-element elementor-element-9f94e9a elementor-widget elementor-widget-image\" data-id=\"9f94e9a\" data-element_type=\"widget\" data-widget_type=\"image.default\">\n\t\t\t\t<div class=\"elementor-widget-container\">\n\t\t\t\t\t\t\t\t\t\t\t\t\t\t\t<img loading=\"lazy\" decoding=\"async\" width=\"917\" height=\"626\" src=\"https:\/\/investinalentejo.pt\/pt\/wp-content\/uploads\/2022\/12\/2-instituto-politecnico-de-beja.png\" class=\"attachment-large size-large wp-image-1005\" alt=\"\" \/>\t\t\t\t\t\t\t\t\t\t\t\t\t\t\t<\/div>\n\t\t\t\t<\/div>\n\t\t\t\t\t<\/div>\n\t\t<\/div>\n\t\t\t\t<div class=\"elementor-column elementor-col-50 elementor-inner-column elementor-element elementor-element-7d19ad4\" data-id=\"7d19ad4\" data-element_type=\"column\">\n\t\t\t<div class=\"elementor-widget-wrap elementor-element-populated\">\n\t\t\t\t\t\t\t\t<div class=\"elementor-element elementor-element-bb2ee8b elementor-widget elementor-widget-heading\" data-id=\"bb2ee8b\" data-element_type=\"widget\" data-widget_type=\"heading.default\">\n\t\t\t\t<div class=\"elementor-widget-container\">\n\t\t\t<h3 class=\"elementor-heading-title elementor-size-default\">Instituto Polit\u00e9cnico de Beja<\/h3>\t\t<\/div>\n\t\t\t\t<\/div>\n\t\t\t\t<div class=\"elementor-element elementor-element-cc8c821 elementor-widget elementor-widget-heading\" data-id=\"cc8c821\" data-element_type=\"widget\" data-widget_type=\"heading.default\">\n\t\t\t\t<div class=\"elementor-widget-container\">\n\t\t\t<p class=\"elementor-heading-title elementor-size-default\">Beja<\/p>\t\t<\/div>\n\t\t\t\t<\/div>\n\t\t\t\t<div class=\"elementor-element elementor-element-990229d elementor-widget elementor-widget-text-editor\" data-id=\"990229d\" data-element_type=\"widget\" data-widget_type=\"text-editor.default\">\n\t\t\t\t<div class=\"elementor-widget-container\">\n\t\t\t\t\t\t\t<p><span style=\"font-weight: 400;\">\u201c<\/span><span style=\"font-weight: 400;\">O Instituto Polit\u00e9cnico de Beja \u00e9 uma institui\u00e7\u00e3o de ensino superior ao servi\u00e7o da sociedade, destinada \u00e0 produ\u00e7\u00e3o e difus\u00e3o do conhecimento, cria\u00e7\u00e3o, transmiss\u00e3o e difus\u00e3o da cultura e do saber de natureza profissional, da investiga\u00e7\u00e3o orientada e do desenvolvimento experimental, concentrado especialmente em forma\u00e7\u00f5es vocacionais e em forma\u00e7\u00f5es t\u00e9cnicas avan\u00e7adas, orientadas profissionalmente e incentivando a forma\u00e7\u00e3o ao longo da vida.\u201d<\/span><\/p><p><span style=\"font-weight: 400;\">Para saber mais sobre o <\/span><a href=\"https:\/\/www.ipbeja.pt\/Paginas\/default.aspx\"><span style=\"font-weight: 400;\">Instituto Polit\u00e9cnico de Beja<\/span><\/a><span style=\"font-weight: 400;\">\u00a0<\/span><\/p>\t\t\t\t\t\t<\/div>\n\t\t\t\t<\/div>\n\t\t\t\t\t<\/div>\n\t\t<\/div>\n\t\t\t\t\t\t\t<\/div>\n\t\t<\/section>\n\t\t\t\t<section class=\"elementor-section elementor-inner-section elementor-element elementor-element-5a0f921 elementor-section-boxed elementor-section-height-default elementor-section-height-default\" data-id=\"5a0f921\" data-element_type=\"section\">\n\t\t\t\t\t\t<div class=\"elementor-container elementor-column-gap-default\">\n\t\t\t\t\t<div class=\"elementor-column elementor-col-50 elementor-inner-column elementor-element elementor-element-59cf973\" data-id=\"59cf973\" data-element_type=\"column\">\n\t\t\t<div class=\"elementor-widget-wrap elementor-element-populated\">\n\t\t\t\t\t\t\t\t<div class=\"elementor-element elementor-element-a8cb9f5 elementor-widget elementor-widget-image\" data-id=\"a8cb9f5\" data-element_type=\"widget\" data-widget_type=\"image.default\">\n\t\t\t\t<div class=\"elementor-widget-container\">\n\t\t\t\t\t\t\t\t\t\t\t\t\t\t\t<img loading=\"lazy\" decoding=\"async\" width=\"917\" height=\"626\" src=\"https:\/\/investinalentejo.pt\/pt\/wp-content\/uploads\/2022\/12\/3-instituto-politecnico-de-portalegre.png\" class=\"attachment-large size-large wp-image-1007\" alt=\"\" \/>\t\t\t\t\t\t\t\t\t\t\t\t\t\t\t<\/div>\n\t\t\t\t<\/div>\n\t\t\t\t\t<\/div>\n\t\t<\/div>\n\t\t\t\t<div class=\"elementor-column elementor-col-50 elementor-inner-column elementor-element elementor-element-6428272\" data-id=\"6428272\" data-element_type=\"column\">\n\t\t\t<div class=\"elementor-widget-wrap elementor-element-populated\">\n\t\t\t\t\t\t\t\t<div class=\"elementor-element elementor-element-14d093b elementor-widget elementor-widget-heading\" data-id=\"14d093b\" data-element_type=\"widget\" data-widget_type=\"heading.default\">\n\t\t\t\t<div class=\"elementor-widget-container\">\n\t\t\t<h3 class=\"elementor-heading-title elementor-size-default\">Instituto Polit\u00e9cnico de Portalegre<\/h3>\t\t<\/div>\n\t\t\t\t<\/div>\n\t\t\t\t<div class=\"elementor-element elementor-element-71523c0 elementor-widget elementor-widget-heading\" data-id=\"71523c0\" data-element_type=\"widget\" data-widget_type=\"heading.default\">\n\t\t\t\t<div class=\"elementor-widget-container\">\n\t\t\t<p class=\"elementor-heading-title elementor-size-default\">Portalegre<\/p>\t\t<\/div>\n\t\t\t\t<\/div>\n\t\t\t\t<div class=\"elementor-element elementor-element-75f1fc2 elementor-widget elementor-widget-text-editor\" data-id=\"75f1fc2\" data-element_type=\"widget\" data-widget_type=\"text-editor.default\">\n\t\t\t\t<div class=\"elementor-widget-container\">\n\t\t\t\t\t\t\t<p><span style=\"font-weight: 400;\">\u201c<\/span><span style=\"font-weight: 400;\">O Polit\u00e9cnico de Portalegre \u00e9 uma institui\u00e7\u00e3o p\u00fablica de Ensino Superior que integra a Escola Superior de Educa\u00e7\u00e3o e Ci\u00eancias Sociais, a Escola Superior de Tecnologia e Gest\u00e3o, a Escola Superior de Sa\u00fade, em Portalegre, e a Escola Superior Agr\u00e1ria, em Elvas. O Polit\u00e9cnico de Portalegre conta ainda com uma incubadora de base tecnol\u00f3gica,\u00a0 um Gabinete de Investiga\u00e7\u00e3o e Inova\u00e7\u00e3o, um Gabinete de Empreendedorismo e Emprego, um Centro de L\u00ednguas e Culturas e um Gabinete de Rela\u00e7\u00f5es Internacionais.<\/span><\/p><p><span style=\"font-weight: 400;\">Para saber mais sobre o <\/span><a href=\"https:\/\/www.ipportalegre.pt\/pt\/\"><span style=\"font-weight: 400;\">Instituto Polit\u00e9cnico de Portalegre<\/span><\/a><span style=\"font-weight: 400;\">\u00a0<\/span><\/p>\t\t\t\t\t\t<\/div>\n\t\t\t\t<\/div>\n\t\t\t\t\t<\/div>\n\t\t<\/div>\n\t\t\t\t\t\t\t<\/div>\n\t\t<\/section>\n\t\t\t\t\t<\/div>\n\t\t<\/div>\n\t\t\t\t\t\t\t<\/div>\n\t\t<\/section>\n\t\t\t\t<section class=\"elementor-section elementor-top-section elementor-element elementor-element-4aedb25 case-studies elementor-section-boxed elementor-section-height-default elementor-section-height-default\" data-id=\"4aedb25\" data-element_type=\"section\" id=\"startups\">\n\t\t\t\t\t\t<div class=\"elementor-container elementor-column-gap-default\">\n\t\t\t\t\t<div class=\"elementor-column elementor-col-100 elementor-top-column elementor-element elementor-element-a9c8b1f\" data-id=\"a9c8b1f\" data-element_type=\"column\">\n\t\t\t<div class=\"elementor-widget-wrap elementor-element-populated\">\n\t\t\t\t\t\t\t\t<div class=\"elementor-element elementor-element-cfeac45 elementor-widget elementor-widget-heading\" data-id=\"cfeac45\" data-element_type=\"widget\" data-widget_type=\"heading.default\">\n\t\t\t\t<div class=\"elementor-widget-container\">\n\t\t\t<h3 class=\"elementor-heading-title elementor-size-default\">STARTUPS<\/h3>\t\t<\/div>\n\t\t\t\t<\/div>\n\t\t\t\t<div class=\"elementor-element elementor-element-ed149e6 elementor-widget elementor-widget-text-editor\" data-id=\"ed149e6\" data-element_type=\"widget\" data-widget_type=\"text-editor.default\">\n\t\t\t\t<div class=\"elementor-widget-container\">\n\t\t\t\t\t\t\t<p><span style=\"font-weight: 400;\">A ADRAL gere a Rede de Incubadoras do Alentejo. Atualmente, somos respons\u00e1veis pela gest\u00e3o de 4 incubadoras na regi\u00e3o do Alentejo, mas, num futuro pr\u00f3ximo, este n\u00famero ser\u00e1 maior. Dito isto, esta rede est\u00e1 dispon\u00edvel para acolher startups oriundas do Alentejo, de Portugal e do mundo inteiro.\u00a0<\/span><\/p><p><span style=\"font-weight: 400;\">A Rede de Incubadoras do Alentejo, gerida pela ADRAL, \u00e9 membro da Rede Nacional de Incubadoras e integra programas como o StartUp Visa, que permite que empreendedores de pa\u00edses fora do Espa\u00e7o Schengen desenvolvam os seus projetos em Portugal, e do programa FIT &#8211; Fostering Innovation in Tourism, do Turismo de Portugal.<\/span><\/p><p><span style=\"font-weight: 400;\">Estas s\u00e3o algumas das empresas que fazem parte do nosso ecossistema:<\/span><\/p>\t\t\t\t\t\t<\/div>\n\t\t\t\t<\/div>\n\t\t\t\t<section class=\"elementor-section elementor-inner-section elementor-element elementor-element-34fc3aa elementor-section-boxed elementor-section-height-default elementor-section-height-default\" data-id=\"34fc3aa\" data-element_type=\"section\">\n\t\t\t\t\t\t<div class=\"elementor-container elementor-column-gap-default\">\n\t\t\t\t\t<div class=\"elementor-column elementor-col-50 elementor-inner-column elementor-element elementor-element-900450d\" data-id=\"900450d\" data-element_type=\"column\">\n\t\t\t<div class=\"elementor-widget-wrap elementor-element-populated\">\n\t\t\t\t\t\t\t\t<div class=\"elementor-element elementor-element-0ab5d75 elementor-widget elementor-widget-image\" data-id=\"0ab5d75\" data-element_type=\"widget\" data-widget_type=\"image.default\">\n\t\t\t\t<div class=\"elementor-widget-container\">\n\t\t\t\t\t\t\t\t\t\t\t\t\t\t\t<img loading=\"lazy\" decoding=\"async\" width=\"917\" height=\"626\" src=\"https:\/\/investinalentejo.pt\/pt\/wp-content\/uploads\/2022\/12\/1-meight.png\" class=\"attachment-large size-large wp-image-1017\" alt=\"\" \/>\t\t\t\t\t\t\t\t\t\t\t\t\t\t\t<\/div>\n\t\t\t\t<\/div>\n\t\t\t\t\t<\/div>\n\t\t<\/div>\n\t\t\t\t<div class=\"elementor-column elementor-col-50 elementor-inner-column elementor-element elementor-element-f47c78d\" data-id=\"f47c78d\" data-element_type=\"column\">\n\t\t\t<div class=\"elementor-widget-wrap elementor-element-populated\">\n\t\t\t\t\t\t\t\t<div class=\"elementor-element elementor-element-bcabf48 elementor-widget elementor-widget-heading\" data-id=\"bcabf48\" data-element_type=\"widget\" data-widget_type=\"heading.default\">\n\t\t\t\t<div class=\"elementor-widget-container\">\n\t\t\t<h3 class=\"elementor-heading-title elementor-size-default\">Meight <\/h3>\t\t<\/div>\n\t\t\t\t<\/div>\n\t\t\t\t<div class=\"elementor-element elementor-element-92df87b elementor-widget elementor-widget-heading\" data-id=\"92df87b\" data-element_type=\"widget\" data-widget_type=\"heading.default\">\n\t\t\t\t<div class=\"elementor-widget-container\">\n\t\t\t<p class=\"elementor-heading-title elementor-size-default\">\u00c9vora<\/p>\t\t<\/div>\n\t\t\t\t<\/div>\n\t\t\t\t<div class=\"elementor-element elementor-element-72e094b elementor-widget elementor-widget-text-editor\" data-id=\"72e094b\" data-element_type=\"widget\" data-widget_type=\"text-editor.default\">\n\t\t\t\t<div class=\"elementor-widget-container\">\n\t\t\t\t\t\t\t<p><span style=\"font-weight: 400;\">A <\/span><b>Meight,<\/b><span style=\"font-weight: 400;\"> empresa fundada em 2018 por \ud835\udddf\ud835\ude02\ud835\uddf6\u0301\ud835\ude00 \ud835\udde0\ud835\uddf2\ud835\uddfb\ud835\uddf1\ud835\uddf2\ud835\ude00 e \ud835\uddd4\ud835\uddfb\ud835\ude01\ud835\uddfc\u0301\ud835\uddfb\ud835\uddf6\ud835\uddfc \ud835\udde5\ud835\uddf2\ud835\uddf6\ud835\ude00, est\u00e1 incubada na \u00c9voraTech &#8211; Incubadora de Empresas de Base Tecnol\u00f3gica de \u00c9vora desde 2019 e conta atualmente com 10 colaboradores.\u00a0<\/span><\/p><p><span style=\"font-weight: 400;\">O foco da empresa \u00e9 digitalizar o mundo dos transportes para que, em cada viagem, transportadoras e motoristas possam gastar menos e consumir menos recursos. Traz tecnologia inovadora para uma ind\u00fastria antiga, onde h\u00e1 necessidade de recursos e know-how para entrar na nova era digital. Os motoristas profissionais n\u00e3o v\u00e3o desaparecer, a condu\u00e7\u00e3o aut\u00f3noma n\u00e3o \u00e9 a resposta para uma ind\u00fastria complexa, pelo que \u00e9 necess\u00e1rio encontrar alternativas para impulsionar uma das atividades mais fascinantes e com maior impacto no com\u00e9rcio mundial.\u00a0<\/span><\/p><p><span style=\"font-weight: 400;\">A Meight desenvolveu uma plataforma de intelig\u00eancia artificial capaz de prever, monitorizar e gerir as opera\u00e7\u00f5es de terreno do transporte de mercadorias, nomeadamente a gest\u00e3o de consumo de combust\u00edvel e de todas as tarefas de trabalho.\u00a0<\/span><\/p><p><span style=\"font-weight: 400;\">Para saber mais sobre a <a href=\"https:\/\/www.meight.com\" target=\"_blank\" rel=\"noopener\">Meight<\/a><\/span><\/p>\t\t\t\t\t\t<\/div>\n\t\t\t\t<\/div>\n\t\t\t\t\t<\/div>\n\t\t<\/div>\n\t\t\t\t\t\t\t<\/div>\n\t\t<\/section>\n\t\t\t\t<section class=\"elementor-section elementor-inner-section elementor-element elementor-element-75d2ad2 elementor-section-boxed elementor-section-height-default elementor-section-height-default\" data-id=\"75d2ad2\" data-element_type=\"section\">\n\t\t\t\t\t\t<div class=\"elementor-container elementor-column-gap-default\">\n\t\t\t\t\t<div class=\"elementor-column elementor-col-50 elementor-inner-column elementor-element elementor-element-54f014a\" data-id=\"54f014a\" data-element_type=\"column\">\n\t\t\t<div class=\"elementor-widget-wrap elementor-element-populated\">\n\t\t\t\t\t\t\t\t<div class=\"elementor-element elementor-element-a3d3490 elementor-widget elementor-widget-image\" data-id=\"a3d3490\" data-element_type=\"widget\" data-widget_type=\"image.default\">\n\t\t\t\t<div class=\"elementor-widget-container\">\n\t\t\t\t\t\t\t\t\t\t\t\t\t\t\t<img loading=\"lazy\" decoding=\"async\" width=\"917\" height=\"626\" src=\"https:\/\/investinalentejo.pt\/pt\/wp-content\/uploads\/2022\/12\/2-create-it.png\" class=\"attachment-large size-large wp-image-1018\" alt=\"\" \/>\t\t\t\t\t\t\t\t\t\t\t\t\t\t\t<\/div>\n\t\t\t\t<\/div>\n\t\t\t\t\t<\/div>\n\t\t<\/div>\n\t\t\t\t<div class=\"elementor-column elementor-col-50 elementor-inner-column elementor-element elementor-element-5490c74\" data-id=\"5490c74\" data-element_type=\"column\">\n\t\t\t<div class=\"elementor-widget-wrap elementor-element-populated\">\n\t\t\t\t\t\t\t\t<div class=\"elementor-element elementor-element-1b9851d elementor-widget elementor-widget-heading\" data-id=\"1b9851d\" data-element_type=\"widget\" data-widget_type=\"heading.default\">\n\t\t\t\t<div class=\"elementor-widget-container\">\n\t\t\t<h3 class=\"elementor-heading-title elementor-size-default\">Create IT<\/h3>\t\t<\/div>\n\t\t\t\t<\/div>\n\t\t\t\t<div class=\"elementor-element elementor-element-e8a3f94 elementor-widget elementor-widget-heading\" data-id=\"e8a3f94\" data-element_type=\"widget\" data-widget_type=\"heading.default\">\n\t\t\t\t<div class=\"elementor-widget-container\">\n\t\t\t<p class=\"elementor-heading-title elementor-size-default\">\u00c9vora<\/p>\t\t<\/div>\n\t\t\t\t<\/div>\n\t\t\t\t<div class=\"elementor-element elementor-element-e5030e2 elementor-widget elementor-widget-text-editor\" data-id=\"e5030e2\" data-element_type=\"widget\" data-widget_type=\"text-editor.default\">\n\t\t\t\t<div class=\"elementor-widget-container\">\n\t\t\t\t\t\t\t<p><span style=\"font-weight: 400;\">A Create IT foi fundada em 2001 com um princ\u00edpio orientador: o desenvolvimento de solu\u00e7\u00f5es que antecipam o futuro e que representam um efetivo valor acrescentado no neg\u00f3cio dos clientes. A empresa continua com esse ADN e vem crescendo em m\u00e9dia 15% ao ano, angariando clientes de dimens\u00e3o quer a n\u00edvel nacional, quer internacional. Em 2016, alargou as suas \u00e1reas de neg\u00f3cio e investiu no lan\u00e7amento de produtos SaaS, como \u00e9 exemplo o <\/span><b>CloudCockpit<\/b><span style=\"font-weight: 400;\">: uma solu\u00e7\u00e3o para a gest\u00e3o da opera\u00e7\u00e3o de Cloud Solution Providers Microsoft. Em 2018, a Create decidiu lan\u00e7ar o departamento de I&amp;DT em \u00c9vora, aproximando rela\u00e7\u00f5es com a Universidade de \u00c9vora, <\/span><i><span style=\"font-weight: 400;\">player<\/span><\/i><span style=\"font-weight: 400;\"> relevante na \u00e1rea de Intelig\u00eancia Artificial, quer ao n\u00edvel da partilha de conhecimento, quer ao n\u00edvel da realiza\u00e7\u00e3o de est\u00e1gios, trabalhos de fim de curso, mestrados e doutoramentos, potenciando assim o que de mais importante existe nas organiza\u00e7\u00f5es, o capital humano.<\/span><\/p><p><span style=\"font-weight: 400;\">Para saber mais sobre a <a href=\"https:\/\/www.create.pt\" target=\"_blank\" rel=\"noopener\">Create IT<\/a><\/span><\/p>\t\t\t\t\t\t<\/div>\n\t\t\t\t<\/div>\n\t\t\t\t\t<\/div>\n\t\t<\/div>\n\t\t\t\t\t\t\t<\/div>\n\t\t<\/section>\n\t\t\t\t\t<\/div>\n\t\t<\/div>\n\t\t\t\t\t\t\t<\/div>\n\t\t<\/section>\n\t\t\t\t\t\t\t<\/div>\n\t\t","protected":false},"excerpt":{"rendered":"<p>Testemunhos O projeto Invest in Alentejo agrega um conjunto de entidades que t\u00eam capacidade de potenciar o desenvolvimento da regi\u00e3o Alentejo. O Porto de Sines tem todo o interesse em estar associado a esta iniciativa pelas oportunidades que se podem construir. Inserido nas principais cadeias log\u00edsticas internacionais, Sines \u00e9 a porta natural de entrada e [&hellip;]<\/p>\n","protected":false},"author":1,"featured_media":1332,"parent":207,"menu_order":5,"comment_status":"closed","ping_status":"closed","template":"","meta":{"footnotes":""},"class_list":["post-557","page","type-page","status-publish","has-post-thumbnail","hentry"],"acf":[],"_links":{"self":[{"href":"https:\/\/investinalentejo.pt\/pt\/wp-json\/wp\/v2\/pages\/557","targetHints":{"allow":["GET"]}}],"collection":[{"href":"https:\/\/investinalentejo.pt\/pt\/wp-json\/wp\/v2\/pages"}],"about":[{"href":"https:\/\/investinalentejo.pt\/pt\/wp-json\/wp\/v2\/types\/page"}],"author":[{"embeddable":true,"href":"https:\/\/investinalentejo.pt\/pt\/wp-json\/wp\/v2\/users\/1"}],"replies":[{"embeddable":true,"href":"https:\/\/investinalentejo.pt\/pt\/wp-json\/wp\/v2\/comments?post=557"}],"version-history":[{"count":162,"href":"https:\/\/investinalentejo.pt\/pt\/wp-json\/wp\/v2\/pages\/557\/revisions"}],"predecessor-version":[{"id":1902,"href":"https:\/\/investinalentejo.pt\/pt\/wp-json\/wp\/v2\/pages\/557\/revisions\/1902"}],"up":[{"embeddable":true,"href":"https:\/\/investinalentejo.pt\/pt\/wp-json\/wp\/v2\/pages\/207"}],"wp:featuredmedia":[{"embeddable":true,"href":"https:\/\/investinalentejo.pt\/pt\/wp-json\/wp\/v2\/media\/1332"}],"wp:attachment":[{"href":"https:\/\/investinalentejo.pt\/pt\/wp-json\/wp\/v2\/media?parent=557"}],"curies":[{"name":"wp","href":"https:\/\/api.w.org\/{rel}","templated":true}]}}