{"id":695,"date":"2022-12-02T21:16:56","date_gmt":"2022-12-02T21:16:56","guid":{"rendered":"http:\/\/investinalentejo.pt\/pt\/?page_id=695"},"modified":"2023-02-13T22:24:47","modified_gmt":"2023-02-13T22:24:47","slug":"noticias","status":"publish","type":"page","link":"https:\/\/investinalentejo.pt\/pt\/noticias-e-eventos\/noticias\/","title":{"rendered":"Not\u00edcias"},"content":{"rendered":"\t\t<div data-elementor-type=\"wp-page\" data-elementor-id=\"695\" class=\"elementor elementor-695\">\n\t\t\t\t\t\t\t\t\t<section class=\"elementor-section elementor-top-section elementor-element elementor-element-b15482f elementor-section-boxed elementor-section-height-default elementor-section-height-default\" data-id=\"b15482f\" data-element_type=\"section\">\n\t\t\t\t\t\t<div class=\"elementor-container elementor-column-gap-default\">\n\t\t\t\t\t<div class=\"elementor-column elementor-col-100 elementor-top-column elementor-element elementor-element-0a68912\" data-id=\"0a68912\" data-element_type=\"column\">\n\t\t\t<div class=\"elementor-widget-wrap elementor-element-populated\">\n\t\t\t\t\t\t\t\t<div class=\"elementor-element elementor-element-571b949 elementor-widget elementor-widget-heading\" data-id=\"571b949\" data-element_type=\"widget\" data-widget_type=\"heading.default\">\n\t\t\t\t<div class=\"elementor-widget-container\">\n\t\t\t<style>\/*! elementor - v3.16.0 - 12-09-2023 *\/\n.elementor-heading-title{padding:0;margin:0;line-height:1}.elementor-widget-heading .elementor-heading-title[class*=elementor-size-]>a{color:inherit;font-size:inherit;line-height:inherit}.elementor-widget-heading .elementor-heading-title.elementor-size-small{font-size:15px}.elementor-widget-heading .elementor-heading-title.elementor-size-medium{font-size:19px}.elementor-widget-heading .elementor-heading-title.elementor-size-large{font-size:29px}.elementor-widget-heading .elementor-heading-title.elementor-size-xl{font-size:39px}.elementor-widget-heading .elementor-heading-title.elementor-size-xxl{font-size:59px}<\/style><h3 class=\"elementor-heading-title elementor-size-default\">Not\u00edcias<\/h3>\t\t<\/div>\n\t\t\t\t<\/div>\n\t\t\t\t\t<\/div>\n\t\t<\/div>\n\t\t\t\t\t\t\t<\/div>\n\t\t<\/section>\n\t\t\t\t<section class=\"elementor-section elementor-top-section elementor-element elementor-element-3a5d494 elementor-section-boxed elementor-section-height-default elementor-section-height-default\" data-id=\"3a5d494\" data-element_type=\"section\">\n\t\t\t\t\t\t<div class=\"elementor-container elementor-column-gap-default\">\n\t\t\t\t\t<div class=\"elementor-column elementor-col-100 elementor-top-column elementor-element elementor-element-3b59f3e\" data-id=\"3b59f3e\" data-element_type=\"column\">\n\t\t\t<div class=\"elementor-widget-wrap elementor-element-populated\">\n\t\t\t\t\t\t\t\t<div class=\"elementor-element elementor-element-d3e3dfe elementor-grid-3 elementor-grid-tablet-2 elementor-grid-mobile-1 elementor-posts--thumbnail-top elementor-posts__hover-gradient elementor-widget elementor-widget-posts\" data-id=\"d3e3dfe\" data-element_type=\"widget\" data-settings=\"{&quot;pagination_type&quot;:&quot;numbers&quot;,&quot;cards_columns&quot;:&quot;3&quot;,&quot;cards_columns_tablet&quot;:&quot;2&quot;,&quot;cards_columns_mobile&quot;:&quot;1&quot;,&quot;cards_row_gap&quot;:{&quot;unit&quot;:&quot;px&quot;,&quot;size&quot;:35,&quot;sizes&quot;:[]},&quot;cards_row_gap_tablet&quot;:{&quot;unit&quot;:&quot;px&quot;,&quot;size&quot;:&quot;&quot;,&quot;sizes&quot;:[]},&quot;cards_row_gap_mobile&quot;:{&quot;unit&quot;:&quot;px&quot;,&quot;size&quot;:&quot;&quot;,&quot;sizes&quot;:[]}}\" data-widget_type=\"posts.cards\">\n\t\t\t\t<div class=\"elementor-widget-container\">\n\t\t\t<link rel=\"stylesheet\" href=\"https:\/\/investinalentejo.pt\/pt\/wp-content\/plugins\/elementor-pro\/assets\/css\/widget-posts.min.css\">\t\t<div class=\"elementor-posts-container elementor-posts elementor-posts--skin-cards elementor-grid\">\n\t\t\t\t<article class=\"elementor-post elementor-grid-item post-1817 post type-post status-publish format-standard has-post-thumbnail hentry category-sem-categoria\">\n\t\t\t<div class=\"elementor-post__card\">\n\t\t\t\t<a class=\"elementor-post__thumbnail__link\" href=\"https:\/\/investinalentejo.pt\/pt\/alentejo-reforca-presenca-no-coracao-da-uniao-europeia\/\" ><div class=\"elementor-post__thumbnail\"><img loading=\"lazy\" decoding=\"async\" width=\"300\" height=\"225\" src=\"https:\/\/investinalentejo.pt\/pt\/wp-content\/uploads\/2023\/08\/1--bruxelas-300x225.jpg\" class=\"attachment-medium size-medium wp-image-1831\" alt=\"\" srcset=\"https:\/\/investinalentejo.pt\/pt\/wp-content\/uploads\/2023\/08\/1--bruxelas-300x225.jpg 300w, https:\/\/investinalentejo.pt\/pt\/wp-content\/uploads\/2023\/08\/1--bruxelas-768x576.jpg 768w, https:\/\/investinalentejo.pt\/pt\/wp-content\/uploads\/2023\/08\/1--bruxelas.jpg 1024w\" sizes=\"auto, (max-width: 300px) 100vw, 300px\" \/><\/div><\/a>\n\t\t\t\t<div class=\"elementor-post__text\">\n\t\t\t\t<h3 class=\"elementor-post__title\">\n\t\t\t<a href=\"https:\/\/investinalentejo.pt\/pt\/alentejo-reforca-presenca-no-coracao-da-uniao-europeia\/\" >\n\t\t\t\tAlentejo refor\u00e7a presen\u00e7a no cora\u00e7\u00e3o da Uni\u00e3o Europeia\t\t\t<\/a>\n\t\t<\/h3>\n\t\t\t\t<div class=\"elementor-post__excerpt\">\n\t\t\t<p>No dia 5 de junho, \ud835\uddd7\ud835\uddee\ud835\uddfb\ud835\uddf6\ud835\uddf2\ud835\uddf9 \ud835\udddd\ud835\uddee\ud835\uddfb\ud835\uddf2\ud835\uddf6\ud835\uddff\ud835\uddfc, C\ud835\ude30\ud835\ude30\ud835\ude33\ud835\ude25\ud835\ude26\ud835\ude2f\ud835\ude22\ud835\ude25\ud835\ude30\ud835\ude33 \ud835\ude25\ud835\ude30 \ud835\ude0b\ud835\ude26\ud835\ude31\ud835\ude22\ud835\ude33\ud835\ude35\ud835\ude22\ud835\ude2e\ud835\ude26\ud835\ude2f\ud835\ude35\ud835\ude30 \ud835\ude25\ud835\ude26 \ud835\ude19\ud835\ude26\ud835\ude2d\ud835\ude22\ud835\ude24\u0327\ud835\ude30\u0303\ud835\ude26\ud835\ude34 \ud835\ude10\ud835\ude2f\ud835\ude35\ud835\ude26\ud835\ude33\ud835\ude2f\ud835\ude22\ud835\ude24\ud835\ude2a\ud835\ude30\ud835\ude2f\ud835\ude22\ud835\ude2a\ud835\ude34 \ud835\ude25\ud835\ude22 \ud835\uddd4\ud835\uddd7\ud835\udde5\ud835\uddd4\ud835\udddf e Coordenador do Projeto Invest in Alentejo, concluiu a primeira<\/p>\n\t\t<\/div>\n\t\t\t\t\t<div class=\"elementor-post__read-more-wrapper\">\n\t\t\n\t\t<a class=\"elementor-post__read-more\" href=\"https:\/\/investinalentejo.pt\/pt\/alentejo-reforca-presenca-no-coracao-da-uniao-europeia\/\" >\n\t\t\tSaiba +\t\t<\/a>\n\n\t\t\t\t\t<\/div>\n\t\t\t\t<\/div>\n\t\t\t\t<div class=\"elementor-post__meta-data\">\n\t\t\t\t\t<span class=\"elementor-post-date\">\n\t\t\t5 de Junho, 2023\t\t<\/span>\n\t\t\t\t<\/div>\n\t\t\t\t\t<\/div>\n\t\t<\/article>\n\t\t\t\t<article class=\"elementor-post elementor-grid-item post-1819 post type-post status-publish format-standard has-post-thumbnail hentry category-sem-categoria\">\n\t\t\t<div class=\"elementor-post__card\">\n\t\t\t\t<a class=\"elementor-post__thumbnail__link\" href=\"https:\/\/investinalentejo.pt\/pt\/sines-tech-innovation-data-center-hub-entre-as-maiores-empresas-tecnologicas-do-mundo\/\" ><div class=\"elementor-post__thumbnail\"><img loading=\"lazy\" decoding=\"async\" width=\"300\" height=\"225\" src=\"https:\/\/investinalentejo.pt\/pt\/wp-content\/uploads\/2023\/08\/2--submarine-networks-300x225.jpg\" class=\"attachment-medium size-medium wp-image-1832\" alt=\"\" srcset=\"https:\/\/investinalentejo.pt\/pt\/wp-content\/uploads\/2023\/08\/2--submarine-networks-300x225.jpg 300w, https:\/\/investinalentejo.pt\/pt\/wp-content\/uploads\/2023\/08\/2--submarine-networks-1024x768.jpg 1024w, https:\/\/investinalentejo.pt\/pt\/wp-content\/uploads\/2023\/08\/2--submarine-networks-768x576.jpg 768w, https:\/\/investinalentejo.pt\/pt\/wp-content\/uploads\/2023\/08\/2--submarine-networks-1536x1152.jpg 1536w, https:\/\/investinalentejo.pt\/pt\/wp-content\/uploads\/2023\/08\/2--submarine-networks.jpg 1600w\" sizes=\"auto, (max-width: 300px) 100vw, 300px\" \/><\/div><\/a>\n\t\t\t\t<div class=\"elementor-post__text\">\n\t\t\t\t<h3 class=\"elementor-post__title\">\n\t\t\t<a href=\"https:\/\/investinalentejo.pt\/pt\/sines-tech-innovation-data-center-hub-entre-as-maiores-empresas-tecnologicas-do-mundo\/\" >\n\t\t\t\tSines Tech &#8211; Innovation &amp; Data Center Hub entre as maiores empresas tecnol\u00f3gicas do mundo\t\t\t<\/a>\n\t\t<\/h3>\n\t\t\t\t<div class=\"elementor-post__excerpt\">\n\t\t\t<p>Estamos em Londres, na Submarine Networks EMEA, a promover o Sines Tech &#8211; Innovation &amp; Data Center Hub, junto das maiores empresas tecnol\u00f3gicas do mundo,<\/p>\n\t\t<\/div>\n\t\t\t\t\t<div class=\"elementor-post__read-more-wrapper\">\n\t\t\n\t\t<a class=\"elementor-post__read-more\" href=\"https:\/\/investinalentejo.pt\/pt\/sines-tech-innovation-data-center-hub-entre-as-maiores-empresas-tecnologicas-do-mundo\/\" >\n\t\t\tSaiba +\t\t<\/a>\n\n\t\t\t\t\t<\/div>\n\t\t\t\t<\/div>\n\t\t\t\t<div class=\"elementor-post__meta-data\">\n\t\t\t\t\t<span class=\"elementor-post-date\">\n\t\t\t31 de Maio, 2023\t\t<\/span>\n\t\t\t\t<\/div>\n\t\t\t\t\t<\/div>\n\t\t<\/article>\n\t\t\t\t<article class=\"elementor-post elementor-grid-item post-1821 post type-post status-publish format-standard has-post-thumbnail hentry category-sem-categoria\">\n\t\t\t<div class=\"elementor-post__card\">\n\t\t\t\t<a class=\"elementor-post__thumbnail__link\" href=\"https:\/\/investinalentejo.pt\/pt\/regiao-alentejo-e-zils-apresentam-se-numa-das-maiores-feiras-mundiais-do-setor-logistico\/\" ><div class=\"elementor-post__thumbnail\"><img loading=\"lazy\" decoding=\"async\" width=\"300\" height=\"225\" src=\"https:\/\/investinalentejo.pt\/pt\/wp-content\/uploads\/2023\/08\/3--transport-logistic-300x225.jpg\" class=\"attachment-medium size-medium wp-image-1828\" alt=\"\" srcset=\"https:\/\/investinalentejo.pt\/pt\/wp-content\/uploads\/2023\/08\/3--transport-logistic-300x225.jpg 300w, https:\/\/investinalentejo.pt\/pt\/wp-content\/uploads\/2023\/08\/3--transport-logistic-1024x768.jpg 1024w, https:\/\/investinalentejo.pt\/pt\/wp-content\/uploads\/2023\/08\/3--transport-logistic-768x576.jpg 768w, https:\/\/investinalentejo.pt\/pt\/wp-content\/uploads\/2023\/08\/3--transport-logistic-1536x1152.jpg 1536w, https:\/\/investinalentejo.pt\/pt\/wp-content\/uploads\/2023\/08\/3--transport-logistic.jpg 1600w\" sizes=\"auto, (max-width: 300px) 100vw, 300px\" \/><\/div><\/a>\n\t\t\t\t<div class=\"elementor-post__text\">\n\t\t\t\t<h3 class=\"elementor-post__title\">\n\t\t\t<a href=\"https:\/\/investinalentejo.pt\/pt\/regiao-alentejo-e-zils-apresentam-se-numa-das-maiores-feiras-mundiais-do-setor-logistico\/\" >\n\t\t\t\tRegi\u00e3o Alentejo e ZILS apresentam-se numa das maiores feiras mundiais do setor log\u00edstico\t\t\t<\/a>\n\t\t<\/h3>\n\t\t\t\t<div class=\"elementor-post__excerpt\">\n\t\t\t<p>A Transport Logistic 2023 tem sido palco da promo\u00e7\u00e3o do Alentejo enquanto regi\u00e3o com condi\u00e7\u00f5es favor\u00e1veis \u00e0 instala\u00e7\u00e3o de empresas de diferentes setores, pela sua<\/p>\n\t\t<\/div>\n\t\t\t\t\t<div class=\"elementor-post__read-more-wrapper\">\n\t\t\n\t\t<a class=\"elementor-post__read-more\" href=\"https:\/\/investinalentejo.pt\/pt\/regiao-alentejo-e-zils-apresentam-se-numa-das-maiores-feiras-mundiais-do-setor-logistico\/\" >\n\t\t\tSaiba +\t\t<\/a>\n\n\t\t\t\t\t<\/div>\n\t\t\t\t<\/div>\n\t\t\t\t<div class=\"elementor-post__meta-data\">\n\t\t\t\t\t<span class=\"elementor-post-date\">\n\t\t\t11 de Maio, 2023\t\t<\/span>\n\t\t\t\t<\/div>\n\t\t\t\t\t<\/div>\n\t\t<\/article>\n\t\t\t\t<article class=\"elementor-post elementor-grid-item post-1823 post type-post status-publish format-standard has-post-thumbnail hentry category-sem-categoria\">\n\t\t\t<div class=\"elementor-post__card\">\n\t\t\t\t<a class=\"elementor-post__thumbnail__link\" href=\"https:\/\/investinalentejo.pt\/pt\/invest-in-alentejo-na-intermodal-south-america-2023\/\" ><div class=\"elementor-post__thumbnail\"><img loading=\"lazy\" decoding=\"async\" width=\"300\" height=\"225\" src=\"https:\/\/investinalentejo.pt\/pt\/wp-content\/uploads\/2023\/08\/4--intermodal-300x225.jpg\" class=\"attachment-medium size-medium wp-image-1829\" alt=\"\" srcset=\"https:\/\/investinalentejo.pt\/pt\/wp-content\/uploads\/2023\/08\/4--intermodal-300x225.jpg 300w, https:\/\/investinalentejo.pt\/pt\/wp-content\/uploads\/2023\/08\/4--intermodal-768x576.jpg 768w, https:\/\/investinalentejo.pt\/pt\/wp-content\/uploads\/2023\/08\/4--intermodal.jpg 1024w\" sizes=\"auto, (max-width: 300px) 100vw, 300px\" \/><\/div><\/a>\n\t\t\t\t<div class=\"elementor-post__text\">\n\t\t\t\t<h3 class=\"elementor-post__title\">\n\t\t\t<a href=\"https:\/\/investinalentejo.pt\/pt\/invest-in-alentejo-na-intermodal-south-america-2023\/\" >\n\t\t\t\tInvest in Alentejo na Intermodal South America 2023\t\t\t<\/a>\n\t\t<\/h3>\n\t\t\t\t<div class=\"elementor-post__excerpt\">\n\t\t\t<p>A partir de hoje, dia 28 \ud835\udc51\ud835\udc52 \ud835\udc53\ud835\udc52\ud835\udc63\ud835\udc52\ud835\udc5f\ud835\udc52\ud835\udc56\ud835\udc5f\ud835\udc5c, e at\u00e9 dia 2 \ud835\udc51\ud835\udc52 \ud835\udc5a\ud835\udc4e\ud835\udc5f\ud835\udc50\u0327\ud835\udc5c, poder\u00e1 encontrar-nos na 27\u00aa edi\u00e7\u00e3o da Intermodal South America, um dos<\/p>\n\t\t<\/div>\n\t\t\t\t\t<div class=\"elementor-post__read-more-wrapper\">\n\t\t\n\t\t<a class=\"elementor-post__read-more\" href=\"https:\/\/investinalentejo.pt\/pt\/invest-in-alentejo-na-intermodal-south-america-2023\/\" >\n\t\t\tSaiba +\t\t<\/a>\n\n\t\t\t\t\t<\/div>\n\t\t\t\t<\/div>\n\t\t\t\t<div class=\"elementor-post__meta-data\">\n\t\t\t\t\t<span class=\"elementor-post-date\">\n\t\t\t28 de Fevereiro, 2023\t\t<\/span>\n\t\t\t\t<\/div>\n\t\t\t\t\t<\/div>\n\t\t<\/article>\n\t\t\t\t<article class=\"elementor-post elementor-grid-item post-1825 post type-post status-publish format-standard has-post-thumbnail hentry category-sem-categoria\">\n\t\t\t<div class=\"elementor-post__card\">\n\t\t\t\t<a class=\"elementor-post__thumbnail__link\" href=\"https:\/\/investinalentejo.pt\/pt\/invest-in-alentejo-viaja-ate-berlim-para-apresentacao-das-vantagens-de-sines-na-fruit-logistica-2023\/\" ><div class=\"elementor-post__thumbnail\"><img loading=\"lazy\" decoding=\"async\" width=\"300\" height=\"300\" src=\"https:\/\/investinalentejo.pt\/pt\/wp-content\/uploads\/2023\/08\/5--fruit-logistica-300x300.jpg\" class=\"attachment-medium size-medium wp-image-1830\" alt=\"\" srcset=\"https:\/\/investinalentejo.pt\/pt\/wp-content\/uploads\/2023\/08\/5--fruit-logistica-300x300.jpg 300w, https:\/\/investinalentejo.pt\/pt\/wp-content\/uploads\/2023\/08\/5--fruit-logistica-1024x1024.jpg 1024w, https:\/\/investinalentejo.pt\/pt\/wp-content\/uploads\/2023\/08\/5--fruit-logistica-150x150.jpg 150w, https:\/\/investinalentejo.pt\/pt\/wp-content\/uploads\/2023\/08\/5--fruit-logistica-768x768.jpg 768w, https:\/\/investinalentejo.pt\/pt\/wp-content\/uploads\/2023\/08\/5--fruit-logistica-125x125.jpg 125w, https:\/\/investinalentejo.pt\/pt\/wp-content\/uploads\/2023\/08\/5--fruit-logistica.jpg 1200w\" sizes=\"auto, (max-width: 300px) 100vw, 300px\" \/><\/div><\/a>\n\t\t\t\t<div class=\"elementor-post__text\">\n\t\t\t\t<h3 class=\"elementor-post__title\">\n\t\t\t<a href=\"https:\/\/investinalentejo.pt\/pt\/invest-in-alentejo-viaja-ate-berlim-para-apresentacao-das-vantagens-de-sines-na-fruit-logistica-2023\/\" >\n\t\t\t\tInvest in Alentejo viaja at\u00e9 Berlim para apresenta\u00e7\u00e3o das vantagens de Sines na Fruit Logistica 2023\t\t\t<\/a>\n\t\t<\/h3>\n\t\t\t\t<div class=\"elementor-post__excerpt\">\n\t\t\t<p>A Iniciativa Invest in Alentejo, alinhada e enquadrada com a estrat\u00e9gia do \ud835\udde3\ud835\uddfc\ud835\uddff\ud835\ude01\ud835\uddfc \ud835\uddf1\ud835\uddf2 \ud835\udde6\ud835\uddf6\ud835\uddfb\ud835\uddf2\ud835\ude00, est\u00e1, desde o dia 8 fevereiro, quarta feira, em Berlim,<\/p>\n\t\t<\/div>\n\t\t\t\t\t<div class=\"elementor-post__read-more-wrapper\">\n\t\t\n\t\t<a class=\"elementor-post__read-more\" href=\"https:\/\/investinalentejo.pt\/pt\/invest-in-alentejo-viaja-ate-berlim-para-apresentacao-das-vantagens-de-sines-na-fruit-logistica-2023\/\" >\n\t\t\tSaiba +\t\t<\/a>\n\n\t\t\t\t\t<\/div>\n\t\t\t\t<\/div>\n\t\t\t\t<div class=\"elementor-post__meta-data\">\n\t\t\t\t\t<span class=\"elementor-post-date\">\n\t\t\t10 de Fevereiro, 2023\t\t<\/span>\n\t\t\t\t<\/div>\n\t\t\t\t\t<\/div>\n\t\t<\/article>\n\t\t\t\t<article class=\"elementor-post elementor-grid-item post-613 post type-post status-publish format-standard has-post-thumbnail hentry category-sem-categoria\">\n\t\t\t<div class=\"elementor-post__card\">\n\t\t\t\t<a class=\"elementor-post__thumbnail__link\" href=\"https:\/\/investinalentejo.pt\/pt\/invest-in-alentejo-e-aicep-global-parques-marcam-presenca-na-european-industry-energy-summit-2022\/\" ><div class=\"elementor-post__thumbnail\"><img loading=\"lazy\" decoding=\"async\" width=\"300\" height=\"156\" src=\"https:\/\/investinalentejo.pt\/pt\/wp-content\/uploads\/2022\/11\/1-invest-in-alentejo-na-european-industry-min.png\" class=\"attachment-medium size-medium wp-image-756\" alt=\"\" \/><\/div><\/a>\n\t\t\t\t<div class=\"elementor-post__text\">\n\t\t\t\t<h3 class=\"elementor-post__title\">\n\t\t\t<a href=\"https:\/\/investinalentejo.pt\/pt\/invest-in-alentejo-e-aicep-global-parques-marcam-presenca-na-european-industry-energy-summit-2022\/\" >\n\t\t\t\tInvest in Alentejo e aicep Global Parques marcam presen\u00e7a na European Industry &amp; Energy Summit 2022\t\t\t<\/a>\n\t\t<\/h3>\n\t\t\t\t<div class=\"elementor-post__excerpt\">\n\t\t\t<p>Entre os dias 29 e 30 de novembro estaremos presentes na European Industry &amp; Energy Summit 2022, no Brightlands Chemelot Campus, nos Pa\u00edses Baixos, em<\/p>\n\t\t<\/div>\n\t\t\t\t\t<div class=\"elementor-post__read-more-wrapper\">\n\t\t\n\t\t<a class=\"elementor-post__read-more\" href=\"https:\/\/investinalentejo.pt\/pt\/invest-in-alentejo-e-aicep-global-parques-marcam-presenca-na-european-industry-energy-summit-2022\/\" >\n\t\t\tSaiba +\t\t<\/a>\n\n\t\t\t\t\t<\/div>\n\t\t\t\t<\/div>\n\t\t\t\t<div class=\"elementor-post__meta-data\">\n\t\t\t\t\t<span class=\"elementor-post-date\">\n\t\t\t30 de Novembro, 2022\t\t<\/span>\n\t\t\t\t<\/div>\n\t\t\t\t\t<\/div>\n\t\t<\/article>\n\t\t\t\t<article class=\"elementor-post elementor-grid-item post-615 post type-post status-publish format-standard has-post-thumbnail hentry category-sem-categoria\">\n\t\t\t<div class=\"elementor-post__card\">\n\t\t\t\t<a class=\"elementor-post__thumbnail__link\" href=\"https:\/\/investinalentejo.pt\/pt\/turismo-do-alentejo-em-roadshow-pelo-brasil\/\" ><div class=\"elementor-post__thumbnail\"><img loading=\"lazy\" decoding=\"async\" width=\"300\" height=\"156\" src=\"https:\/\/investinalentejo.pt\/pt\/wp-content\/uploads\/2022\/11\/2-roadshow-turismo-min.png\" class=\"attachment-medium size-medium wp-image-757\" alt=\"\" \/><\/div><\/a>\n\t\t\t\t<div class=\"elementor-post__text\">\n\t\t\t\t<h3 class=\"elementor-post__title\">\n\t\t\t<a href=\"https:\/\/investinalentejo.pt\/pt\/turismo-do-alentejo-em-roadshow-pelo-brasil\/\" >\n\t\t\t\tTurismo do Alentejo em Roadshow pelo Brasil\t\t\t<\/a>\n\t\t<\/h3>\n\t\t\t\t<div class=\"elementor-post__excerpt\">\n\t\t\t<p>Voamos at\u00e9 ao Brasil para promover a oferta tur\u00edstica do Alentejo, num roadshow que passar\u00e1 pelas cidades de S\u00e3o Paulo e Rio de Janeiro, entre<\/p>\n\t\t<\/div>\n\t\t\t\t\t<div class=\"elementor-post__read-more-wrapper\">\n\t\t\n\t\t<a class=\"elementor-post__read-more\" href=\"https:\/\/investinalentejo.pt\/pt\/turismo-do-alentejo-em-roadshow-pelo-brasil\/\" >\n\t\t\tSaiba +\t\t<\/a>\n\n\t\t\t\t\t<\/div>\n\t\t\t\t<\/div>\n\t\t\t\t<div class=\"elementor-post__meta-data\">\n\t\t\t\t\t<span class=\"elementor-post-date\">\n\t\t\t21 de Novembro, 2022\t\t<\/span>\n\t\t\t\t<\/div>\n\t\t\t\t\t<\/div>\n\t\t<\/article>\n\t\t\t\t<article class=\"elementor-post elementor-grid-item post-617 post type-post status-publish format-standard has-post-thumbnail hentry category-sem-categoria\">\n\t\t\t<div class=\"elementor-post__card\">\n\t\t\t\t<a class=\"elementor-post__thumbnail__link\" href=\"https:\/\/investinalentejo.pt\/pt\/invest-in-alentejo-viaja-ate-aos-paises-baixos-para-uma-troca-de-conhecimentos-acerca-de-transicao-energetica\/\" ><div class=\"elementor-post__thumbnail\"><img loading=\"lazy\" decoding=\"async\" width=\"300\" height=\"156\" src=\"https:\/\/investinalentejo.pt\/pt\/wp-content\/uploads\/2022\/11\/3-paises-baixos-min.png\" class=\"attachment-medium size-medium wp-image-758\" alt=\"\" \/><\/div><\/a>\n\t\t\t\t<div class=\"elementor-post__text\">\n\t\t\t\t<h3 class=\"elementor-post__title\">\n\t\t\t<a href=\"https:\/\/investinalentejo.pt\/pt\/invest-in-alentejo-viaja-ate-aos-paises-baixos-para-uma-troca-de-conhecimentos-acerca-de-transicao-energetica\/\" >\n\t\t\t\tInvest in Alentejo viaja at\u00e9 aos Pa\u00edses Baixos para uma troca de conhecimentos acerca de transi\u00e7\u00e3o energ\u00e9tica\t\t\t<\/a>\n\t\t<\/h3>\n\t\t\t\t<div class=\"elementor-post__excerpt\">\n\t\t\t<p>No \u00e2mbito da iniciativa Invest in Alentejo, no passado dia 19 de outubro, uma comitiva da aicep Global Parques, visitou o Parque Industrial de Chemelot,<\/p>\n\t\t<\/div>\n\t\t\t\t\t<div class=\"elementor-post__read-more-wrapper\">\n\t\t\n\t\t<a class=\"elementor-post__read-more\" href=\"https:\/\/investinalentejo.pt\/pt\/invest-in-alentejo-viaja-ate-aos-paises-baixos-para-uma-troca-de-conhecimentos-acerca-de-transicao-energetica\/\" >\n\t\t\tSaiba +\t\t<\/a>\n\n\t\t\t\t\t<\/div>\n\t\t\t\t<\/div>\n\t\t\t\t<div class=\"elementor-post__meta-data\">\n\t\t\t\t\t<span class=\"elementor-post-date\">\n\t\t\t20 de Novembro, 2022\t\t<\/span>\n\t\t\t\t<\/div>\n\t\t\t\t\t<\/div>\n\t\t<\/article>\n\t\t\t\t<article class=\"elementor-post elementor-grid-item post-619 post type-post status-publish format-standard has-post-thumbnail hentry category-sem-categoria\">\n\t\t\t<div class=\"elementor-post__card\">\n\t\t\t\t<a class=\"elementor-post__thumbnail__link\" href=\"https:\/\/investinalentejo.pt\/pt\/sines-tech-promovido-na-maior-cimeira-de-redes-e-telecomunicacoes-da-europa\/\" ><div class=\"elementor-post__thumbnail\"><img loading=\"lazy\" decoding=\"async\" width=\"300\" height=\"156\" src=\"https:\/\/investinalentejo.pt\/pt\/wp-content\/uploads\/2022\/11\/4-capacity-min.png\" class=\"attachment-medium size-medium wp-image-759\" alt=\"\" \/><\/div><\/a>\n\t\t\t\t<div class=\"elementor-post__text\">\n\t\t\t\t<h3 class=\"elementor-post__title\">\n\t\t\t<a href=\"https:\/\/investinalentejo.pt\/pt\/sines-tech-promovido-na-maior-cimeira-de-redes-e-telecomunicacoes-da-europa\/\" >\n\t\t\t\tSines Tech promovido na maior cimeira de redes e telecomunica\u00e7\u00f5es da Europa\t\t\t<\/a>\n\t\t<\/h3>\n\t\t\t\t<div class=\"elementor-post__excerpt\">\n\t\t\t<p>Pelo 2\u00ba ano consecutivo, a iniciativa Invest In Alentejo marca presen\u00e7a no Capacity Europe, em Londres, em parceria com a aicep Global Parques. Esta \u00e9<\/p>\n\t\t<\/div>\n\t\t\t\t\t<div class=\"elementor-post__read-more-wrapper\">\n\t\t\n\t\t<a class=\"elementor-post__read-more\" href=\"https:\/\/investinalentejo.pt\/pt\/sines-tech-promovido-na-maior-cimeira-de-redes-e-telecomunicacoes-da-europa\/\" >\n\t\t\tSaiba +\t\t<\/a>\n\n\t\t\t\t\t<\/div>\n\t\t\t\t<\/div>\n\t\t\t\t<div class=\"elementor-post__meta-data\">\n\t\t\t\t\t<span class=\"elementor-post-date\">\n\t\t\t19 de Outubro, 2022\t\t<\/span>\n\t\t\t\t<\/div>\n\t\t\t\t\t<\/div>\n\t\t<\/article>\n\t\t\t\t<\/div>\n\n\n\t\t\n\t\t\t\t<div class=\"e-load-more-anchor\" data-page=\"1\" data-max-page=\"4\" data-next-page=\"https:\/\/investinalentejo.pt\/pt\/wp-json\/wp\/v2\/pages\/695\/page\/2\/\"><\/div>\n\t\t\t\t<nav class=\"elementor-pagination\" role=\"navigation\" aria-label=\"Pagination\">\n\t\t\t<span aria-current=\"page\" class=\"page-numbers current\"><span class=\"elementor-screen-only\">Page<\/span>1<\/span>\n<a class=\"page-numbers\" href=\"https:\/\/investinalentejo.pt\/pt\/wp-json\/wp\/v2\/pages\/695\/page\/2\/\"><span class=\"elementor-screen-only\">Page<\/span>2<\/a>\n<a class=\"page-numbers\" href=\"https:\/\/investinalentejo.pt\/pt\/wp-json\/wp\/v2\/pages\/695\/page\/3\/\"><span class=\"elementor-screen-only\">Page<\/span>3<\/a>\n<a class=\"page-numbers\" href=\"https:\/\/investinalentejo.pt\/pt\/wp-json\/wp\/v2\/pages\/695\/page\/4\/\"><span class=\"elementor-screen-only\">Page<\/span>4<\/a>\t\t<\/nav>\n\t\t\t\t<\/div>\n\t\t\t\t<\/div>\n\t\t\t\t\t<\/div>\n\t\t<\/div>\n\t\t\t\t\t\t\t<\/div>\n\t\t<\/section>\n\t\t\t\t\t\t\t<\/div>\n\t\t","protected":false},"excerpt":{"rendered":"","protected":false},"author":1,"featured_media":696,"parent":218,"menu_order":0,"comment_status":"closed","ping_status":"closed","template":"","meta":{"footnotes":""},"class_list":["post-695","page","type-page","status-publish","has-post-thumbnail","hentry"],"acf":[],"_links":{"self":[{"href":"https:\/\/investinalentejo.pt\/pt\/wp-json\/wp\/v2\/pages\/695","targetHints":{"allow":["GET"]}}],"collection":[{"href":"https:\/\/investinalentejo.pt\/pt\/wp-json\/wp\/v2\/pages"}],"about":[{"href":"https:\/\/investinalentejo.pt\/pt\/wp-json\/wp\/v2\/types\/page"}],"author":[{"embeddable":true,"href":"https:\/\/investinalentejo.pt\/pt\/wp-json\/wp\/v2\/users\/1"}],"replies":[{"embeddable":true,"href":"https:\/\/investinalentejo.pt\/pt\/wp-json\/wp\/v2\/comments?post=695"}],"version-history":[{"count":37,"href":"https:\/\/investinalentejo.pt\/pt\/wp-json\/wp\/v2\/pages\/695\/revisions"}],"predecessor-version":[{"id":1273,"href":"https:\/\/investinalentejo.pt\/pt\/wp-json\/wp\/v2\/pages\/695\/revisions\/1273"}],"up":[{"embeddable":true,"href":"https:\/\/investinalentejo.pt\/pt\/wp-json\/wp\/v2\/pages\/218"}],"wp:featuredmedia":[{"embeddable":true,"href":"https:\/\/investinalentejo.pt\/pt\/wp-json\/wp\/v2\/media\/696"}],"wp:attachment":[{"href":"https:\/\/investinalentejo.pt\/pt\/wp-json\/wp\/v2\/media?parent=695"}],"curies":[{"name":"wp","href":"https:\/\/api.w.org\/{rel}","templated":true}]}}