{"id":719,"date":"2022-12-02T22:17:09","date_gmt":"2022-12-02T22:17:09","guid":{"rendered":"http:\/\/investinalentejo.pt\/pt\/?page_id=719"},"modified":"2022-12-11T17:11:52","modified_gmt":"2022-12-11T17:11:52","slug":"eventos","status":"publish","type":"page","link":"https:\/\/investinalentejo.pt\/pt\/noticias-e-eventos\/eventos\/","title":{"rendered":"Eventos"},"content":{"rendered":"\t\t<div data-elementor-type=\"wp-page\" data-elementor-id=\"719\" class=\"elementor elementor-719\">\n\t\t\t\t\t\t\t\t\t<section class=\"elementor-section elementor-top-section elementor-element elementor-element-1216352 elementor-section-boxed elementor-section-height-default elementor-section-height-default\" data-id=\"1216352\" data-element_type=\"section\">\n\t\t\t\t\t\t<div class=\"elementor-container elementor-column-gap-default\">\n\t\t\t\t\t<div class=\"elementor-column elementor-col-100 elementor-top-column elementor-element elementor-element-694cbb0\" data-id=\"694cbb0\" data-element_type=\"column\">\n\t\t\t<div class=\"elementor-widget-wrap elementor-element-populated\">\n\t\t\t\t\t\t\t\t<div class=\"elementor-element elementor-element-6ca03dc elementor-widget elementor-widget-heading\" data-id=\"6ca03dc\" data-element_type=\"widget\" data-widget_type=\"heading.default\">\n\t\t\t\t<div class=\"elementor-widget-container\">\n\t\t\t<style>\/*! elementor - v3.16.0 - 12-09-2023 *\/\n.elementor-heading-title{padding:0;margin:0;line-height:1}.elementor-widget-heading .elementor-heading-title[class*=elementor-size-]>a{color:inherit;font-size:inherit;line-height:inherit}.elementor-widget-heading .elementor-heading-title.elementor-size-small{font-size:15px}.elementor-widget-heading .elementor-heading-title.elementor-size-medium{font-size:19px}.elementor-widget-heading .elementor-heading-title.elementor-size-large{font-size:29px}.elementor-widget-heading .elementor-heading-title.elementor-size-xl{font-size:39px}.elementor-widget-heading .elementor-heading-title.elementor-size-xxl{font-size:59px}<\/style><h3 class=\"elementor-heading-title elementor-size-default\">Entre nesta miss\u00e3o<\/h3>\t\t<\/div>\n\t\t\t\t<\/div>\n\t\t\t\t\t<\/div>\n\t\t<\/div>\n\t\t\t\t\t\t\t<\/div>\n\t\t<\/section>\n\t\t\t\t<section class=\"elementor-section elementor-top-section elementor-element elementor-element-8559b8f elementor-section-boxed elementor-section-height-default elementor-section-height-default\" data-id=\"8559b8f\" data-element_type=\"section\">\n\t\t\t\t\t\t<div class=\"elementor-container elementor-column-gap-default\">\n\t\t\t\t\t<div class=\"elementor-column elementor-col-100 elementor-top-column elementor-element elementor-element-aa38098\" data-id=\"aa38098\" data-element_type=\"column\">\n\t\t\t<div class=\"elementor-widget-wrap elementor-element-populated\">\n\t\t\t\t\t\t\t\t<div class=\"elementor-element elementor-element-0bead00 elementor-widget elementor-widget-heading\" data-id=\"0bead00\" data-element_type=\"widget\" data-widget_type=\"heading.default\">\n\t\t\t\t<div class=\"elementor-widget-container\">\n\t\t\t<h3 class=\"elementor-heading-title elementor-size-default\">Miss\u00f5es anteriores<\/h3>\t\t<\/div>\n\t\t\t\t<\/div>\n\t\t\t\t<div class=\"elementor-element elementor-element-f903666 elementor-widget elementor-widget-shortcode\" data-id=\"f903666\" data-element_type=\"widget\" data-widget_type=\"shortcode.default\">\n\t\t\t\t<div class=\"elementor-widget-container\">\n\t\t\t\t\t<div class=\"elementor-shortcode\">\n\t<div class=\"row\">\n\n\n\t\t<div class=\"col-xs-12 col-sm-12 col-md-4 col-lg-4\">\n\t\t\t<div class=\"card mb-3 card-event\">\n\t\t\t\t\t\t\t\t\t<img loading=\"lazy\" decoding=\"async\" width=\"917\" height=\"543\" src=\"https:\/\/investinalentejo.pt\/pt\/wp-content\/uploads\/2022\/12\/1-european-industry-energy-summit.png\" class=\"card-img-top mb-3 wp-post-image\" alt=\"European Industry &#038; Energy Summit\" \/>\t\t\t\t\n\t\t\t\t<div class=\"card-body\">\n\t\t\t\t\t<h3>European Industry &#038; Energy Summit<\/h3>\n\t\t\t\t\t<p class=\"local\">Brightlands Chemelot Campus, <\/p>\n\t\t\t\t\t<p>Presen\u00e7a na European Industry &amp; Energy Summit, em parceria com a aicep Global Parques, no seguimento da visita ao Parque Industrial de Chemelot em outubro.<\/p>\n\t\t\t\t\t<p class=\"url\">\n\t\t\t\t\t\t<a href=\"https:\/\/www.industryandenergy.eu\/\" target=\"_blank\" class=\"btn btn-inverse\">Saiba mais<\/a>\n\t\t\t\t\t<\/p>\n\t\t\t\t<\/div>\n\t\t\t<\/div>\n\t\t<\/div>\n\n\n\t\t<div class=\"col-xs-12 col-sm-12 col-md-4 col-lg-4\">\n\t\t\t<div class=\"card mb-3 card-event\">\n\t\t\t\t\t\t\t\t\t<img loading=\"lazy\" decoding=\"async\" width=\"917\" height=\"543\" src=\"https:\/\/investinalentejo.pt\/pt\/wp-content\/uploads\/2022\/12\/2-roadshow-turismo.png\" class=\"card-img-top mb-3 wp-post-image\" alt=\"Roadshow pelo Brasil\" \/>\t\t\t\t\n\t\t\t\t<div class=\"card-body\">\n\t\t\t\t\t<h3>Roadshow pelo Brasil<\/h3>\n\t\t\t\t\t<p class=\"local\">Brasil, <\/p>\n\t\t\t\t\t<p>Realiza\u00e7\u00e3o de um roadshow pelas cidades de S\u00e3o Paulo e Rio de Janeiro para apresentar a oferta tur\u00edstica do Alentejo, em parceria com a ARPTA &#8211; Turismo do Alentejo.<\/p>\n\t\t\t\t\t<p class=\"url\">\n\t\t\t\t\t\t<a href=\"https:\/\/www.linkedin.com\/company\/invest-in-alentejo\/\" target=\"_blank\" class=\"btn btn-inverse\">Saiba mais<\/a>\n\t\t\t\t\t<\/p>\n\t\t\t\t<\/div>\n\t\t\t<\/div>\n\t\t<\/div>\n\n\n\t\t<div class=\"col-xs-12 col-sm-12 col-md-4 col-lg-4\">\n\t\t\t<div class=\"card mb-3 card-event\">\n\t\t\t\t\t\t\t\t\t<img loading=\"lazy\" decoding=\"async\" width=\"917\" height=\"542\" src=\"https:\/\/investinalentejo.pt\/pt\/wp-content\/uploads\/2022\/12\/3-capacity-europe-2022.png\" class=\"card-img-top mb-3 wp-post-image\" alt=\"Capacity Europe 2022\" \/>\t\t\t\t\n\t\t\t\t<div class=\"card-body\">\n\t\t\t\t\t<h3>Capacity Europe 2022<\/h3>\n\t\t\t\t\t<p class=\"local\">Londres, <\/p>\n\t\t\t\t\t<p>Presen\u00e7a na maior cimeira de redes e telecomunica\u00e7\u00f5es da Europa, Capacity Europe, para promo\u00e7\u00e3o do Sines Tech, em parceria com a aicep Global Parques.<\/p>\n\t\t\t\t\t<p class=\"url\">\n\t\t\t\t\t\t<a href=\"https:\/\/www.capacitymedia.com\/\" target=\"_blank\" class=\"btn btn-inverse\">Saiba mais<\/a>\n\t\t\t\t\t<\/p>\n\t\t\t\t<\/div>\n\t\t\t<\/div>\n\t\t<\/div>\n\n\n\t\t<div class=\"col-xs-12 col-sm-12 col-md-4 col-lg-4\">\n\t\t\t<div class=\"card mb-3 card-event\">\n\t\t\t\t\t\t\t\t\t<img loading=\"lazy\" decoding=\"async\" width=\"917\" height=\"543\" src=\"https:\/\/investinalentejo.pt\/pt\/wp-content\/uploads\/2022\/12\/4-visit-to-the-chemelot-park.png\" class=\"card-img-top mb-3 wp-post-image\" alt=\"Visita ao Parque Industrial de Chemelot\" \/>\t\t\t\t\n\t\t\t\t<div class=\"card-body\">\n\t\t\t\t\t<h3>Visita ao Parque Industrial de Chemelot<\/h3>\n\t\t\t\t\t<p class=\"local\">Parque Industrial de Chemelot, <\/p>\n\t\t\t\t\t<p>Visita ao Parque Industrial de Chemelot, com a aicep Global Parques, para uma troca de conhecimentos e boas pr\u00e1ticas acerca de modelos de gest\u00e3o dos parques industriais.<\/p>\n\t\t\t\t\t<p class=\"url\">\n\t\t\t\t\t\t<a href=\"https:\/\/www.linkedin.com\/company\/invest-in-alentejo\/\" target=\"_blank\" class=\"btn btn-inverse\">Saiba mais<\/a>\n\t\t\t\t\t<\/p>\n\t\t\t\t<\/div>\n\t\t\t<\/div>\n\t\t<\/div>\n\n\n\t\t<div class=\"col-xs-12 col-sm-12 col-md-4 col-lg-4\">\n\t\t\t<div class=\"card mb-3 card-event\">\n\t\t\t\t\t\t\t\t\t<img loading=\"lazy\" decoding=\"async\" width=\"917\" height=\"542\" src=\"https:\/\/investinalentejo.pt\/pt\/wp-content\/uploads\/2022\/12\/5-portugal-air-summit-2022.png\" class=\"card-img-top mb-3 wp-post-image\" alt=\"Portugal Air Summit 2022\" \/>\t\t\t\t\n\t\t\t\t<div class=\"card-body\">\n\t\t\t\t\t<h3>Portugal Air Summit 2022<\/h3>\n\t\t\t\t\t<p class=\"local\">Ponte de Sor, <\/p>\n\t\t\t\t\t<p>Presen\u00e7a no Portugal Air Summit 2022, a maior cimeira aeron\u00e1utica da Pen\u00ednsula Ib\u00e9rica, organizada pelo Munic\u00edpio de Ponte de Sor, nosso parceiro.<\/p>\n\t\t\t\t\t<p class=\"url\">\n\t\t\t\t\t\t<a href=\"https:\/\/portugalairsummit.pt\/\" target=\"_blank\" class=\"btn btn-inverse\">Saiba mais<\/a>\n\t\t\t\t\t<\/p>\n\t\t\t\t<\/div>\n\t\t\t<\/div>\n\t\t<\/div>\n\n\n\t\t<div class=\"col-xs-12 col-sm-12 col-md-4 col-lg-4\">\n\t\t\t<div class=\"card mb-3 card-event\">\n\t\t\t\t\t\t\t\t\t<img loading=\"lazy\" decoding=\"async\" width=\"917\" height=\"543\" src=\"https:\/\/investinalentejo.pt\/pt\/wp-content\/uploads\/2022\/12\/6-gastech-milan.png\" class=\"card-img-top mb-3 wp-post-image\" alt=\"Gastech\" \/>\t\t\t\t\n\t\t\t\t<div class=\"card-body\">\n\t\t\t\t\t<h3>Gastech<\/h3>\n\t\t\t\t\t<p class=\"local\">Mil\u00e3o, <\/p>\n\t\t\t\t\t<p>Participa\u00e7\u00e3o na Gastech 2022, em parceria com a aicep Global Parques, para apresenta\u00e7\u00e3o do Sines Hydrogen Valley.<\/p>\n\t\t\t\t\t<p class=\"url\">\n\t\t\t\t\t\t<a href=\"https:\/\/www.gastechevent.com\/\" target=\"_blank\" class=\"btn btn-inverse\">Saiba mais<\/a>\n\t\t\t\t\t<\/p>\n\t\t\t\t<\/div>\n\t\t\t<\/div>\n\t\t<\/div>\n\n\n\t\t<div class=\"col-xs-12 col-sm-12 col-md-4 col-lg-4\">\n\t\t\t<div class=\"card mb-3 card-event\">\n\t\t\t\t\t\t\t\t\t<img loading=\"lazy\" decoding=\"async\" width=\"917\" height=\"543\" src=\"https:\/\/investinalentejo.pt\/pt\/wp-content\/uploads\/2022\/12\/7-japan-energy-summit.png\" class=\"card-img-top mb-3 wp-post-image\" alt=\"Japan Energy Summit\" \/>\t\t\t\t\n\t\t\t\t<div class=\"card-body\">\n\t\t\t\t\t<h3>Japan Energy Summit<\/h3>\n\t\t\t\t\t<p class=\"local\">Tokio, <\/p>\n\t\t\t\t\t<p>Apresenta\u00e7\u00e3o do Sines Hydrogen Valley na Japan Energy Summit, em parceria com a aicep Global Parques.<\/p>\n\t\t\t\t\t<p class=\"url\">\n\t\t\t\t\t\t<a href=\"https:\/\/www.japanenergyevent.com\/\" target=\"_blank\" class=\"btn btn-inverse\">Saiba mais<\/a>\n\t\t\t\t\t<\/p>\n\t\t\t\t<\/div>\n\t\t\t<\/div>\n\t\t<\/div>\n\n\n\t\t<div class=\"col-xs-12 col-sm-12 col-md-4 col-lg-4\">\n\t\t\t<div class=\"card mb-3 card-event\">\n\t\t\t\t\t\t\t\t\t<img loading=\"lazy\" decoding=\"async\" width=\"917\" height=\"543\" src=\"https:\/\/investinalentejo.pt\/pt\/wp-content\/uploads\/2022\/12\/8-farnborough-international-airshow.png\" class=\"card-img-top mb-3 wp-post-image\" alt=\"Farnborough International Airshow\" \/>\t\t\t\t\n\t\t\t\t<div class=\"card-body\">\n\t\t\t\t\t<h3>Farnborough International Airshow<\/h3>\n\t\t\t\t\t<p class=\"local\">Londres, <\/p>\n\t\t\t\t\t<p>Presen\u00e7a na Farnborough International Airshow, em parceria com o Munic\u00edpio de Ponte de Sor, para promo\u00e7\u00e3o do cluster aeron\u00e1utico da cidade e do Portugal Air Summit.<\/p>\n\t\t\t\t\t<p class=\"url\">\n\t\t\t\t\t\t<a href=\"https:\/\/www.farnboroughairshow.com\/\" target=\"_blank\" class=\"btn btn-inverse\">Saiba mais<\/a>\n\t\t\t\t\t<\/p>\n\t\t\t\t<\/div>\n\t\t\t<\/div>\n\t\t<\/div>\n\n\n\t\t<div class=\"col-xs-12 col-sm-12 col-md-4 col-lg-4\">\n\t\t\t<div class=\"card mb-3 card-event\">\n\t\t\t\t\t\t\t\t\t<img loading=\"lazy\" decoding=\"async\" width=\"917\" height=\"543\" src=\"https:\/\/investinalentejo.pt\/pt\/wp-content\/uploads\/2022\/12\/9-connecting-europe-days.png\" class=\"card-img-top mb-3 wp-post-image\" alt=\"ConnectingEurope Days\" \/>\t\t\t\t\n\t\t\t\t<div class=\"card-body\">\n\t\t\t\t\t<h3>ConnectingEurope Days<\/h3>\n\t\t\t\t\t<p class=\"local\">Lyon, <\/p>\n\t\t\t\t\t<p>Presen\u00e7a num dos maiores eventos do setor dos transportes e mobilidade na Europa, com a aicep Global Parques.<\/p>\n\t\t\t\t\t<p class=\"url\">\n\t\t\t\t\t\t<a href=\"https:\/\/transport.ec.europa.eu\/connectingeuropedays_en\" target=\"_blank\" class=\"btn btn-inverse\">Saiba mais<\/a>\n\t\t\t\t\t<\/p>\n\t\t\t\t<\/div>\n\t\t\t<\/div>\n\t\t<\/div>\n\n\n\t\t<div class=\"col-xs-12 col-sm-12 col-md-4 col-lg-4\">\n\t\t\t<div class=\"card mb-3 card-event\">\n\t\t\t\t\t\t\t\t\t<img loading=\"lazy\" decoding=\"async\" width=\"917\" height=\"542\" src=\"https:\/\/investinalentejo.pt\/pt\/wp-content\/uploads\/2022\/12\/10-cc-submarine-summit-2022.png\" class=\"card-img-top mb-3 wp-post-image\" alt=\"CC-SubMarine Summit 2022\" \/>\t\t\t\t\n\t\t\t\t<div class=\"card-body\">\n\t\t\t\t\t<h3>CC-SubMarine Summit 2022<\/h3>\n\t\t\t\t\t<p class=\"local\">Lisboa, <\/p>\n\t\t\t\t\t<p>Apresenta\u00e7\u00e3o do Sines Tech &#8211; Innovation &amp;amp; Data Center Hub, na CC-SubMarine Summit, em Lisboa, em parceria com a aicep Global Parques.<\/p>\n\t\t\t\t\t<p class=\"url\">\n\t\t\t\t\t\t<a href=\"https:\/\/www.linkedin.com\/company\/invest-in-alentejo\/\" target=\"_blank\" class=\"btn btn-inverse\">Saiba mais<\/a>\n\t\t\t\t\t<\/p>\n\t\t\t\t<\/div>\n\t\t\t<\/div>\n\t\t<\/div>\n\n\n\t\t<div class=\"col-xs-12 col-sm-12 col-md-4 col-lg-4\">\n\t\t\t<div class=\"card mb-3 card-event\">\n\t\t\t\t\t\t\t\t\t<img loading=\"lazy\" decoding=\"async\" width=\"917\" height=\"543\" src=\"https:\/\/investinalentejo.pt\/pt\/wp-content\/uploads\/2022\/12\/11-submarine-networks-emea.png\" class=\"card-img-top mb-3 wp-post-image\" alt=\"SubMarine Networks EMEA\" \/>\t\t\t\t\n\t\t\t\t<div class=\"card-body\">\n\t\t\t\t\t<h3>SubMarine Networks EMEA<\/h3>\n\t\t\t\t\t<p class=\"local\">Londres, <\/p>\n\t\t\t\t\t<p>Presen\u00e7a na SubMarine Networks EMEA, atrav\u00e9s do parceiro aicep Global Parques, para promo\u00e7\u00e3o do Sines Tech &#8211; Innovation &amp;amp; Data Center Hub.<\/p>\n\t\t\t\t\t<p class=\"url\">\n\t\t\t\t\t\t<a href=\"https:\/\/www.terrapinn.com\/conference\/submarine-networks-world-europe\/index.stm\" target=\"_blank\" class=\"btn btn-inverse\">Saiba mais<\/a>\n\t\t\t\t\t<\/p>\n\t\t\t\t<\/div>\n\t\t\t<\/div>\n\t\t<\/div>\n\n\n\t\t<div class=\"col-xs-12 col-sm-12 col-md-4 col-lg-4\">\n\t\t\t<div class=\"card mb-3 card-event\">\n\t\t\t\t\t\t\t\t\t<img loading=\"lazy\" decoding=\"async\" width=\"917\" height=\"543\" src=\"https:\/\/investinalentejo.pt\/pt\/wp-content\/uploads\/2022\/12\/12-green-hydrogen-summit.png\" class=\"card-img-top mb-3 wp-post-image\" alt=\"Green Hydrogen Summit\" \/>\t\t\t\t\n\t\t\t\t<div class=\"card-body\">\n\t\t\t\t\t<h3>Green Hydrogen Summit<\/h3>\n\t\t\t\t\t<p class=\"local\">Lisboa, <\/p>\n\t\t\t\t\t<p>Apresenta\u00e7\u00e3o do hub energ\u00e9tico de Sines, pela aicep Global Parques, na Green Hydrogen Summit.<\/p>\n\t\t\t\t\t<p class=\"url\">\n\t\t\t\t\t\t<a href=\"https:\/\/greenhydrogen.solarenergyevents.com\/\" target=\"_blank\" class=\"btn btn-inverse\">Saiba mais<\/a>\n\t\t\t\t\t<\/p>\n\t\t\t\t<\/div>\n\t\t\t<\/div>\n\t\t<\/div>\n\n\n\t\t<div class=\"col-xs-12 col-sm-12 col-md-4 col-lg-4\">\n\t\t\t<div class=\"card mb-3 card-event\">\n\t\t\t\t\t\t\t\t\t<img loading=\"lazy\" decoding=\"async\" width=\"1024\" height=\"533\" src=\"https:\/\/investinalentejo.pt\/pt\/wp-content\/uploads\/2022\/12\/news_events_13-1024x533.png\" class=\"card-img-top mb-3 wp-post-image\" alt=\"Miss\u00e3o internacional de agroind\u00fastria\" srcset=\"https:\/\/investinalentejo.pt\/pt\/wp-content\/uploads\/2022\/12\/news_events_13-1024x533.png 1024w, https:\/\/investinalentejo.pt\/pt\/wp-content\/uploads\/2022\/12\/news_events_13-300x156.png 300w, https:\/\/investinalentejo.pt\/pt\/wp-content\/uploads\/2022\/12\/news_events_13-768x400.png 768w, https:\/\/investinalentejo.pt\/pt\/wp-content\/uploads\/2022\/12\/news_events_13.png 1084w\" sizes=\"auto, (max-width: 1024px) 100vw, 1024px\" \/>\t\t\t\t\n\t\t\t\t<div class=\"card-body\">\n\t\t\t\t\t<h3>Miss\u00e3o internacional de agroind\u00fastria<\/h3>\n\t\t\t\t\t<p class=\"local\">Pa\u00edses Baixos, <\/p>\n\t\t\t\t\t<p>Viagem at\u00e9 aos Pa\u00edses Baixos, com o parceiro EDIA &#8211; Empresa de Desenvolvimento e Infra-estruturas do Alqueva, S.A., para promo\u00e7\u00e3o do Alqueva e do potencial do agroneg\u00f3cio na regi\u00e3o do Alentejo, atrav\u00e9s de visitas e reuni\u00f5es estrat\u00e9gicas.<\/p>\n\t\t\t\t\t<p class=\"url\">\n\t\t\t\t\t\t<a href=\"https:\/\/www.linkedin.com\/company\/invest-in-alentejo\/\" target=\"_blank\" class=\"btn btn-inverse\">Saiba mais<\/a>\n\t\t\t\t\t<\/p>\n\t\t\t\t<\/div>\n\t\t\t<\/div>\n\t\t<\/div>\n\n\n\t\t<div class=\"col-xs-12 col-sm-12 col-md-4 col-lg-4\">\n\t\t\t<div class=\"card mb-3 card-event\">\n\t\t\t\t\t\t\t\t\t<img loading=\"lazy\" decoding=\"async\" width=\"917\" height=\"543\" src=\"https:\/\/investinalentejo.pt\/pt\/wp-content\/uploads\/2022\/12\/13-us-and-canada-international-mission.png\" class=\"card-img-top mb-3 wp-post-image\" alt=\"Roadshow de turismo pelos Estados Unidos e Canad\u00e1\" \/>\t\t\t\t\n\t\t\t\t<div class=\"card-body\">\n\t\t\t\t\t<h3>Roadshow de turismo pelos Estados Unidos e Canad\u00e1<\/h3>\n\t\t\t\t\t<p class=\"local\">Estados Unidos da Am\u00e9rica e Canad\u00e1, <\/p>\n\t\t\t\t\t<p>Roadshow pelos Estados Unidos e Canad\u00e1 para apresentar a oferta tur\u00edstica do Alentejo junto de um mercado estrat\u00e9gico para a regi\u00e3o, em parceria com a ARPTA &#8211; Turismo do Alentejo.<\/p>\n\t\t\t\t\t<p class=\"url\">\n\t\t\t\t\t\t<a href=\"https:\/\/www.linkedin.com\/company\/invest-in-alentejo\/\" target=\"_blank\" class=\"btn btn-inverse\">Saiba mais<\/a>\n\t\t\t\t\t<\/p>\n\t\t\t\t<\/div>\n\t\t\t<\/div>\n\t\t<\/div>\n\n\n\t\t<div class=\"col-xs-12 col-sm-12 col-md-4 col-lg-4\">\n\t\t\t<div class=\"card mb-3 card-event\">\n\t\t\t\t\t\t\t\t\t<img loading=\"lazy\" decoding=\"async\" width=\"917\" height=\"543\" src=\"https:\/\/investinalentejo.pt\/pt\/wp-content\/uploads\/2022\/12\/14-intermodal-sao-paulo.png\" class=\"card-img-top mb-3 wp-post-image\" alt=\"Intermodal South America 2022\" \/>\t\t\t\t\n\t\t\t\t<div class=\"card-body\">\n\t\t\t\t\t<h3>Intermodal South America 2022<\/h3>\n\t\t\t\t\t<p class=\"local\">S\u00e3o Paulo, <\/p>\n\t\t\t\t\t<p>Apresenta\u00e7\u00e3o do Porto de Sines como principal porta de entrada na Europa, num dos maiores eventos para profissionais do setor log\u00edstico, com a APS &#8211; Administra\u00e7\u00e3o dos Portos de Sines e do Algarve e a aicep Global Parques.<\/p>\n\t\t\t\t\t<p class=\"url\">\n\t\t\t\t\t\t<a href=\"https:\/\/www.intermodal.com.br\/pt\/home.html\" target=\"_blank\" class=\"btn btn-inverse\">Saiba mais<\/a>\n\t\t\t\t\t<\/p>\n\t\t\t\t<\/div>\n\t\t\t<\/div>\n\t\t<\/div>\n\n\n\t\t<div class=\"col-xs-12 col-sm-12 col-md-4 col-lg-4\">\n\t\t\t<div class=\"card mb-3 card-event\">\n\t\t\t\t\t\t\t\t\t<img loading=\"lazy\" decoding=\"async\" width=\"917\" height=\"543\" src=\"https:\/\/investinalentejo.pt\/pt\/wp-content\/uploads\/2022\/12\/15-expo-dubai.png\" class=\"card-img-top mb-3 wp-post-image\" alt=\"Expo Dubai\" \/>\t\t\t\t\n\t\t\t\t<div class=\"card-body\">\n\t\t\t\t\t<h3>Expo Dubai<\/h3>\n\t\t\t\t\t<p class=\"local\">Dubai, <\/p>\n\t\t\t\t\t<p>A maior miss\u00e3o de internacionaliza\u00e7\u00e3o do Alentejo reuniu todos os parceiros da iniciativa para promo\u00e7\u00e3o do potencial econ\u00f3mico e de acolher investimento estrangeiro da regi\u00e3o. Durante a semana, realizaram-se reuni\u00f5es e apresenta\u00e7\u00f5es estrat\u00e9gicas com o objetivo de desenvolver economicamente o Alentejo.<\/p>\n\t\t\t\t\t<p class=\"url\">\n\t\t\t\t\t\t<a href=\"https:\/\/www.linkedin.com\/company\/invest-in-alentejo\/\" target=\"_blank\" class=\"btn btn-inverse\">Saiba mais<\/a>\n\t\t\t\t\t<\/p>\n\t\t\t\t<\/div>\n\t\t\t<\/div>\n\t\t<\/div>\n\n\n\t\t<div class=\"col-xs-12 col-sm-12 col-md-4 col-lg-4\">\n\t\t\t<div class=\"card mb-3 card-event\">\n\t\t\t\t\t\t\t\t\t<img loading=\"lazy\" decoding=\"async\" width=\"917\" height=\"543\" src=\"https:\/\/investinalentejo.pt\/pt\/wp-content\/uploads\/2022\/12\/16-sines-tech.png\" class=\"card-img-top mb-3 wp-post-image\" alt=\"Encontros na ZILS: Sines Tech, EU-Atlantic Data Gateway Platform\" \/>\t\t\t\t\n\t\t\t\t<div class=\"card-body\">\n\t\t\t\t\t<h3>Encontros na ZILS: Sines Tech, EU-Atlantic Data Gateway Platform<\/h3>\n\t\t\t\t\t<p class=\"local\">Sines, <\/p>\n\t\t\t\t\t<p>Confer\u00eancia promovida pela aicep Global Parques e pela ADRAL &#8211; Ag\u00eancia de Desenvolvimento Regional do Alentejo para apresenta\u00e7\u00e3o de diversos projetos a ter lugar em Sines no \u00e2mbito do digital.<\/p>\n\t\t\t\t\t<p class=\"url\">\n\t\t\t\t\t\t<a href=\"https:\/\/globalparques.pt\/noticias\/encontros-na-zils-sines-tech-eu-atlantic-data-gateway-platform\/\" target=\"_blank\" class=\"btn btn-inverse\">Saiba mais<\/a>\n\t\t\t\t\t<\/p>\n\t\t\t\t<\/div>\n\t\t\t<\/div>\n\t\t<\/div>\n\n\n\t\t<div class=\"col-xs-12 col-sm-12 col-md-4 col-lg-4\">\n\t\t\t<div class=\"card mb-3 card-event\">\n\t\t\t\t\t\t\t\t\t<img loading=\"lazy\" decoding=\"async\" width=\"917\" height=\"542\" src=\"https:\/\/investinalentejo.pt\/pt\/wp-content\/uploads\/2022\/12\/17-energia-sul.png\" class=\"card-img-top mb-3 wp-post-image\" alt=\"Encontros na ZILS: Energia Sul\" \/>\t\t\t\t\n\t\t\t\t<div class=\"card-body\">\n\t\t\t\t\t<h3>Encontros na ZILS: Energia Sul<\/h3>\n\t\t\t\t\t<p class=\"local\">Sines, <\/p>\n\t\t\t\t\t<p>Promo\u00e7\u00e3o de confer\u00eancia, em parceria com a aicep Global Parques, para apresentar as vantagens competitivas de Sines como o hub energ\u00e9tico nacional.<\/p>\n\t\t\t\t\t<p class=\"url\">\n\t\t\t\t\t\t<a href=\"https:\/\/www.linkedin.com\/company\/invest-in-alentejo\/\" target=\"_blank\" class=\"btn btn-inverse\">Saiba mais<\/a>\n\t\t\t\t\t<\/p>\n\t\t\t\t<\/div>\n\t\t\t<\/div>\n\t\t<\/div>\n\n\n\t\t<div class=\"col-xs-12 col-sm-12 col-md-4 col-lg-4\">\n\t\t\t<div class=\"card mb-3 card-event\">\n\t\t\t\t\t\t\t\t\t<img loading=\"lazy\" decoding=\"async\" width=\"917\" height=\"543\" src=\"https:\/\/investinalentejo.pt\/pt\/wp-content\/uploads\/2022\/12\/18-dubai-air-show-2021.png\" class=\"card-img-top mb-3 wp-post-image\" alt=\"Dubai Air Show\" \/>\t\t\t\t\n\t\t\t\t<div class=\"card-body\">\n\t\t\t\t\t<h3>Dubai Air Show<\/h3>\n\t\t\t\t\t<p class=\"local\">Dubai, <\/p>\n\t\t\t\t\t<p>Promo\u00e7\u00e3o do cluster aeron\u00e1utico de Ponte de Sor no Dubai Air Show, em parceria com o Munic\u00edpio de Ponte de Sor.<\/p>\n\t\t\t\t\t<p class=\"url\">\n\t\t\t\t\t\t<a href=\"https:\/\/www.dubaiairshow.aero\/\" target=\"_blank\" class=\"btn btn-inverse\">Saiba mais<\/a>\n\t\t\t\t\t<\/p>\n\t\t\t\t<\/div>\n\t\t\t<\/div>\n\t\t<\/div>\n\n\n\t\t<div class=\"col-xs-12 col-sm-12 col-md-4 col-lg-4\">\n\t\t\t<div class=\"card mb-3 card-event\">\n\t\t\t\t\t\t\t\t\t<img loading=\"lazy\" decoding=\"async\" width=\"917\" height=\"543\" src=\"https:\/\/investinalentejo.pt\/pt\/wp-content\/uploads\/2022\/12\/19-capacity-europe-2021.png\" class=\"card-img-top mb-3 wp-post-image\" alt=\"Capacity Europe 2021\" \/>\t\t\t\t\n\t\t\t\t<div class=\"card-body\">\n\t\t\t\t\t<h3>Capacity Europe 2021<\/h3>\n\t\t\t\t\t<p class=\"local\">Londres, <\/p>\n\t\t\t\t\t<p>Presen\u00e7a na maior cimeira de redes e telecomunica\u00e7\u00f5es da Europa, Capacity Europe, para promo\u00e7\u00e3o de Sines, em parceria com a aicep Global Parques.<\/p>\n\t\t\t\t\t<p class=\"url\">\n\t\t\t\t\t\t<a href=\"https:\/\/www.capacitymedia.com\/\" target=\"_blank\" class=\"btn btn-inverse\">Saiba mais<\/a>\n\t\t\t\t\t<\/p>\n\t\t\t\t<\/div>\n\t\t\t<\/div>\n\t\t<\/div>\n\n\n\t\t<div class=\"col-xs-12 col-sm-12 col-md-4 col-lg-4\">\n\t\t\t<div class=\"card mb-3 card-event\">\n\t\t\t\t\t\t\t\t\t<img loading=\"lazy\" decoding=\"async\" width=\"917\" height=\"542\" src=\"https:\/\/investinalentejo.pt\/pt\/wp-content\/uploads\/2022\/12\/20-portugal-air-summit-2021.png\" class=\"card-img-top mb-3 wp-post-image\" alt=\"Portugal Air Summit 2021\" \/>\t\t\t\t\n\t\t\t\t<div class=\"card-body\">\n\t\t\t\t\t<h3>Portugal Air Summit 2021<\/h3>\n\t\t\t\t\t<p class=\"local\">Ponte de Sor, <\/p>\n\t\t\t\t\t<p>Presen\u00e7a na maior cimeira aeron\u00e1utica da Pen\u00ednsula Ib\u00e9rica, organizada pelo nosso parceiro, o Munic\u00edpio de Ponte de Sor, que re\u00fane os principais players do setor e promove o cluster da regi\u00e3o.<\/p>\n\t\t\t\t\t<p class=\"url\">\n\t\t\t\t\t\t<a href=\"https:\/\/portugalairsummit.pt\/\" target=\"_blank\" class=\"btn btn-inverse\">Saiba mais<\/a>\n\t\t\t\t\t<\/p>\n\t\t\t\t<\/div>\n\t\t\t<\/div>\n\t\t<\/div>\n\n\n\t\t<div class=\"col-xs-12 col-sm-12 col-md-4 col-lg-4\">\n\t\t\t<div class=\"card mb-3 card-event\">\n\t\t\t\t\t\t\t\t\t<img loading=\"lazy\" decoding=\"async\" width=\"917\" height=\"542\" src=\"https:\/\/investinalentejo.pt\/pt\/wp-content\/uploads\/2022\/12\/21-submarine-networks.png\" class=\"card-img-top mb-3 wp-post-image\" alt=\"SubMarine Networks 2021\" \/>\t\t\t\t\n\t\t\t\t<div class=\"card-body\">\n\t\t\t\t\t<h3>SubMarine Networks 2021<\/h3>\n\t\t\t\t\t<p class=\"local\">Londres, <\/p>\n\t\t\t\t\t<p>Presen\u00e7a na SubMarine Networks 2021, atrav\u00e9s do parceiro aicep Global Parques, para promo\u00e7\u00e3o de Sines como ponto estrat\u00e9gico para o setor digital.<\/p>\n\t\t\t\t\t<p class=\"url\">\n\t\t\t\t\t\t<a href=\"https:\/\/www.terrapinn.com\/conference\/submarine-networks-world-europe\/index.stm\" target=\"_blank\" class=\"btn btn-inverse\">Saiba mais<\/a>\n\t\t\t\t\t<\/p>\n\t\t\t\t<\/div>\n\t\t\t<\/div>\n\t\t<\/div>\n\n\n\t\t<div class=\"col-xs-12 col-sm-12 col-md-4 col-lg-4\">\n\t\t\t<div class=\"card mb-3 card-event\">\n\t\t\t\t\t\t\t\t\t<img loading=\"lazy\" decoding=\"async\" width=\"917\" height=\"543\" src=\"https:\/\/investinalentejo.pt\/pt\/wp-content\/uploads\/2022\/12\/22-fitur.png\" class=\"card-img-top mb-3 wp-post-image\" alt=\"FITUR 2021\" \/>\t\t\t\t\n\t\t\t\t<div class=\"card-body\">\n\t\t\t\t\t<h3>FITUR 2021<\/h3>\n\t\t\t\t\t<p class=\"local\">Madrid, <\/p>\n\t\t\t\t\t<p>Presen\u00e7a num dos principais eventos do setor do turismo a n\u00edvel mundial para promover a oferta tur\u00edstica do Alentejo, em parceria com a ARPTA.<\/p>\n\t\t\t\t\t<p class=\"url\">\n\t\t\t\t\t\t<a href=\"https:\/\/www.ifema.es\/en\/fitur\" target=\"_blank\" class=\"btn btn-inverse\">Saiba mais<\/a>\n\t\t\t\t\t<\/p>\n\t\t\t\t<\/div>\n\t\t\t<\/div>\n\t\t<\/div>\n\n\n\t\t<div class=\"col-xs-12 col-sm-12 col-md-4 col-lg-4\">\n\t\t\t<div class=\"card mb-3 card-event\">\n\t\t\t\t\t\t\t\t\t<img loading=\"lazy\" decoding=\"async\" width=\"917\" height=\"543\" src=\"https:\/\/investinalentejo.pt\/pt\/wp-content\/uploads\/2022\/12\/23-futuro-paris-air-show.png\" class=\"card-img-top mb-3 wp-post-image\" alt=\"Paris Air Show 2023\" \/>\t\t\t\t\n\t\t\t\t<div class=\"card-body\">\n\t\t\t\t\t<h3>Paris Air Show 2023<\/h3>\n\t\t\t\t\t<p class=\"local\">Paris, <\/p>\n\t\t\t\t\t\t\t\t\t\t<p class=\"url\">\n\t\t\t\t\t\t<a href=\"https:\/\/www.siae.fr\/\" target=\"_blank\" class=\"btn btn-inverse\">Saiba mais<\/a>\n\t\t\t\t\t<\/p>\n\t\t\t\t<\/div>\n\t\t\t<\/div>\n\t\t<\/div>\n\n\n\t\t<div class=\"col-xs-12 col-sm-12 col-md-4 col-lg-4\">\n\t\t\t<div class=\"card mb-3 card-event\">\n\t\t\t\t\t\t\t\t\t<img loading=\"lazy\" decoding=\"async\" width=\"1024\" height=\"768\" src=\"https:\/\/investinalentejo.pt\/pt\/wp-content\/uploads\/2023\/08\/1--bruxelas.jpg\" class=\"card-img-top mb-3 wp-post-image\" alt=\"Refor\u00e7o da presen\u00e7a do Alentejo no cora\u00e7\u00e3o da Uni\u00e3o Europeia: 1\u00aa miss\u00e3o a Bruxelas\" srcset=\"https:\/\/investinalentejo.pt\/pt\/wp-content\/uploads\/2023\/08\/1--bruxelas.jpg 1024w, https:\/\/investinalentejo.pt\/pt\/wp-content\/uploads\/2023\/08\/1--bruxelas-300x225.jpg 300w, https:\/\/investinalentejo.pt\/pt\/wp-content\/uploads\/2023\/08\/1--bruxelas-768x576.jpg 768w\" sizes=\"auto, (max-width: 1024px) 100vw, 1024px\" \/>\t\t\t\t\n\t\t\t\t<div class=\"card-body\">\n\t\t\t\t\t<h3>Refor\u00e7o da presen\u00e7a do Alentejo no cora\u00e7\u00e3o da Uni\u00e3o Europeia: 1\u00aa miss\u00e3o a Bruxelas<\/h3>\n\t\t\t\t\t<p class=\"local\">Bruxelas, <\/p>\n\t\t\t\t\t<p>\ud835\uddd7\ud835\uddee\ud835\uddfb\ud835\uddf6\ud835\uddf2\ud835\uddf9 \ud835\udddd\ud835\uddee\ud835\uddfb\ud835\uddf2\ud835\uddf6\ud835\uddff\ud835\uddfc, Coordenador do Projeto Invest in Alentejo, concluiu a primeira miss\u00e3o de trabalhos preparat\u00f3rios no sentido de refor\u00e7ar a presen\u00e7a do Alentejo no cora\u00e7\u00e3o da Uni\u00e3o Europeia, junto da \ud835\uddd8\ud835\uddfa\ud835\uddef\ud835\uddee\ud835\uddf6\ud835\ude05\ud835\uddee\ud835\uddf1\ud835\uddee \ud835\uddf1\ud835\uddf2 \ud835\udde3\ud835\uddfc\ud835\uddff\ud835\ude01\ud835\ude02\ud835\uddf4\ud835\uddee\ud835\uddf9 \ud835\uddf2\ud835\uddfa \ud835\uddd5\ud835\uddff\ud835\ude02\ud835\ude05\ud835\uddf2\ud835\uddf9\ud835\uddee\ud835\ude00 e da aicep Portugal Global.<\/p>\n\t\t\t\t\t<p class=\"url\">\n\t\t\t\t\t\t<a href=\"https:\/\/www.facebook.com\/investinalentejobyadral\/posts\/pfbid0eDJDsNo85nJrv4LwfxcXwWk7o2YnM2y3wWJffeZp5At2te5BVDjy1dgjdDXmxGbTl\" target=\"_blank\" class=\"btn btn-inverse\">Saiba mais<\/a>\n\t\t\t\t\t<\/p>\n\t\t\t\t<\/div>\n\t\t\t<\/div>\n\t\t<\/div>\n\n\n\t\t<div class=\"col-xs-12 col-sm-12 col-md-4 col-lg-4\">\n\t\t\t<div class=\"card mb-3 card-event\">\n\t\t\t\t\t\t\t\t\t<img loading=\"lazy\" decoding=\"async\" width=\"1024\" height=\"768\" src=\"https:\/\/investinalentejo.pt\/pt\/wp-content\/uploads\/2023\/08\/2--submarine-networks-1024x768.jpg\" class=\"card-img-top mb-3 wp-post-image\" alt=\"Submarine Networks EMEA\" srcset=\"https:\/\/investinalentejo.pt\/pt\/wp-content\/uploads\/2023\/08\/2--submarine-networks-1024x768.jpg 1024w, https:\/\/investinalentejo.pt\/pt\/wp-content\/uploads\/2023\/08\/2--submarine-networks-300x225.jpg 300w, https:\/\/investinalentejo.pt\/pt\/wp-content\/uploads\/2023\/08\/2--submarine-networks-768x576.jpg 768w, https:\/\/investinalentejo.pt\/pt\/wp-content\/uploads\/2023\/08\/2--submarine-networks-1536x1152.jpg 1536w, https:\/\/investinalentejo.pt\/pt\/wp-content\/uploads\/2023\/08\/2--submarine-networks.jpg 1600w\" sizes=\"auto, (max-width: 1024px) 100vw, 1024px\" \/>\t\t\t\t\n\t\t\t\t<div class=\"card-body\">\n\t\t\t\t\t<h3>Submarine Networks EMEA<\/h3>\n\t\t\t\t\t<p class=\"local\">Londres, <\/p>\n\t\t\t\t\t<p>Promo\u00e7\u00e3o do Sines Tech &#8211; Innovation &amp; Data Center Hub junto das principais empresas tecnol\u00f3gicas do mundo, em parceria com a aicep Global Parques, a EllaLink e o Start Campus.<\/p>\n\t\t\t\t\t<p class=\"url\">\n\t\t\t\t\t\t<a href=\"https:\/\/www.submarinenetworks.com\/en\/events\/submarine-networks-emea\" target=\"_blank\" class=\"btn btn-inverse\">Saiba mais<\/a>\n\t\t\t\t\t<\/p>\n\t\t\t\t<\/div>\n\t\t\t<\/div>\n\t\t<\/div>\n\n\n\t\t<div class=\"col-xs-12 col-sm-12 col-md-4 col-lg-4\">\n\t\t\t<div class=\"card mb-3 card-event\">\n\t\t\t\t\t\t\t\t\t<img loading=\"lazy\" decoding=\"async\" width=\"1024\" height=\"768\" src=\"https:\/\/investinalentejo.pt\/pt\/wp-content\/uploads\/2023\/08\/3--transport-logistic-1024x768.jpg\" class=\"card-img-top mb-3 wp-post-image\" alt=\"Transport Logistic 2023\" srcset=\"https:\/\/investinalentejo.pt\/pt\/wp-content\/uploads\/2023\/08\/3--transport-logistic-1024x768.jpg 1024w, https:\/\/investinalentejo.pt\/pt\/wp-content\/uploads\/2023\/08\/3--transport-logistic-300x225.jpg 300w, https:\/\/investinalentejo.pt\/pt\/wp-content\/uploads\/2023\/08\/3--transport-logistic-768x576.jpg 768w, https:\/\/investinalentejo.pt\/pt\/wp-content\/uploads\/2023\/08\/3--transport-logistic-1536x1152.jpg 1536w, https:\/\/investinalentejo.pt\/pt\/wp-content\/uploads\/2023\/08\/3--transport-logistic.jpg 1600w\" sizes=\"auto, (max-width: 1024px) 100vw, 1024px\" \/>\t\t\t\t\n\t\t\t\t<div class=\"card-body\">\n\t\t\t\t\t<h3>Transport Logistic 2023<\/h3>\n\t\t\t\t\t<p class=\"local\">Munique, <\/p>\n\t\t\t\t\t<p>Promo\u00e7\u00e3o das vantagens estrat\u00e9gicas da ZILS e da regi\u00e3o do Alentejo para o acolhimento de empresas do setor log\u00edstico, numa miss\u00e3o em parceria com a aicep Global Parques.<\/p>\n\t\t\t\t\t<p class=\"url\">\n\t\t\t\t\t\t<a href=\"https:\/\/transportlogistic.de\/en\" target=\"_blank\" class=\"btn btn-inverse\">Saiba mais<\/a>\n\t\t\t\t\t<\/p>\n\t\t\t\t<\/div>\n\t\t\t<\/div>\n\t\t<\/div>\n\n\n\t\t<div class=\"col-xs-12 col-sm-12 col-md-4 col-lg-4\">\n\t\t\t<div class=\"card mb-3 card-event\">\n\t\t\t\t\t\t\t\t\t<img loading=\"lazy\" decoding=\"async\" width=\"1024\" height=\"768\" src=\"https:\/\/investinalentejo.pt\/pt\/wp-content\/uploads\/2023\/08\/4--intermodal.jpg\" class=\"card-img-top mb-3 wp-post-image\" alt=\"Intermodal South America 2023\" srcset=\"https:\/\/investinalentejo.pt\/pt\/wp-content\/uploads\/2023\/08\/4--intermodal.jpg 1024w, https:\/\/investinalentejo.pt\/pt\/wp-content\/uploads\/2023\/08\/4--intermodal-300x225.jpg 300w, https:\/\/investinalentejo.pt\/pt\/wp-content\/uploads\/2023\/08\/4--intermodal-768x576.jpg 768w\" sizes=\"auto, (max-width: 1024px) 100vw, 1024px\" \/>\t\t\t\t\n\t\t\t\t<div class=\"card-body\">\n\t\t\t\t\t<h3>Intermodal South America 2023<\/h3>\n\t\t\t\t\t<p class=\"local\">S\u00e3o Paulo, <\/p>\n\t\t\t\t\t<p>Participa\u00e7\u00e3o num dos eventos de destaque para o setor da log\u00edstica, com\u00e9rcio exterior e transporte mundial, em parceria com a aicep Global Parques e a APS &#8211; Administra\u00e7\u00e3o dos Portos de Sines e do Algarve.<\/p>\n\t\t\t\t\t<p class=\"url\">\n\t\t\t\t\t\t<a href=\"https:\/\/www.intermodal.com.br\/en\/home.html\" target=\"_blank\" class=\"btn btn-inverse\">Saiba mais<\/a>\n\t\t\t\t\t<\/p>\n\t\t\t\t<\/div>\n\t\t\t<\/div>\n\t\t<\/div>\n\n\n\t\t<div class=\"col-xs-12 col-sm-12 col-md-4 col-lg-4\">\n\t\t\t<div class=\"card mb-3 card-event\">\n\t\t\t\t\t\t\t\t\t<img loading=\"lazy\" decoding=\"async\" width=\"1024\" height=\"1024\" src=\"https:\/\/investinalentejo.pt\/pt\/wp-content\/uploads\/2023\/08\/5--fruit-logistica-1024x1024.jpg\" class=\"card-img-top mb-3 wp-post-image\" alt=\"Fruit Logistica 2023\" srcset=\"https:\/\/investinalentejo.pt\/pt\/wp-content\/uploads\/2023\/08\/5--fruit-logistica-1024x1024.jpg 1024w, https:\/\/investinalentejo.pt\/pt\/wp-content\/uploads\/2023\/08\/5--fruit-logistica-300x300.jpg 300w, https:\/\/investinalentejo.pt\/pt\/wp-content\/uploads\/2023\/08\/5--fruit-logistica-150x150.jpg 150w, https:\/\/investinalentejo.pt\/pt\/wp-content\/uploads\/2023\/08\/5--fruit-logistica-768x768.jpg 768w, https:\/\/investinalentejo.pt\/pt\/wp-content\/uploads\/2023\/08\/5--fruit-logistica-125x125.jpg 125w, https:\/\/investinalentejo.pt\/pt\/wp-content\/uploads\/2023\/08\/5--fruit-logistica.jpg 1200w\" sizes=\"auto, (max-width: 1024px) 100vw, 1024px\" \/>\t\t\t\t\n\t\t\t\t<div class=\"card-body\">\n\t\t\t\t\t<h3>Fruit Logistica 2023<\/h3>\n\t\t\t\t\t<p class=\"local\">Berlim, <\/p>\n\t\t\t\t\t<p>Promo\u00e7\u00e3o das vantagens do Porto de Sines para a exporta\u00e7\u00e3o de produtos frut\u00edcolas e benchmarking dos portos concorrentes neste segmento de carga, em parceria com a APS &#8211; Administra\u00e7\u00e3o dos Portos de Sines e do Algarve e com a CPLS &#8211; Comunidade Portu\u00e1ria e Log\u00edstica de Sines.<\/p>\n\t\t\t\t\t<p class=\"url\">\n\t\t\t\t\t\t<a href=\"https:\/\/www.fruitlogistica.com\/en\/\" target=\"_blank\" class=\"btn btn-inverse\">Saiba mais<\/a>\n\t\t\t\t\t<\/p>\n\t\t\t\t<\/div>\n\t\t\t<\/div>\n\t\t<\/div>\n\n\t<\/div>\n\n<\/div>\n\t\t\t\t<\/div>\n\t\t\t\t<\/div>\n\t\t\t\t\t<\/div>\n\t\t<\/div>\n\t\t\t\t\t\t\t<\/div>\n\t\t<\/section>\n\t\t\t\t<section class=\"elementor-section elementor-top-section elementor-element elementor-element-d8384d9 elementor-section-stretched elementor-section-boxed elementor-section-height-default elementor-section-height-default\" data-id=\"d8384d9\" data-element_type=\"section\" data-settings=\"{&quot;stretch_section&quot;:&quot;section-stretched&quot;,&quot;background_background&quot;:&quot;classic&quot;}\">\n\t\t\t\t\t\t<div class=\"elementor-container elementor-column-gap-default\">\n\t\t\t\t\t<div class=\"elementor-column elementor-col-100 elementor-top-column elementor-element elementor-element-11a2857\" data-id=\"11a2857\" data-element_type=\"column\">\n\t\t\t<div class=\"elementor-widget-wrap elementor-element-populated\">\n\t\t\t\t\t\t\t\t<div class=\"elementor-element elementor-element-746d5a5 elementor-widget elementor-widget-heading\" data-id=\"746d5a5\" data-element_type=\"widget\" data-widget_type=\"heading.default\">\n\t\t\t\t<div class=\"elementor-widget-container\">\n\t\t\t<h3 class=\"elementor-heading-title elementor-size-default\">Pr\u00f3ximas miss\u00f5es<\/h3>\t\t<\/div>\n\t\t\t\t<\/div>\n\t\t\t\t<div class=\"elementor-element elementor-element-a469d96 elementor-widget elementor-widget-shortcode\" data-id=\"a469d96\" data-element_type=\"widget\" data-widget_type=\"shortcode.default\">\n\t\t\t\t<div class=\"elementor-widget-container\">\n\t\t\t\t\t<div class=\"elementor-shortcode\">\n\t<div class=\"row\">\n\n\t<\/div>\n\n<\/div>\n\t\t\t\t<\/div>\n\t\t\t\t<\/div>\n\t\t\t\t\t<\/div>\n\t\t<\/div>\n\t\t\t\t\t\t\t<\/div>\n\t\t<\/section>\n\t\t\t\t\t\t\t<\/div>\n\t\t","protected":false},"excerpt":{"rendered":"<p>Entre nesta miss\u00e3o Miss\u00f5es anteriores Pr\u00f3ximas miss\u00f5es<\/p>\n","protected":false},"author":1,"featured_media":720,"parent":218,"menu_order":1,"comment_status":"closed","ping_status":"closed","template":"","meta":{"footnotes":""},"class_list":["post-719","page","type-page","status-publish","has-post-thumbnail","hentry"],"acf":[],"_links":{"self":[{"href":"https:\/\/investinalentejo.pt\/pt\/wp-json\/wp\/v2\/pages\/719","targetHints":{"allow":["GET"]}}],"collection":[{"href":"https:\/\/investinalentejo.pt\/pt\/wp-json\/wp\/v2\/pages"}],"about":[{"href":"https:\/\/investinalentejo.pt\/pt\/wp-json\/wp\/v2\/types\/page"}],"author":[{"embeddable":true,"href":"https:\/\/investinalentejo.pt\/pt\/wp-json\/wp\/v2\/users\/1"}],"replies":[{"embeddable":true,"href":"https:\/\/investinalentejo.pt\/pt\/wp-json\/wp\/v2\/comments?post=719"}],"version-history":[{"count":19,"href":"https:\/\/investinalentejo.pt\/pt\/wp-json\/wp\/v2\/pages\/719\/revisions"}],"predecessor-version":[{"id":918,"href":"https:\/\/investinalentejo.pt\/pt\/wp-json\/wp\/v2\/pages\/719\/revisions\/918"}],"up":[{"embeddable":true,"href":"https:\/\/investinalentejo.pt\/pt\/wp-json\/wp\/v2\/pages\/218"}],"wp:featuredmedia":[{"embeddable":true,"href":"https:\/\/investinalentejo.pt\/pt\/wp-json\/wp\/v2\/media\/720"}],"wp:attachment":[{"href":"https:\/\/investinalentejo.pt\/pt\/wp-json\/wp\/v2\/media?parent=719"}],"curies":[{"name":"wp","href":"https:\/\/api.w.org\/{rel}","templated":true}]}}